{"id":18934,"date":"2025-09-09T00:30:53","date_gmt":"2025-09-08T22:30:53","guid":{"rendered":"https:\/\/alinvest-verde.eu\/?post_type=mec-events&#038;p=18934"},"modified":"2025-09-13T18:46:19","modified_gmt":"2025-09-13T16:46:19","slug":"webinar-acciones-por-la-sostenibilidad-lideradas-por-mujeres","status":"publish","type":"mec-events","link":"https:\/\/alinvest-verde.eu\/en_gb\/agenda-verde\/webinar-acciones-por-la-sostenibilidad-lideradas-por-mujeres\/","title":{"rendered":"Webinar: Women-led actions for sustainability"},"content":{"rendered":"<p class=\"wp-block-paragraph\">In the framework of the programme <strong>AL-INVEST Verde<\/strong>and in collaboration with the <strong>International Chamber of Commerce (ICC)<\/strong>the webinar will be held <strong>\"Actions for sustainability led by women\".<\/strong>with the aim of highlighting the fundamental role of women in promoting environmental and social sustainability in Latin America.<\/p>\n\n\n\n<p class=\"wp-block-paragraph\">The purpose of this event is to:<\/p>\n\n\n\n<ul class=\"wp-block-list\">\n<li>To make visible and promote initiatives led by women that promote sustainability in the region.<\/li>\n\n\n\n<li>To foster dialogue and knowledge exchange between women leaders, entrepreneurs and institutions committed to sustainable development.<\/li>\n\n\n\n<li>Promote inclusive and gender-sensitive approaches to green transition strategies and sustainable business practices.<\/li>\n<\/ul>\n\n\n\n<p class=\"wp-block-paragraph\">The webinar is aimed at organisations implementing projects under Component 1 of the AL-INVEST Verde programme; representatives of SMEs, micro-enterprises and small producers; representatives of public sector and development institutions with expertise in gender, environment and sustainable production policies; as well as consultants and specialists in gender equality, sustainable development and green economy.<\/p>\n\n\n\n<p class=\"wp-block-paragraph\"><strong>Event details:<\/strong><\/p>\n\n\n\n<ul class=\"wp-block-list\">\n<li><strong>Date:<\/strong> 18 September 2025<\/li>\n\n\n\n<li><strong>Time:<\/strong> 16:30 (CET)<\/li>\n\n\n\n<li><strong>Format:<\/strong> <em>streaming <\/em><\/li>\n\n\n\n<li><strong>Simultaneous interpreting:<\/strong> Portuguese and English <\/li>\n<\/ul>\n\n\n\n<div class=\"wp-block-buttons is-layout-flex wp-block-buttons-is-layout-flex\">\n<div class=\"wp-block-button\"><a class=\"wp-block-button__link has-luminous-vivid-amber-background-color has-background wp-element-button\" href=\"https:\/\/docs.google.com\/forms\/d\/e\/1FAIpQLSebLAGrqBmfcDeqhIFmjSfFlGjiwuP6Vc12EAf17kmuHMS2Qg\/viewform?usp=header\">Register here<\/a><\/div>\n<\/div>\n\n\n\n<p class=\"wp-block-paragraph\">This space seeks to contribute to capacity building, the exchange of experiences and the promotion of a green transition with a gender perspective in Latin America.<\/p>\n\n\n\n<p class=\"wp-block-paragraph\"><strong>Agenda:<\/strong><\/p>\n\n\n\n<p class=\"wp-block-paragraph\"><strong>Institutional welcome<\/strong><\/p>\n\n\n\n<ul class=\"wp-block-list\">\n<li><strong>16:30 - 16:35<\/strong> Welcome<\/li>\n\n\n\n<li><strong>16:35 - 16:40<\/strong> Brief introduction to the AL-INVEST Verde programme and its approach to sustainability and gender, <em>Irene Haddad<\/em>, <em>team leader of the AL-INVEST Verde programme<\/em><\/li>\n\n\n\n<li><strong>16:40 - 16:45<\/strong> Presentation of the ICC Entrepreneurship Centre and its current focus on sustainability and gender, <em>Catherine Foster<\/em>, <em>ICC Entrepreneurship Centre Global Leader<\/em><\/li>\n<\/ul>\n\n\n\n<p class=\"wp-block-paragraph\"><strong>Feature presentation: Supporting women in sustainable business<\/strong><\/p>\n\n\n\n<ul class=\"wp-block-list\">\n<li><strong>16:45 - 17:00<\/strong> Overview of the current CCI programme: <em>Developing effective women's entrepreneurship programmes<\/em>, <em>Catherine Foster<\/em>Global Leader of the ICC Centre for Entrepreneurship<\/li>\n\n\n\n<li><strong>5:00 p.m. \u2013 5:15 p.m. <\/strong>Actions to address gender challenges, <em>Patrizia Laplana, Board member of Women Action Sustainability. <\/em><\/li>\n<\/ul>\n\n\n\n<p class=\"wp-block-paragraph\"><strong>Exchange of women leaders' initiatives<\/strong><\/p>\n\n\n\n<div class=\"wp-block-group is-vertical is-layout-flex wp-container-core-group-is-layout-2c90304e wp-block-group-is-layout-flex\">\n<ul class=\"wp-block-list\">\n<li><strong>5:15 p.m. \u2013 5:25 p.m.<\/strong> ARABICA project and its gender management, <em>Ana Moraes Coelho, Project Manager - Getulio Vargas Foundation<\/em><\/li>\n\n\n\n<li><strong>17:25 - 17:40<\/strong> Beneficiary company, within the framework of the AL-INVEST Verde programme, which has incorporated gender criteria in its processes, generating positive results, <em>Eliani Barbosa<\/em>, <em>Executive Director of the Cooperativa de Caficultores del Cerrado de Araguari y Regi\u00f3n Ltda. - COOCACER<\/em><\/li>\n<\/ul>\n<\/div>\n\n\n\n<p class=\"wp-block-paragraph\"><strong>Question Time <\/strong><\/p>\n\n\n\n<ul class=\"wp-block-list\">\n<li><strong>17:40- 18:00<\/strong> Moderate interaction to answer questions (via chat)<\/li>\n<\/ul>\n\n\n\n<p class=\"wp-block-paragraph\"><\/p>","protected":false},"excerpt":{"rendered":"<p>En el marco del programa AL-INVEST Verde, y en colaboraci\u00f3n con la C\u00e1mara de Comercio Internacional (ICC), se llevar\u00e1 a cabo el webinar &#8220;Acciones por la sostenibilidad lideradas por mujeres&#8221;, con el objetivo de destacar el papel fundamental de las mujeres en la promoci\u00f3n de la sostenibilidad ambiental y social en Am\u00e9rica Latina. Este evento [&hellip;]<\/p>\n","protected":false},"author":4,"featured_media":18982,"comment_status":"closed","ping_status":"closed","template":"","tags":[],"mec_category":[],"class_list":["post-18934","mec-events","type-mec-events","status-publish","has-post-thumbnail","hentry"],"yoast_head":"<!-- This site is optimized with the Yoast SEO plugin v28.4 - https:\/\/yoast.com\/product\/yoast-seo-wordpress\/ -->\n<title>Webinar: Acciones por la sostenibilidad lideradas por mujeres - Programme AL-INVEST Verde<\/title>\n<meta name=\"robots\" content=\"index, follow, max-snippet:-1, max-image-preview:large, max-video-preview:-1\" \/>\n<link rel=\"canonical\" href=\"https:\/\/alinvest-verde.eu\/en_gb\/agenda-verde\/webinar-acciones-por-la-sostenibilidad-lideradas-por-mujeres\/\" \/>\n<meta property=\"og:locale\" content=\"en_GB\" \/>\n<meta property=\"og:type\" content=\"article\" \/>\n<meta property=\"og:title\" content=\"Webinar: Acciones por la sostenibilidad lideradas por mujeres - Programme AL-INVEST Verde\" \/>\n<meta property=\"og:description\" content=\"En el marco del programa AL-INVEST Verde, y en colaboraci\u00f3n con la C\u00e1mara de Comercio Internacional (ICC), se llevar\u00e1 a cabo el webinar &#8220;Acciones por la sostenibilidad lideradas por mujeres&#8221;, con el objetivo de destacar el papel fundamental de las mujeres en la promoci\u00f3n de la sostenibilidad ambiental y social en Am\u00e9rica Latina. Este evento [&hellip;]\" \/>\n<meta property=\"og:url\" content=\"https:\/\/alinvest-verde.eu\/en_gb\/agenda-verde\/webinar-acciones-por-la-sostenibilidad-lideradas-por-mujeres\/\" \/>\n<meta property=\"og:site_name\" content=\"Programme AL-INVEST Verde\" \/>\n<meta property=\"article:modified_time\" content=\"2025-09-13T16:46:19+00:00\" \/>\n<meta property=\"og:image\" content=\"https:\/\/alinvest-verde.eu\/wp-content\/uploads\/2025\/09\/Amarillo-Marron-Luz-de-Escenario-Estetico-Cantante-Transmision-en-Vivo-Portada-para-Facebook-3.jpg\" \/>\n\t<meta property=\"og:image:width\" content=\"1640\" \/>\n\t<meta property=\"og:image:height\" content=\"924\" \/>\n\t<meta property=\"og:image:type\" content=\"image\/jpeg\" \/>\n<meta name=\"twitter:card\" content=\"summary_large_image\" \/>\n<meta name=\"twitter:label1\" content=\"Estimated reading time\" \/>\n\t<meta name=\"twitter:data1\" content=\"3 minutes\" \/>\n<script type=\"application\/ld+json\" class=\"yoast-schema-graph\">{\"@context\":\"https:\\\/\\\/schema.org\",\"@graph\":[{\"@type\":\"WebPage\",\"@id\":\"https:\\\/\\\/alinvest-verde.eu\\\/agenda-verde\\\/webinar-acciones-por-la-sostenibilidad-lideradas-por-mujeres\\\/\",\"url\":\"https:\\\/\\\/alinvest-verde.eu\\\/agenda-verde\\\/webinar-acciones-por-la-sostenibilidad-lideradas-por-mujeres\\\/\",\"name\":\"Webinar: Acciones por la sostenibilidad lideradas por mujeres - Programme AL-INVEST Verde\",\"isPartOf\":{\"@id\":\"https:\\\/\\\/alinvest-verde.eu\\\/#website\"},\"primaryImageOfPage\":{\"@id\":\"https:\\\/\\\/alinvest-verde.eu\\\/agenda-verde\\\/webinar-acciones-por-la-sostenibilidad-lideradas-por-mujeres\\\/#primaryimage\"},\"image\":{\"@id\":\"https:\\\/\\\/alinvest-verde.eu\\\/agenda-verde\\\/webinar-acciones-por-la-sostenibilidad-lideradas-por-mujeres\\\/#primaryimage\"},\"thumbnailUrl\":\"https:\\\/\\\/alinvest-verde.eu\\\/wp-content\\\/uploads\\\/2025\\\/09\\\/Amarillo-Marron-Luz-de-Escenario-Estetico-Cantante-Transmision-en-Vivo-Portada-para-Facebook-3.jpg\",\"datePublished\":\"2025-09-08T22:30:53+00:00\",\"dateModified\":\"2025-09-13T16:46:19+00:00\",\"breadcrumb\":{\"@id\":\"https:\\\/\\\/alinvest-verde.eu\\\/agenda-verde\\\/webinar-acciones-por-la-sostenibilidad-lideradas-por-mujeres\\\/#breadcrumb\"},\"inLanguage\":\"en-GB\",\"potentialAction\":[{\"@type\":\"ReadAction\",\"target\":[\"https:\\\/\\\/alinvest-verde.eu\\\/agenda-verde\\\/webinar-acciones-por-la-sostenibilidad-lideradas-por-mujeres\\\/\"]}]},{\"@type\":\"ImageObject\",\"inLanguage\":\"en-GB\",\"@id\":\"https:\\\/\\\/alinvest-verde.eu\\\/agenda-verde\\\/webinar-acciones-por-la-sostenibilidad-lideradas-por-mujeres\\\/#primaryimage\",\"url\":\"https:\\\/\\\/alinvest-verde.eu\\\/wp-content\\\/uploads\\\/2025\\\/09\\\/Amarillo-Marron-Luz-de-Escenario-Estetico-Cantante-Transmision-en-Vivo-Portada-para-Facebook-3.jpg\",\"contentUrl\":\"https:\\\/\\\/alinvest-verde.eu\\\/wp-content\\\/uploads\\\/2025\\\/09\\\/Amarillo-Marron-Luz-de-Escenario-Estetico-Cantante-Transmision-en-Vivo-Portada-para-Facebook-3.jpg\",\"width\":1640,\"height\":924},{\"@type\":\"BreadcrumbList\",\"@id\":\"https:\\\/\\\/alinvest-verde.eu\\\/agenda-verde\\\/webinar-acciones-por-la-sostenibilidad-lideradas-por-mujeres\\\/#breadcrumb\",\"itemListElement\":[{\"@type\":\"ListItem\",\"position\":1,\"name\":\"Inicio\",\"item\":\"https:\\\/\\\/alinvest-verde.eu\\\/\"},{\"@type\":\"ListItem\",\"position\":2,\"name\":\"Eventos\",\"item\":\"https:\\\/\\\/alinvest-verde.eu\\\/es_es\\\/eventos\\\/\"},{\"@type\":\"ListItem\",\"position\":3,\"name\":\"Webinar: Acciones por la sostenibilidad lideradas por mujeres\"}]},{\"@type\":\"WebSite\",\"@id\":\"https:\\\/\\\/alinvest-verde.eu\\\/#website\",\"url\":\"https:\\\/\\\/alinvest-verde.eu\\\/\",\"name\":\"Programme AL-INVEST Verde\",\"description\":\"Building alliances with the private sector in LA and promote sustainable growth and jobs creation by supporting the transition towards a low-carbon, resource-efficient economy\",\"publisher\":{\"@id\":\"https:\\\/\\\/alinvest-verde.eu\\\/#organization\"},\"potentialAction\":[{\"@type\":\"SearchAction\",\"target\":{\"@type\":\"EntryPoint\",\"urlTemplate\":\"https:\\\/\\\/alinvest-verde.eu\\\/?s={search_term_string}\"},\"query-input\":{\"@type\":\"PropertyValueSpecification\",\"valueRequired\":true,\"valueName\":\"search_term_string\"}}],\"inLanguage\":\"en-GB\"},{\"@type\":\"Organization\",\"@id\":\"https:\\\/\\\/alinvest-verde.eu\\\/#organization\",\"name\":\"Programme AL-INVEST Verde\",\"url\":\"https:\\\/\\\/alinvest-verde.eu\\\/\",\"logo\":{\"@type\":\"ImageObject\",\"inLanguage\":\"en-GB\",\"@id\":\"https:\\\/\\\/alinvest-verde.eu\\\/#\\\/schema\\\/logo\\\/image\\\/\",\"url\":\"https:\\\/\\\/alinvest-verde.eu\\\/wp-content\\\/uploads\\\/2022\\\/01\\\/cropped-logo-financiado-por-la-UE.jpg\",\"contentUrl\":\"https:\\\/\\\/alinvest-verde.eu\\\/wp-content\\\/uploads\\\/2022\\\/01\\\/cropped-logo-financiado-por-la-UE.jpg\",\"width\":756,\"height\":216,\"caption\":\"Programme AL-INVEST Verde\"},\"image\":{\"@id\":\"https:\\\/\\\/alinvest-verde.eu\\\/#\\\/schema\\\/logo\\\/image\\\/\"}}]}<\/script>\n<!-- \/ Yoast SEO plugin. -->","yoast_head_json":{"title":"Webinar: Acciones por la sostenibilidad lideradas por mujeres - Programme AL-INVEST Verde","robots":{"index":"index","follow":"follow","max-snippet":"max-snippet:-1","max-image-preview":"max-image-preview:large","max-video-preview":"max-video-preview:-1"},"canonical":"https:\/\/alinvest-verde.eu\/en_gb\/agenda-verde\/webinar-acciones-por-la-sostenibilidad-lideradas-por-mujeres\/","og_locale":"en_GB","og_type":"article","og_title":"Webinar: Acciones por la sostenibilidad lideradas por mujeres - Programme AL-INVEST Verde","og_description":"En el marco del programa AL-INVEST Verde, y en colaboraci\u00f3n con la C\u00e1mara de Comercio Internacional (ICC), se llevar\u00e1 a cabo el webinar &#8220;Acciones por la sostenibilidad lideradas por mujeres&#8221;, con el objetivo de destacar el papel fundamental de las mujeres en la promoci\u00f3n de la sostenibilidad ambiental y social en Am\u00e9rica Latina. Este evento [&hellip;]","og_url":"https:\/\/alinvest-verde.eu\/en_gb\/agenda-verde\/webinar-acciones-por-la-sostenibilidad-lideradas-por-mujeres\/","og_site_name":"Programme AL-INVEST Verde","article_modified_time":"2025-09-13T16:46:19+00:00","og_image":[{"width":1640,"height":924,"url":"https:\/\/alinvest-verde.eu\/wp-content\/uploads\/2025\/09\/Amarillo-Marron-Luz-de-Escenario-Estetico-Cantante-Transmision-en-Vivo-Portada-para-Facebook-3.jpg","type":"image\/jpeg"}],"twitter_card":"summary_large_image","twitter_misc":{"Estimated reading time":"3 minutes"},"schema":{"@context":"https:\/\/schema.org","@graph":[{"@type":"WebPage","@id":"https:\/\/alinvest-verde.eu\/agenda-verde\/webinar-acciones-por-la-sostenibilidad-lideradas-por-mujeres\/","url":"https:\/\/alinvest-verde.eu\/agenda-verde\/webinar-acciones-por-la-sostenibilidad-lideradas-por-mujeres\/","name":"Webinar: Acciones por la sostenibilidad lideradas por mujeres - Programme AL-INVEST Verde","isPartOf":{"@id":"https:\/\/alinvest-verde.eu\/#website"},"primaryImageOfPage":{"@id":"https:\/\/alinvest-verde.eu\/agenda-verde\/webinar-acciones-por-la-sostenibilidad-lideradas-por-mujeres\/#primaryimage"},"image":{"@id":"https:\/\/alinvest-verde.eu\/agenda-verde\/webinar-acciones-por-la-sostenibilidad-lideradas-por-mujeres\/#primaryimage"},"thumbnailUrl":"https:\/\/alinvest-verde.eu\/wp-content\/uploads\/2025\/09\/Amarillo-Marron-Luz-de-Escenario-Estetico-Cantante-Transmision-en-Vivo-Portada-para-Facebook-3.jpg","datePublished":"2025-09-08T22:30:53+00:00","dateModified":"2025-09-13T16:46:19+00:00","breadcrumb":{"@id":"https:\/\/alinvest-verde.eu\/agenda-verde\/webinar-acciones-por-la-sostenibilidad-lideradas-por-mujeres\/#breadcrumb"},"inLanguage":"en-GB","potentialAction":[{"@type":"ReadAction","target":["https:\/\/alinvest-verde.eu\/agenda-verde\/webinar-acciones-por-la-sostenibilidad-lideradas-por-mujeres\/"]}]},{"@type":"ImageObject","inLanguage":"en-GB","@id":"https:\/\/alinvest-verde.eu\/agenda-verde\/webinar-acciones-por-la-sostenibilidad-lideradas-por-mujeres\/#primaryimage","url":"https:\/\/alinvest-verde.eu\/wp-content\/uploads\/2025\/09\/Amarillo-Marron-Luz-de-Escenario-Estetico-Cantante-Transmision-en-Vivo-Portada-para-Facebook-3.jpg","contentUrl":"https:\/\/alinvest-verde.eu\/wp-content\/uploads\/2025\/09\/Amarillo-Marron-Luz-de-Escenario-Estetico-Cantante-Transmision-en-Vivo-Portada-para-Facebook-3.jpg","width":1640,"height":924},{"@type":"BreadcrumbList","@id":"https:\/\/alinvest-verde.eu\/agenda-verde\/webinar-acciones-por-la-sostenibilidad-lideradas-por-mujeres\/#breadcrumb","itemListElement":[{"@type":"ListItem","position":1,"name":"Inicio","item":"https:\/\/alinvest-verde.eu\/"},{"@type":"ListItem","position":2,"name":"Eventos","item":"https:\/\/alinvest-verde.eu\/es_es\/eventos\/"},{"@type":"ListItem","position":3,"name":"Webinar: Acciones por la sostenibilidad lideradas por mujeres"}]},{"@type":"WebSite","@id":"https:\/\/alinvest-verde.eu\/#website","url":"https:\/\/alinvest-verde.eu\/","name":"Programme AL-INVEST Verde","description":"Building alliances with the private sector in LA and promote sustainable growth and jobs creation by supporting the transition towards a low-carbon, resource-efficient economy","publisher":{"@id":"https:\/\/alinvest-verde.eu\/#organization"},"potentialAction":[{"@type":"SearchAction","target":{"@type":"EntryPoint","urlTemplate":"https:\/\/alinvest-verde.eu\/?s={search_term_string}"},"query-input":{"@type":"PropertyValueSpecification","valueRequired":true,"valueName":"search_term_string"}}],"inLanguage":"en-GB"},{"@type":"Organization","@id":"https:\/\/alinvest-verde.eu\/#organization","name":"Programme AL-INVEST Verde","url":"https:\/\/alinvest-verde.eu\/","logo":{"@type":"ImageObject","inLanguage":"en-GB","@id":"https:\/\/alinvest-verde.eu\/#\/schema\/logo\/image\/","url":"https:\/\/alinvest-verde.eu\/wp-content\/uploads\/2022\/01\/cropped-logo-financiado-por-la-UE.jpg","contentUrl":"https:\/\/alinvest-verde.eu\/wp-content\/uploads\/2022\/01\/cropped-logo-financiado-por-la-UE.jpg","width":756,"height":216,"caption":"Programme AL-INVEST Verde"},"image":{"@id":"https:\/\/alinvest-verde.eu\/#\/schema\/logo\/image\/"}}]}},"_links":{"self":[{"href":"https:\/\/alinvest-verde.eu\/en_gb\/wp-json\/wp\/v2\/mec-events\/18934","targetHints":{"allow":["GET"]}}],"collection":[{"href":"https:\/\/alinvest-verde.eu\/en_gb\/wp-json\/wp\/v2\/mec-events"}],"about":[{"href":"https:\/\/alinvest-verde.eu\/en_gb\/wp-json\/wp\/v2\/types\/mec-events"}],"author":[{"embeddable":true,"href":"https:\/\/alinvest-verde.eu\/en_gb\/wp-json\/wp\/v2\/users\/4"}],"replies":[{"embeddable":true,"href":"https:\/\/alinvest-verde.eu\/en_gb\/wp-json\/wp\/v2\/comments?post=18934"}],"wp:featuredmedia":[{"embeddable":true,"href":"https:\/\/alinvest-verde.eu\/en_gb\/wp-json\/wp\/v2\/media\/18982"}],"wp:attachment":[{"href":"https:\/\/alinvest-verde.eu\/en_gb\/wp-json\/wp\/v2\/media?parent=18934"}],"wp:term":[{"taxonomy":"post_tag","embeddable":true,"href":"https:\/\/alinvest-verde.eu\/en_gb\/wp-json\/wp\/v2\/tags?post=18934"},{"taxonomy":"mec_category","embeddable":true,"href":"https:\/\/alinvest-verde.eu\/en_gb\/wp-json\/wp\/v2\/mec_category?post=18934"}],"curies":[{"name":"wp","href":"https:\/\/api.w.org\/{rel}","templated":true}]}}