{"id":15777,"date":"2024-09-04T16:11:41","date_gmt":"2024-09-04T14:11:41","guid":{"rendered":"https:\/\/alinvest-verde.eu\/?page_id=15777"},"modified":"2024-09-04T16:16:35","modified_gmt":"2024-09-04T14:16:35","slug":"evento-cierre-tena-dialogos-cacao-sostenible","status":"publish","type":"page","link":"https:\/\/alinvest-verde.eu\/en_gb\/evento-cierre-tena-dialogos-cacao-sostenible\/","title":{"rendered":"Closing event Tena Sustainable Cocoa Dialogues"},"content":{"rendered":"<div data-elementor-type=\"wp-page\" data-elementor-id=\"15777\" class=\"elementor elementor-15777\" data-elementor-post-type=\"page\">\n\t\t\t\t\t\t<section class=\"elementor-section elementor-top-section elementor-element elementor-element-d462b30 elementor-section-boxed elementor-section-height-default elementor-section-height-default\" data-id=\"d462b30\" data-element_type=\"section\" data-e-type=\"section\">\n\t\t\t\t\t\t<div class=\"elementor-container elementor-column-gap-default\">\n\t\t\t\t\t<div class=\"elementor-column elementor-col-100 elementor-top-column elementor-element elementor-element-3dbc7a0\" data-id=\"3dbc7a0\" data-element_type=\"column\" data-e-type=\"column\">\n\t\t\t<div class=\"elementor-widget-wrap elementor-element-populated\">\n\t\t\t\t\t\t<section class=\"elementor-section elementor-inner-section elementor-element elementor-element-9711aaf elementor-section-boxed elementor-section-height-default elementor-section-height-default\" data-id=\"9711aaf\" data-element_type=\"section\" data-e-type=\"section\">\n\t\t\t\t\t\t<div class=\"elementor-container elementor-column-gap-default\">\n\t\t\t\t\t<div class=\"elementor-column elementor-col-50 elementor-inner-column elementor-element elementor-element-9961a86\" data-id=\"9961a86\" data-element_type=\"column\" data-e-type=\"column\">\n\t\t\t<div class=\"elementor-widget-wrap elementor-element-populated\">\n\t\t\t\t\t\t<div class=\"elementor-element elementor-element-bd81eb6 elementor-widget elementor-widget-image\" data-id=\"bd81eb6\" data-element_type=\"widget\" data-e-type=\"widget\" data-widget_type=\"image.default\">\n\t\t\t\t<div class=\"elementor-widget-container\">\n\t\t\t\t\t\t\t\t\t\t\t\t\t\t\t<img fetchpriority=\"high\" decoding=\"async\" width=\"373\" height=\"574\" src=\"https:\/\/alinvest-verde.eu\/wp-content\/uploads\/2024\/09\/PortadaCACAO.png\" class=\"attachment-large size-large wp-image-15712\" alt=\"\" srcset=\"https:\/\/alinvest-verde.eu\/wp-content\/uploads\/2024\/09\/PortadaCACAO.png 373w, https:\/\/alinvest-verde.eu\/wp-content\/uploads\/2024\/09\/PortadaCACAO-195x300.png 195w, https:\/\/alinvest-verde.eu\/wp-content\/uploads\/2024\/09\/PortadaCACAO-8x12.png 8w\" sizes=\"(max-width: 373px) 100vw, 373px\" \/>\t\t\t\t\t\t\t\t\t\t\t\t\t\t\t<\/div>\n\t\t\t\t<\/div>\n\t\t\t\t<div class=\"elementor-element elementor-element-596338f elementor-widget elementor-widget-text-editor\" data-id=\"596338f\" data-element_type=\"widget\" data-e-type=\"widget\" data-widget_type=\"text-editor.default\">\n\t\t\t\t<div class=\"elementor-widget-container\">\n\t\t\t\t\t\t\t\t\t<h3>Place<\/h3>\t\t\t\t\t\t\t\t<\/div>\n\t\t\t\t<\/div>\n\t\t\t\t<div class=\"elementor-element elementor-element-48c6bf5 elementor-widget elementor-widget-text-editor\" data-id=\"48c6bf5\" data-element_type=\"widget\" data-e-type=\"widget\" data-widget_type=\"text-editor.default\">\n\t\t\t\t<div class=\"elementor-widget-container\">\n\t\t\t\t\t\t\t\t\t<p><strong>Tena (Ecuador)<\/strong><\/p>\t\t\t\t\t\t\t\t<\/div>\n\t\t\t\t<\/div>\n\t\t\t\t\t<\/div>\n\t\t<\/div>\n\t\t\t\t<div class=\"elementor-column elementor-col-50 elementor-inner-column elementor-element elementor-element-f130a02\" data-id=\"f130a02\" data-element_type=\"column\" data-e-type=\"column\">\n\t\t\t<div class=\"elementor-widget-wrap elementor-element-populated\">\n\t\t\t\t\t\t<div class=\"elementor-element elementor-element-1eb2d15 elementor-widget elementor-widget-heading\" data-id=\"1eb2d15\" data-element_type=\"widget\" data-e-type=\"widget\" data-widget_type=\"heading.default\">\n\t\t\t\t<div class=\"elementor-widget-container\">\n\t\t\t\t\t<h2 class=\"elementor-heading-title elementor-size-default\">Wednesday 2 October 2024<\/h2>\t\t\t\t<\/div>\n\t\t\t\t<\/div>\n\t\t\t\t<div class=\"elementor-element elementor-element-9a457ce elementor-widget elementor-widget-text-editor\" data-id=\"9a457ce\" data-element_type=\"widget\" data-e-type=\"widget\" data-widget_type=\"text-editor.default\">\n\t\t\t\t<div class=\"elementor-widget-container\">\n\t\t\t\t\t\t\t\t\t<p><strong><u>Tomorrow<\/u><\/strong><\/p><p><strong>WELCOME AND INTRODUCTION<\/strong><\/p><p>AL-INVEST Verde and GIZ.<\/p><p><strong>FIELD TRIP <\/strong><\/p><ul><li><strong>Group 1. <\/strong>Visit to the collection centre of the small producers' association Kallari to learn about their experience of traceability and organisational level as a strength.<br \/><br \/><\/li><\/ul><ul><li><strong>Group 2.<\/strong> Visit to an Amazonian Chakra, as an agroforestry system of sustainable land use, on the edge of areas of forest dedication. Viewing of satellite maps, appreciating the difference in the EUDR definition of forests and the reality of the area.<\/li><\/ul><p>\u00a0<\/p><p><strong><u>Afternoon<\/u><\/strong><u>\u00a0<\/u><\/p><p><strong>THEMATIC PANELS<\/strong><\/p><ul><li>Exchange on local solutions and common challenges of smallholders in the context of the requirements of the European Deforestation Free Regulation (EUDR).\u00a0\u00a0<ul><li>Partnership<\/li><li>Deforestation-free: conservation agreements, training, agricultural areas, agroforestry systems...\u00a0<\/li><li>Legality of land use<\/li><li>Labour legality, insurance and working conditions<\/li><li>Registration and data management<\/li><li>Other<\/li><\/ul><\/li><\/ul>\t\t\t\t\t\t\t\t<\/div>\n\t\t\t\t<\/div>\n\t\t\t\t\t<\/div>\n\t\t<\/div>\n\t\t\t\t\t<\/div>\n\t\t<\/section>\n\t\t\t\t\t<\/div>\n\t\t<\/div>\n\t\t\t\t\t<\/div>\n\t\t<\/section>\n\t\t\t\t<section class=\"elementor-section elementor-top-section elementor-element elementor-element-8acc35a elementor-section-boxed elementor-section-height-default elementor-section-height-default\" data-id=\"8acc35a\" data-element_type=\"section\" data-e-type=\"section\">\n\t\t\t\t\t\t<div class=\"elementor-container elementor-column-gap-default\">\n\t\t\t\t\t<div class=\"elementor-column elementor-col-100 elementor-top-column elementor-element elementor-element-a0613a8\" data-id=\"a0613a8\" data-element_type=\"column\" data-e-type=\"column\">\n\t\t\t<div class=\"elementor-widget-wrap elementor-element-populated\">\n\t\t\t\t\t\t<section class=\"elementor-section elementor-inner-section elementor-element elementor-element-31938a3 elementor-section-boxed elementor-section-height-default elementor-section-height-default\" data-id=\"31938a3\" data-element_type=\"section\" data-e-type=\"section\">\n\t\t\t\t\t\t<div class=\"elementor-container elementor-column-gap-default\">\n\t\t\t\t\t<div class=\"elementor-column elementor-col-50 elementor-inner-column elementor-element elementor-element-9851261\" data-id=\"9851261\" data-element_type=\"column\" data-e-type=\"column\">\n\t\t\t<div class=\"elementor-widget-wrap\">\n\t\t\t\t\t\t\t<\/div>\n\t\t<\/div>\n\t\t\t\t<div class=\"elementor-column elementor-col-50 elementor-inner-column elementor-element elementor-element-c0c09d6\" data-id=\"c0c09d6\" data-element_type=\"column\" data-e-type=\"column\">\n\t\t\t<div class=\"elementor-widget-wrap elementor-element-populated\">\n\t\t\t\t\t\t<div class=\"elementor-element elementor-element-af280b7 elementor-widget elementor-widget-heading\" data-id=\"af280b7\" data-element_type=\"widget\" data-e-type=\"widget\" data-widget_type=\"heading.default\">\n\t\t\t\t<div class=\"elementor-widget-container\">\n\t\t\t\t\t<h2 class=\"elementor-heading-title elementor-size-default\">Thursday 3 October 2024<\/h2>\t\t\t\t<\/div>\n\t\t\t\t<\/div>\n\t\t\t\t<div class=\"elementor-element elementor-element-5e86fc6 elementor-widget elementor-widget-text-editor\" data-id=\"5e86fc6\" data-element_type=\"widget\" data-e-type=\"widget\" data-widget_type=\"text-editor.default\">\n\t\t\t\t<div class=\"elementor-widget-container\">\n\t\t\t\t\t\t\t\t\t<p><strong>FIELD TRIP <\/strong><\/p><ul><li>Each group will make the visit they did not make the previous day.<\/li><\/ul><p>\u00a0<\/p><p><strong>LEARNINGS FROM DAY 1 <\/strong>\u00a0<\/p><ul><li>Representatives of the roundtables will present the solutions identified in the roundtables and visits.\u00a0<\/li><\/ul><p>\u00a0<\/p><p><strong>CONVERSATORY<\/strong>\u00a0<\/p><ul><li><strong>Fish Bowl.<\/strong> Representatives from each sector will dialogue with competent authorities to identify\/plot a roadmap to address EUDR challenges and common concerns, with a focus on smallholders in the Amazon.\u00a0\u00a0\u00a0<\/li><\/ul><p>\u00a0<\/p><p><strong>CONCLUSIONS <\/strong><\/p><ul><li>Panel with representatives of producer organisations, public sector, private sector, development partners and European competent authorities.<\/li><\/ul><p>\u00a0<\/p><p><strong>OFFICIAL CLOSING OF THE EVENT<\/strong>\u00a0<\/p><ul><li>AL INVEST Green\/EU and GIZ.<\/li><\/ul><p>\u00a0<\/p><p><strong>CULTURAL VISIT<\/strong><\/p>\t\t\t\t\t\t\t\t<\/div>\n\t\t\t\t<\/div>\n\t\t\t\t\t<\/div>\n\t\t<\/div>\n\t\t\t\t\t<\/div>\n\t\t<\/section>\n\t\t\t\t\t<\/div>\n\t\t<\/div>\n\t\t\t\t\t<\/div>\n\t\t<\/section>\n\t\t\t\t<\/div>","protected":false},"excerpt":{"rendered":"<p>Lugar Tena (Ecuador) Mi\u00e9rcoles 2 de octubre de 2024 Ma\u00f1ana BIENVENIDA E INTRODUCCI\u00d3N AL-INVEST Verde y GIZ. SALIDA DE CAMPO Grupo 1. Visita al centro de acopio de la Asociaci\u00f3n de peque\u00f1os productores Kallari para conocer su experiencia de trazabilidad y nivel organizativo como una fortaleza. Grupo 2. Visita a una Chakra amaz\u00f3nica, como sistema [&hellip;]<\/p>\n","protected":false},"author":6,"featured_media":0,"parent":0,"menu_order":0,"comment_status":"closed","ping_status":"closed","template":"","meta":{"footnotes":""},"class_list":["post-15777","page","type-page","status-publish","hentry"],"yoast_head":"<!-- This site is optimized with the Yoast SEO plugin v28.4 - https:\/\/yoast.com\/product\/yoast-seo-wordpress\/ -->\n<title>Evento cierre Tena Di\u00e1logos Cacao Sostenible - Programme AL-INVEST Verde<\/title>\n<meta name=\"robots\" content=\"index, follow, max-snippet:-1, max-image-preview:large, max-video-preview:-1\" \/>\n<link rel=\"canonical\" href=\"https:\/\/alinvest-verde.eu\/en_gb\/evento-cierre-tena-dialogos-cacao-sostenible\/\" \/>\n<meta property=\"og:locale\" content=\"en_GB\" \/>\n<meta property=\"og:type\" content=\"article\" \/>\n<meta property=\"og:title\" content=\"Evento cierre Tena Di\u00e1logos Cacao Sostenible - Programme AL-INVEST Verde\" \/>\n<meta property=\"og:description\" content=\"Lugar Tena (Ecuador) Mi\u00e9rcoles 2 de octubre de 2024 Ma\u00f1ana BIENVENIDA E INTRODUCCI\u00d3N AL-INVEST Verde y GIZ. SALIDA DE CAMPO Grupo 1. Visita al centro de acopio de la Asociaci\u00f3n de peque\u00f1os productores Kallari para conocer su experiencia de trazabilidad y nivel organizativo como una fortaleza. Grupo 2. Visita a una Chakra amaz\u00f3nica, como sistema [&hellip;]\" \/>\n<meta property=\"og:url\" content=\"https:\/\/alinvest-verde.eu\/en_gb\/evento-cierre-tena-dialogos-cacao-sostenible\/\" \/>\n<meta property=\"og:site_name\" content=\"Programme AL-INVEST Verde\" \/>\n<meta property=\"article:modified_time\" content=\"2024-09-04T14:16:35+00:00\" \/>\n<meta property=\"og:image\" content=\"https:\/\/alinvest-verde.eu\/wp-content\/uploads\/2024\/09\/PortadaCACAO.png\" \/>\n<meta name=\"twitter:card\" content=\"summary_large_image\" \/>\n<meta name=\"twitter:label1\" content=\"Estimated reading time\" \/>\n\t<meta name=\"twitter:data1\" content=\"2 minutes\" \/>\n<script type=\"application\/ld+json\" class=\"yoast-schema-graph\">{\"@context\":\"https:\\\/\\\/schema.org\",\"@graph\":[{\"@type\":\"WebPage\",\"@id\":\"https:\\\/\\\/alinvest-verde.eu\\\/es_es\\\/evento-cierre-tena-dialogos-cacao-sostenible\\\/\",\"url\":\"https:\\\/\\\/alinvest-verde.eu\\\/es_es\\\/evento-cierre-tena-dialogos-cacao-sostenible\\\/\",\"name\":\"Evento cierre Tena Di\u00e1logos Cacao Sostenible - Programme AL-INVEST Verde\",\"isPartOf\":{\"@id\":\"https:\\\/\\\/alinvest-verde.eu\\\/#website\"},\"primaryImageOfPage\":{\"@id\":\"https:\\\/\\\/alinvest-verde.eu\\\/es_es\\\/evento-cierre-tena-dialogos-cacao-sostenible\\\/#primaryimage\"},\"image\":{\"@id\":\"https:\\\/\\\/alinvest-verde.eu\\\/es_es\\\/evento-cierre-tena-dialogos-cacao-sostenible\\\/#primaryimage\"},\"thumbnailUrl\":\"https:\\\/\\\/alinvest-verde.eu\\\/wp-content\\\/uploads\\\/2024\\\/09\\\/PortadaCACAO.png\",\"datePublished\":\"2024-09-04T14:11:41+00:00\",\"dateModified\":\"2024-09-04T14:16:35+00:00\",\"breadcrumb\":{\"@id\":\"https:\\\/\\\/alinvest-verde.eu\\\/es_es\\\/evento-cierre-tena-dialogos-cacao-sostenible\\\/#breadcrumb\"},\"inLanguage\":\"en-GB\",\"potentialAction\":[{\"@type\":\"ReadAction\",\"target\":[\"https:\\\/\\\/alinvest-verde.eu\\\/es_es\\\/evento-cierre-tena-dialogos-cacao-sostenible\\\/\"]}]},{\"@type\":\"ImageObject\",\"inLanguage\":\"en-GB\",\"@id\":\"https:\\\/\\\/alinvest-verde.eu\\\/es_es\\\/evento-cierre-tena-dialogos-cacao-sostenible\\\/#primaryimage\",\"url\":\"https:\\\/\\\/alinvest-verde.eu\\\/wp-content\\\/uploads\\\/2024\\\/09\\\/PortadaCACAO.png\",\"contentUrl\":\"https:\\\/\\\/alinvest-verde.eu\\\/wp-content\\\/uploads\\\/2024\\\/09\\\/PortadaCACAO.png\"},{\"@type\":\"BreadcrumbList\",\"@id\":\"https:\\\/\\\/alinvest-verde.eu\\\/es_es\\\/evento-cierre-tena-dialogos-cacao-sostenible\\\/#breadcrumb\",\"itemListElement\":[{\"@type\":\"ListItem\",\"position\":1,\"name\":\"Inicio\",\"item\":\"https:\\\/\\\/alinvest-verde.eu\\\/\"},{\"@type\":\"ListItem\",\"position\":2,\"name\":\"Evento cierre Tena Di\u00e1logos Cacao Sostenible\"}]},{\"@type\":\"WebSite\",\"@id\":\"https:\\\/\\\/alinvest-verde.eu\\\/#website\",\"url\":\"https:\\\/\\\/alinvest-verde.eu\\\/\",\"name\":\"Programme AL-INVEST Verde\",\"description\":\"Building alliances with the private sector in LA and promote sustainable growth and jobs creation by supporting the transition towards a low-carbon, resource-efficient economy\",\"publisher\":{\"@id\":\"https:\\\/\\\/alinvest-verde.eu\\\/#organization\"},\"potentialAction\":[{\"@type\":\"SearchAction\",\"target\":{\"@type\":\"EntryPoint\",\"urlTemplate\":\"https:\\\/\\\/alinvest-verde.eu\\\/?s={search_term_string}\"},\"query-input\":{\"@type\":\"PropertyValueSpecification\",\"valueRequired\":true,\"valueName\":\"search_term_string\"}}],\"inLanguage\":\"en-GB\"},{\"@type\":\"Organization\",\"@id\":\"https:\\\/\\\/alinvest-verde.eu\\\/#organization\",\"name\":\"Programme AL-INVEST Verde\",\"url\":\"https:\\\/\\\/alinvest-verde.eu\\\/\",\"logo\":{\"@type\":\"ImageObject\",\"inLanguage\":\"en-GB\",\"@id\":\"https:\\\/\\\/alinvest-verde.eu\\\/#\\\/schema\\\/logo\\\/image\\\/\",\"url\":\"https:\\\/\\\/alinvest-verde.eu\\\/wp-content\\\/uploads\\\/2022\\\/01\\\/cropped-logo-financiado-por-la-UE.jpg\",\"contentUrl\":\"https:\\\/\\\/alinvest-verde.eu\\\/wp-content\\\/uploads\\\/2022\\\/01\\\/cropped-logo-financiado-por-la-UE.jpg\",\"width\":756,\"height\":216,\"caption\":\"Programme AL-INVEST Verde\"},\"image\":{\"@id\":\"https:\\\/\\\/alinvest-verde.eu\\\/#\\\/schema\\\/logo\\\/image\\\/\"}}]}<\/script>\n<!-- \/ Yoast SEO plugin. -->","yoast_head_json":{"title":"Evento cierre Tena Di\u00e1logos Cacao Sostenible - Programme AL-INVEST Verde","robots":{"index":"index","follow":"follow","max-snippet":"max-snippet:-1","max-image-preview":"max-image-preview:large","max-video-preview":"max-video-preview:-1"},"canonical":"https:\/\/alinvest-verde.eu\/en_gb\/evento-cierre-tena-dialogos-cacao-sostenible\/","og_locale":"en_GB","og_type":"article","og_title":"Evento cierre Tena Di\u00e1logos Cacao Sostenible - Programme AL-INVEST Verde","og_description":"Lugar Tena (Ecuador) Mi\u00e9rcoles 2 de octubre de 2024 Ma\u00f1ana BIENVENIDA E INTRODUCCI\u00d3N AL-INVEST Verde y GIZ. SALIDA DE CAMPO Grupo 1. Visita al centro de acopio de la Asociaci\u00f3n de peque\u00f1os productores Kallari para conocer su experiencia de trazabilidad y nivel organizativo como una fortaleza. Grupo 2. Visita a una Chakra amaz\u00f3nica, como sistema [&hellip;]","og_url":"https:\/\/alinvest-verde.eu\/en_gb\/evento-cierre-tena-dialogos-cacao-sostenible\/","og_site_name":"Programme AL-INVEST Verde","article_modified_time":"2024-09-04T14:16:35+00:00","og_image":[{"url":"https:\/\/alinvest-verde.eu\/wp-content\/uploads\/2024\/09\/PortadaCACAO.png","type":"","width":"","height":""}],"twitter_card":"summary_large_image","twitter_misc":{"Estimated reading time":"2 minutes"},"schema":{"@context":"https:\/\/schema.org","@graph":[{"@type":"WebPage","@id":"https:\/\/alinvest-verde.eu\/es_es\/evento-cierre-tena-dialogos-cacao-sostenible\/","url":"https:\/\/alinvest-verde.eu\/es_es\/evento-cierre-tena-dialogos-cacao-sostenible\/","name":"Evento cierre Tena Di\u00e1logos Cacao Sostenible - Programme AL-INVEST Verde","isPartOf":{"@id":"https:\/\/alinvest-verde.eu\/#website"},"primaryImageOfPage":{"@id":"https:\/\/alinvest-verde.eu\/es_es\/evento-cierre-tena-dialogos-cacao-sostenible\/#primaryimage"},"image":{"@id":"https:\/\/alinvest-verde.eu\/es_es\/evento-cierre-tena-dialogos-cacao-sostenible\/#primaryimage"},"thumbnailUrl":"https:\/\/alinvest-verde.eu\/wp-content\/uploads\/2024\/09\/PortadaCACAO.png","datePublished":"2024-09-04T14:11:41+00:00","dateModified":"2024-09-04T14:16:35+00:00","breadcrumb":{"@id":"https:\/\/alinvest-verde.eu\/es_es\/evento-cierre-tena-dialogos-cacao-sostenible\/#breadcrumb"},"inLanguage":"en-GB","potentialAction":[{"@type":"ReadAction","target":["https:\/\/alinvest-verde.eu\/es_es\/evento-cierre-tena-dialogos-cacao-sostenible\/"]}]},{"@type":"ImageObject","inLanguage":"en-GB","@id":"https:\/\/alinvest-verde.eu\/es_es\/evento-cierre-tena-dialogos-cacao-sostenible\/#primaryimage","url":"https:\/\/alinvest-verde.eu\/wp-content\/uploads\/2024\/09\/PortadaCACAO.png","contentUrl":"https:\/\/alinvest-verde.eu\/wp-content\/uploads\/2024\/09\/PortadaCACAO.png"},{"@type":"BreadcrumbList","@id":"https:\/\/alinvest-verde.eu\/es_es\/evento-cierre-tena-dialogos-cacao-sostenible\/#breadcrumb","itemListElement":[{"@type":"ListItem","position":1,"name":"Inicio","item":"https:\/\/alinvest-verde.eu\/"},{"@type":"ListItem","position":2,"name":"Evento cierre Tena Di\u00e1logos Cacao Sostenible"}]},{"@type":"WebSite","@id":"https:\/\/alinvest-verde.eu\/#website","url":"https:\/\/alinvest-verde.eu\/","name":"Programme AL-INVEST Verde","description":"Building alliances with the private sector in LA and promote sustainable growth and jobs creation by supporting the transition towards a low-carbon, resource-efficient economy","publisher":{"@id":"https:\/\/alinvest-verde.eu\/#organization"},"potentialAction":[{"@type":"SearchAction","target":{"@type":"EntryPoint","urlTemplate":"https:\/\/alinvest-verde.eu\/?s={search_term_string}"},"query-input":{"@type":"PropertyValueSpecification","valueRequired":true,"valueName":"search_term_string"}}],"inLanguage":"en-GB"},{"@type":"Organization","@id":"https:\/\/alinvest-verde.eu\/#organization","name":"Programme AL-INVEST Verde","url":"https:\/\/alinvest-verde.eu\/","logo":{"@type":"ImageObject","inLanguage":"en-GB","@id":"https:\/\/alinvest-verde.eu\/#\/schema\/logo\/image\/","url":"https:\/\/alinvest-verde.eu\/wp-content\/uploads\/2022\/01\/cropped-logo-financiado-por-la-UE.jpg","contentUrl":"https:\/\/alinvest-verde.eu\/wp-content\/uploads\/2022\/01\/cropped-logo-financiado-por-la-UE.jpg","width":756,"height":216,"caption":"Programme AL-INVEST Verde"},"image":{"@id":"https:\/\/alinvest-verde.eu\/#\/schema\/logo\/image\/"}}]}},"_links":{"self":[{"href":"https:\/\/alinvest-verde.eu\/en_gb\/wp-json\/wp\/v2\/pages\/15777","targetHints":{"allow":["GET"]}}],"collection":[{"href":"https:\/\/alinvest-verde.eu\/en_gb\/wp-json\/wp\/v2\/pages"}],"about":[{"href":"https:\/\/alinvest-verde.eu\/en_gb\/wp-json\/wp\/v2\/types\/page"}],"author":[{"embeddable":true,"href":"https:\/\/alinvest-verde.eu\/en_gb\/wp-json\/wp\/v2\/users\/6"}],"replies":[{"embeddable":true,"href":"https:\/\/alinvest-verde.eu\/en_gb\/wp-json\/wp\/v2\/comments?post=15777"}],"version-history":[{"count":4,"href":"https:\/\/alinvest-verde.eu\/en_gb\/wp-json\/wp\/v2\/pages\/15777\/revisions"}],"predecessor-version":[{"id":15781,"href":"https:\/\/alinvest-verde.eu\/en_gb\/wp-json\/wp\/v2\/pages\/15777\/revisions\/15781"}],"wp:attachment":[{"href":"https:\/\/alinvest-verde.eu\/en_gb\/wp-json\/wp\/v2\/media?parent=15777"}],"curies":[{"name":"wp","href":"https:\/\/api.w.org\/{rel}","templated":true}]}}