{"id":9779,"date":"2023-12-04T10:57:14","date_gmt":"2023-12-04T09:57:14","guid":{"rendered":"https:\/\/alinvest-verde.eu\/?page_id=9779"},"modified":"2023-12-05T16:30:58","modified_gmt":"2023-12-05T15:30:58","slug":"dialogos-sobre-cafe-sostenible","status":"publish","type":"page","link":"https:\/\/alinvest-verde.eu\/en_gb\/dialogos-sobre-cafe-sostenible\/","title":{"rendered":"Dialogues on sustainable coffee"},"content":{"rendered":"<div data-elementor-type=\"wp-page\" data-elementor-id=\"9779\" class=\"elementor elementor-9779\" data-elementor-post-type=\"page\">\n\t\t\t\t\t\t<section class=\"elementor-section elementor-top-section elementor-element elementor-element-06a9a55 elementor-section-boxed elementor-section-height-default elementor-section-height-default\" data-id=\"06a9a55\" data-element_type=\"section\" data-e-type=\"section\">\n\t\t\t\t\t\t<div class=\"elementor-container elementor-column-gap-default\">\n\t\t\t\t\t<div class=\"elementor-column elementor-col-100 elementor-top-column elementor-element elementor-element-974a90e\" data-id=\"974a90e\" data-element_type=\"column\" data-e-type=\"column\">\n\t\t\t<div class=\"elementor-widget-wrap elementor-element-populated\">\n\t\t\t\t\t\t<div class=\"elementor-element elementor-element-812deda elementor-widget elementor-widget-heading\" data-id=\"812deda\" data-element_type=\"widget\" data-e-type=\"widget\" data-widget_type=\"heading.default\">\n\t\t\t\t<div class=\"elementor-widget-container\">\n\t\t\t\t\t<h2 class=\"elementor-heading-title elementor-size-default\">CLOSING CONFERENCE<\/h2>\t\t\t\t<\/div>\n\t\t\t\t<\/div>\n\t\t\t\t<section class=\"elementor-section elementor-inner-section elementor-element elementor-element-1bd789f elementor-section-boxed elementor-section-height-default elementor-section-height-default\" data-id=\"1bd789f\" data-element_type=\"section\" data-e-type=\"section\">\n\t\t\t\t\t\t<div class=\"elementor-container elementor-column-gap-default\">\n\t\t\t\t\t<div class=\"elementor-column elementor-col-50 elementor-inner-column elementor-element elementor-element-d3a33e3\" data-id=\"d3a33e3\" data-element_type=\"column\" data-e-type=\"column\">\n\t\t\t<div class=\"elementor-widget-wrap elementor-element-populated\">\n\t\t\t\t\t\t<div class=\"elementor-element elementor-element-7d4b457 elementor-widget elementor-widget-image\" data-id=\"7d4b457\" data-element_type=\"widget\" data-e-type=\"widget\" data-widget_type=\"image.default\">\n\t\t\t\t<div class=\"elementor-widget-container\">\n\t\t\t\t\t\t\t\t\t\t\t\t\t\t\t<img fetchpriority=\"high\" decoding=\"async\" width=\"800\" height=\"698\" src=\"https:\/\/alinvest-verde.eu\/wp-content\/uploads\/2023\/12\/version-web-redes_colombia_cierre-cafe-1024x893.jpg\" class=\"attachment-large size-large wp-image-9789\" alt=\"\" srcset=\"https:\/\/alinvest-verde.eu\/wp-content\/uploads\/2023\/12\/version-web-redes_colombia_cierre-cafe-1024x893.jpg 1024w, https:\/\/alinvest-verde.eu\/wp-content\/uploads\/2023\/12\/version-web-redes_colombia_cierre-cafe-300x262.jpg 300w, https:\/\/alinvest-verde.eu\/wp-content\/uploads\/2023\/12\/version-web-redes_colombia_cierre-cafe-768x670.jpg 768w, https:\/\/alinvest-verde.eu\/wp-content\/uploads\/2023\/12\/version-web-redes_colombia_cierre-cafe-14x12.jpg 14w, https:\/\/alinvest-verde.eu\/wp-content\/uploads\/2023\/12\/version-web-redes_colombia_cierre-cafe.jpg 1190w\" sizes=\"(max-width: 800px) 100vw, 800px\" \/>\t\t\t\t\t\t\t\t\t\t\t\t\t\t\t<\/div>\n\t\t\t\t<\/div>\n\t\t\t\t\t<\/div>\n\t\t<\/div>\n\t\t\t\t<div class=\"elementor-column elementor-col-50 elementor-inner-column elementor-element elementor-element-4e5274a\" data-id=\"4e5274a\" data-element_type=\"column\" data-e-type=\"column\">\n\t\t\t<div class=\"elementor-widget-wrap elementor-element-populated\">\n\t\t\t\t\t\t<div class=\"elementor-element elementor-element-88151a8 elementor-widget elementor-widget-text-editor\" data-id=\"88151a8\" data-element_type=\"widget\" data-e-type=\"widget\" data-widget_type=\"text-editor.default\">\n\t\t\t\t<div class=\"elementor-widget-container\">\n\t\t\t\t\t\t\t\t\t<p><strong><br \/><br \/><br \/>Date and time:<\/strong><\/p><ul><li>13 December 2023<ul><li>10:00 to 13:00 (Colombia, Ecuador, Peru)<\/li><li>12:00 to 15:00 (Brazil)<\/li><li>16:00 to 19:00 (Europe)<br \/><br \/><\/li><\/ul><\/li><\/ul><ul><li>14 December 2023<ul><li>08:00 to 12:45 (Colombia, Ecuador, Peru)<\/li><li>10:00 to 14:45 (Brazil)<\/li><li>14:00 to 18:45 (Europe)<\/li><\/ul><\/li><\/ul><p><b><br \/>Format:<\/b> virtual<\/p>\t\t\t\t\t\t\t\t<\/div>\n\t\t\t\t<\/div>\n\t\t\t\t\t<\/div>\n\t\t<\/div>\n\t\t\t\t\t<\/div>\n\t\t<\/section>\n\t\t\t\t\t<\/div>\n\t\t<\/div>\n\t\t\t\t\t<\/div>\n\t\t<\/section>\n\t\t\t\t<section class=\"elementor-section elementor-top-section elementor-element elementor-element-308db78 elementor-section-boxed elementor-section-height-default elementor-section-height-default\" data-id=\"308db78\" data-element_type=\"section\" data-e-type=\"section\">\n\t\t\t\t\t\t<div class=\"elementor-container elementor-column-gap-default\">\n\t\t\t\t\t<div class=\"elementor-column elementor-col-100 elementor-top-column elementor-element elementor-element-eaf87ec\" data-id=\"eaf87ec\" data-element_type=\"column\" data-e-type=\"column\">\n\t\t\t<div class=\"elementor-widget-wrap elementor-element-populated\">\n\t\t\t\t\t\t<section class=\"elementor-section elementor-inner-section elementor-element elementor-element-e9b473c elementor-section-boxed elementor-section-height-default elementor-section-height-default\" data-id=\"e9b473c\" data-element_type=\"section\" data-e-type=\"section\">\n\t\t\t\t\t\t<div class=\"elementor-container elementor-column-gap-default\">\n\t\t\t\t\t<div class=\"elementor-column elementor-col-50 elementor-inner-column elementor-element elementor-element-8717a0a\" data-id=\"8717a0a\" data-element_type=\"column\" data-e-type=\"column\">\n\t\t\t<div class=\"elementor-widget-wrap elementor-element-populated\">\n\t\t\t\t\t\t<div class=\"elementor-element elementor-element-0259293 elementor-widget elementor-widget-heading\" data-id=\"0259293\" data-element_type=\"widget\" data-e-type=\"widget\" data-widget_type=\"heading.default\">\n\t\t\t\t<div class=\"elementor-widget-container\">\n\t\t\t\t\t<h2 class=\"elementor-heading-title elementor-size-default\">13 December<\/h2>\t\t\t\t<\/div>\n\t\t\t\t<\/div>\n\t\t\t\t\t<\/div>\n\t\t<\/div>\n\t\t\t\t<div class=\"elementor-column elementor-col-50 elementor-inner-column elementor-element elementor-element-cf5a81b\" data-id=\"cf5a81b\" data-element_type=\"column\" data-e-type=\"column\">\n\t\t\t<div class=\"elementor-widget-wrap elementor-element-populated\">\n\t\t\t\t\t\t<div class=\"elementor-element elementor-element-4226eee elementor-widget elementor-widget-heading\" data-id=\"4226eee\" data-element_type=\"widget\" data-e-type=\"widget\" data-widget_type=\"heading.default\">\n\t\t\t\t<div class=\"elementor-widget-container\">\n\t\t\t\t\t<h2 class=\"elementor-heading-title elementor-size-default\">14 December<\/h2>\t\t\t\t<\/div>\n\t\t\t\t<\/div>\n\t\t\t\t\t<\/div>\n\t\t<\/div>\n\t\t\t\t\t<\/div>\n\t\t<\/section>\n\t\t\t\t<section class=\"elementor-section elementor-inner-section elementor-element elementor-element-b552e78 elementor-section-boxed elementor-section-height-default elementor-section-height-default\" data-id=\"b552e78\" data-element_type=\"section\" data-e-type=\"section\">\n\t\t\t\t\t\t<div class=\"elementor-container elementor-column-gap-default\">\n\t\t\t\t\t<div class=\"elementor-column elementor-col-50 elementor-inner-column elementor-element elementor-element-82f1435\" data-id=\"82f1435\" data-element_type=\"column\" data-e-type=\"column\">\n\t\t\t<div class=\"elementor-widget-wrap elementor-element-populated\">\n\t\t\t\t\t\t<div class=\"elementor-element elementor-element-6d242e1 elementor-widget elementor-widget-text-editor\" data-id=\"6d242e1\" data-element_type=\"widget\" data-e-type=\"widget\" data-widget_type=\"text-editor.default\">\n\t\t\t\t<div class=\"elementor-widget-container\">\n\t\t\t\t\t\t\t\t\t<p><strong><b>10:00 - 10:40 Opening of the event<\/b><br \/><\/strong><\/p><ul><li aria-level=\"1\">Luis Felipe Quintero Su\u00e1rez, Vice-Minister of Foreign Trade, Ministry of Trade, Industry and Tourism (MINCIT) of Colombia.<\/li><li aria-level=\"1\">Alberto Menghini, Head of Cooperation, Delegation of the European Union to Colombia.<\/li><li aria-level=\"1\">Luis Enrique Duss\u00e1n L\u00f3pez, Governor of Huila (to be confirmed).<\/li><\/ul><p><b><br \/>10:40 - 11:00 Presentation of the event<\/b><\/p><ul><li aria-level=\"1\">Lina Marcela Carrera, Executive President, Chamber of Commerce of Huila<\/li><li aria-level=\"1\">Juliana Villegas, Vice President of Exports, ProColombia.<\/li><li aria-level=\"1\">Sonsoles Mories, Director of Economic Development and Environment, Fundaci\u00f3n Internacional y para Iberoam\u00e9rica de Administraci\u00f3n y Pol\u00edticas P\u00fablicas (FIIAPP) \/ AL-INVEST Verde.<\/li><li aria-level=\"1\">Vanusia Nogueira, Executive Director, International Coffee Organization (ICO) (online).<\/li><\/ul><p><strong><br \/><\/strong><strong><b>11:00 - 12:00 Presentation of the EU Regulation 1115\/2023 on Deforestation and Forest Degradation Free Supply Chains (EUDR)<\/b>) <br \/><\/strong><\/p><ul><li>Fr\u00e9deric Baron, Representative of the European Forest Institute (EFI)<b>.<\/b><\/li><\/ul><p><strong><br \/>12:00 - 13:00 Discussion and question session<\/strong><\/p><ul><li>Moderated by: Emilio Calvo, Director of Component 2 of <br \/>AL-INVEST Verde<\/li><\/ul>\t\t\t\t\t\t\t\t<\/div>\n\t\t\t\t<\/div>\n\t\t\t\t\t<\/div>\n\t\t<\/div>\n\t\t\t\t<div class=\"elementor-column elementor-col-50 elementor-inner-column elementor-element elementor-element-405815f\" data-id=\"405815f\" data-element_type=\"column\" data-e-type=\"column\">\n\t\t\t<div class=\"elementor-widget-wrap elementor-element-populated\">\n\t\t\t\t\t\t<div class=\"elementor-element elementor-element-b109575 elementor-widget elementor-widget-text-editor\" data-id=\"b109575\" data-element_type=\"widget\" data-e-type=\"widget\" data-widget_type=\"text-editor.default\">\n\t\t\t\t<div class=\"elementor-widget-container\">\n\t\t\t\t\t\t\t\t\t<p><strong>08:00 - 09:45 Experiences of coffee traceability and sustainability in Latin America<\/strong><\/p><ul><li aria-level=\"1\">Presentation of experiences:<ul><li aria-level=\"2\">Selo Verde, Minas Gerais, Brazil.<\/li><li aria-level=\"2\">Ministry of Agriculture, Livestock and Supply (MAPA), Brazil.<\/li><li aria-level=\"2\">Conselho dos Exportadores de Caf\u00e9 (CECAFE), Brazil.<\/li><li aria-level=\"2\">National Federation of Coffee Growers (FNC), Colombia.<\/li><li aria-level=\"2\">Instituto del Caf\u00e9 (ICAFE), Costa Rica.<\/li><li aria-level=\"2\">BPA+ Programme, Agencia de Regulaci\u00f3n y Control Fito y Zoosanitario (AGROCALIDAD), Ecuador.<\/li><li aria-level=\"2\">Coordinadora Latinoamericana y del Caribe de Peque\u00f1os (as) Productores(as) y Trabajadores(as) de Comercio Justo (CLAC) (to be confirmed).<\/li><li aria-level=\"2\">Padr\u00f3n de Productores Agrarios, Ministry of Agrarian Development and Irrigation (MIDAGRI), Peru.<br \/><br \/><\/li><\/ul><\/li><\/ul><ul><li>Moderator: Andrea Monaco, Senior Programme Manager of Component 2 of AL-INVEST Verde.<\/li><\/ul><p><strong><br \/><b>09:45 - 11:45 Roundtable \"Advances in due diligence and traceability of coffee in Latin America\".<\/b><br \/><\/strong><\/p><ul><li>Moderator: Claudio Marconi, AL-INVEST Verde expert<\/li><\/ul><p><strong><br \/>11:45 - 12:00 <\/strong><strong>Conclusions<\/strong><\/p><ul><li>Emilio Calvo, Director of AL-INVEST Verde Component 2<\/li><\/ul><p><strong><b><br \/>12:00 - 12:10<\/b> Closure<\/strong><\/p><ul><li>Mayor of Pitalito<\/li><\/ul>\t\t\t\t\t\t\t\t<\/div>\n\t\t\t\t<\/div>\n\t\t\t\t\t<\/div>\n\t\t<\/div>\n\t\t\t\t\t<\/div>\n\t\t<\/section>\n\t\t\t\t\t<\/div>\n\t\t<\/div>\n\t\t\t\t\t<\/div>\n\t\t<\/section>\n\t\t\t\t<section class=\"elementor-section elementor-top-section elementor-element elementor-element-42bcad4 elementor-section-boxed elementor-section-height-default elementor-section-height-default\" data-id=\"42bcad4\" data-element_type=\"section\" data-e-type=\"section\">\n\t\t\t\t\t\t<div class=\"elementor-container elementor-column-gap-default\">\n\t\t\t\t\t<div class=\"elementor-column elementor-col-100 elementor-top-column elementor-element elementor-element-4a30e9f\" data-id=\"4a30e9f\" data-element_type=\"column\" data-e-type=\"column\">\n\t\t\t<div class=\"elementor-widget-wrap elementor-element-populated\">\n\t\t\t\t\t\t<div class=\"elementor-element elementor-element-c5cb116 elementor-widget elementor-widget-heading\" data-id=\"c5cb116\" data-element_type=\"widget\" data-e-type=\"widget\" data-widget_type=\"heading.default\">\n\t\t\t\t<div class=\"elementor-widget-container\">\n\t\t\t\t\t<h2 class=\"elementor-heading-title elementor-size-default\">CONNECTION LINK (ZOOM)<\/h2>\t\t\t\t<\/div>\n\t\t\t\t<\/div>\n\t\t\t\t\t<\/div>\n\t\t<\/div>\n\t\t\t\t\t<\/div>\n\t\t<\/section>\n\t\t\t\t<section class=\"elementor-section elementor-top-section elementor-element elementor-element-aacedaf elementor-section-boxed elementor-section-height-default elementor-section-height-default\" data-id=\"aacedaf\" data-element_type=\"section\" data-e-type=\"section\">\n\t\t\t\t\t\t<div class=\"elementor-container elementor-column-gap-default\">\n\t\t\t\t\t<div class=\"elementor-column elementor-col-100 elementor-top-column elementor-element elementor-element-d4d12b9\" data-id=\"d4d12b9\" data-element_type=\"column\" data-e-type=\"column\">\n\t\t\t<div class=\"elementor-widget-wrap elementor-element-populated\">\n\t\t\t\t\t\t<section class=\"elementor-section elementor-inner-section elementor-element elementor-element-9ce3a79 elementor-section-boxed elementor-section-height-default elementor-section-height-default\" data-id=\"9ce3a79\" data-element_type=\"section\" data-e-type=\"section\">\n\t\t\t\t\t\t<div class=\"elementor-container elementor-column-gap-default\">\n\t\t\t\t\t<div class=\"elementor-column elementor-col-50 elementor-inner-column elementor-element elementor-element-eef8d29\" data-id=\"eef8d29\" data-element_type=\"column\" data-e-type=\"column\">\n\t\t\t<div class=\"elementor-widget-wrap elementor-element-populated\">\n\t\t\t\t\t\t<div class=\"elementor-element elementor-element-2b99989 elementor-widget__width-initial elementor-view-default elementor-widget elementor-widget-icon\" data-id=\"2b99989\" data-element_type=\"widget\" data-e-type=\"widget\" data-widget_type=\"icon.default\">\n\t\t\t\t<div class=\"elementor-widget-container\">\n\t\t\t\t\t\t\t<div class=\"elementor-icon-wrapper\">\n\t\t\t<div class=\"elementor-icon\">\n\t\t\t<i aria-hidden=\"true\" class=\"fas fa-link\"><\/i>\t\t\t<\/div>\n\t\t<\/div>\n\t\t\t\t\t\t<\/div>\n\t\t\t\t<\/div>\n\t\t\t\t\t<\/div>\n\t\t<\/div>\n\t\t\t\t<div class=\"elementor-column elementor-col-50 elementor-inner-column elementor-element elementor-element-403540c\" data-id=\"403540c\" data-element_type=\"column\" data-e-type=\"column\">\n\t\t\t<div class=\"elementor-widget-wrap elementor-element-populated\">\n\t\t\t\t\t\t<div class=\"elementor-element elementor-element-9832f4f elementor-widget__width-initial elementor-widget elementor-widget-text-editor\" data-id=\"9832f4f\" data-element_type=\"widget\" data-e-type=\"widget\" data-widget_type=\"text-editor.default\">\n\t\t\t\t<div class=\"elementor-widget-container\">\n\t\t\t\t\t\t\t\t\t<ul><li><strong>13 December:<\/strong> <a href=\"https:\/\/us06web.zoom.us\/j\/82348053282?pwd=8lMteOEJc2o5fphHDkhOAbrdc10zGN.1\">https:\/\/us06web.zoom.us\/j\/82348053282?pwd=8lMteOEJc2o5fphHDkhOAbrdc10zGN.1<\/a><\/li><li><strong>14 December:<\/strong> <a href=\"https:\/\/us06web.zoom.us\/j\/83743725686\">https:\/\/us06web.zoom.us\/j\/83743725686<\/a><\/li><\/ul>\t\t\t\t\t\t\t\t<\/div>\n\t\t\t\t<\/div>\n\t\t\t\t\t<\/div>\n\t\t<\/div>\n\t\t\t\t\t<\/div>\n\t\t<\/section>\n\t\t\t\t\t<\/div>\n\t\t<\/div>\n\t\t\t\t\t<\/div>\n\t\t<\/section>\n\t\t\t\t<\/div>","protected":false},"excerpt":{"rendered":"<p>CONFERENCIA DE CIERRE Fecha y hora: 13 de diciembre de 2023 10:00 a 13:00 (Colombia, Ecuador, Per\u00fa) 12:00 a 15:00 (Brasil) 16:00 a 19:00 (Europa) 14 de diciembre de 2023 08:00 a 12:45 (Colombia, Ecuador, Per\u00fa) 10:00 a 14:45 (Brasil) 14:00 a 18:45 (Europa) Formato: virtual 13 de diciembre 14 de diciembre 10:00 &#8211; 10:40 [&hellip;]<\/p>\n","protected":false},"author":6,"featured_media":0,"parent":0,"menu_order":0,"comment_status":"closed","ping_status":"closed","template":"","meta":{"footnotes":""},"class_list":["post-9779","page","type-page","status-publish","hentry"],"yoast_head":"<!-- This site is optimized with the Yoast SEO plugin v28.4 - https:\/\/yoast.com\/product\/yoast-seo-wordpress\/ -->\n<title>Di\u00e1logos sobre caf\u00e9 sostenible - Programme AL-INVEST Verde<\/title>\n<meta name=\"robots\" content=\"index, follow, max-snippet:-1, max-image-preview:large, max-video-preview:-1\" \/>\n<link rel=\"canonical\" href=\"https:\/\/alinvest-verde.eu\/en_gb\/dialogos-sobre-cafe-sostenible\/\" \/>\n<meta property=\"og:locale\" content=\"en_GB\" \/>\n<meta property=\"og:type\" content=\"article\" \/>\n<meta property=\"og:title\" content=\"Di\u00e1logos sobre caf\u00e9 sostenible - Programme AL-INVEST Verde\" \/>\n<meta property=\"og:description\" content=\"CONFERENCIA DE CIERRE Fecha y hora: 13 de diciembre de 2023 10:00 a 13:00 (Colombia, Ecuador, Per\u00fa) 12:00 a 15:00 (Brasil) 16:00 a 19:00 (Europa) 14 de diciembre de 2023 08:00 a 12:45 (Colombia, Ecuador, Per\u00fa) 10:00 a 14:45 (Brasil) 14:00 a 18:45 (Europa) Formato: virtual 13 de diciembre 14 de diciembre 10:00 &#8211; 10:40 [&hellip;]\" \/>\n<meta property=\"og:url\" content=\"https:\/\/alinvest-verde.eu\/en_gb\/dialogos-sobre-cafe-sostenible\/\" \/>\n<meta property=\"og:site_name\" content=\"Programme AL-INVEST Verde\" \/>\n<meta property=\"article:modified_time\" content=\"2023-12-05T15:30:58+00:00\" \/>\n<meta property=\"og:image\" content=\"https:\/\/alinvest-verde.eu\/wp-content\/uploads\/2023\/12\/version-web-redes_colombia_cierre-cafe-1024x893.jpg\" \/>\n<meta name=\"twitter:card\" content=\"summary_large_image\" \/>\n<meta name=\"twitter:label1\" content=\"Estimated reading time\" \/>\n\t<meta name=\"twitter:data1\" content=\"2 minutes\" \/>\n<script type=\"application\/ld+json\" class=\"yoast-schema-graph\">{\"@context\":\"https:\\\/\\\/schema.org\",\"@graph\":[{\"@type\":\"WebPage\",\"@id\":\"https:\\\/\\\/alinvest-verde.eu\\\/dialogos-sobre-cafe-sostenible\\\/\",\"url\":\"https:\\\/\\\/alinvest-verde.eu\\\/dialogos-sobre-cafe-sostenible\\\/\",\"name\":\"Di\u00e1logos sobre caf\u00e9 sostenible - Programme AL-INVEST Verde\",\"isPartOf\":{\"@id\":\"https:\\\/\\\/alinvest-verde.eu\\\/#website\"},\"primaryImageOfPage\":{\"@id\":\"https:\\\/\\\/alinvest-verde.eu\\\/dialogos-sobre-cafe-sostenible\\\/#primaryimage\"},\"image\":{\"@id\":\"https:\\\/\\\/alinvest-verde.eu\\\/dialogos-sobre-cafe-sostenible\\\/#primaryimage\"},\"thumbnailUrl\":\"https:\\\/\\\/alinvest-verde.eu\\\/wp-content\\\/uploads\\\/2023\\\/12\\\/version-web-redes_colombia_cierre-cafe-1024x893.jpg\",\"datePublished\":\"2023-12-04T09:57:14+00:00\",\"dateModified\":\"2023-12-05T15:30:58+00:00\",\"breadcrumb\":{\"@id\":\"https:\\\/\\\/alinvest-verde.eu\\\/dialogos-sobre-cafe-sostenible\\\/#breadcrumb\"},\"inLanguage\":\"en-GB\",\"potentialAction\":[{\"@type\":\"ReadAction\",\"target\":[\"https:\\\/\\\/alinvest-verde.eu\\\/dialogos-sobre-cafe-sostenible\\\/\"]}]},{\"@type\":\"ImageObject\",\"inLanguage\":\"en-GB\",\"@id\":\"https:\\\/\\\/alinvest-verde.eu\\\/dialogos-sobre-cafe-sostenible\\\/#primaryimage\",\"url\":\"https:\\\/\\\/alinvest-verde.eu\\\/wp-content\\\/uploads\\\/2023\\\/12\\\/version-web-redes_colombia_cierre-cafe-1024x893.jpg\",\"contentUrl\":\"https:\\\/\\\/alinvest-verde.eu\\\/wp-content\\\/uploads\\\/2023\\\/12\\\/version-web-redes_colombia_cierre-cafe-1024x893.jpg\"},{\"@type\":\"BreadcrumbList\",\"@id\":\"https:\\\/\\\/alinvest-verde.eu\\\/dialogos-sobre-cafe-sostenible\\\/#breadcrumb\",\"itemListElement\":[{\"@type\":\"ListItem\",\"position\":1,\"name\":\"Inicio\",\"item\":\"https:\\\/\\\/alinvest-verde.eu\\\/\"},{\"@type\":\"ListItem\",\"position\":2,\"name\":\"Di\u00e1logos sobre caf\u00e9 sostenible\"}]},{\"@type\":\"WebSite\",\"@id\":\"https:\\\/\\\/alinvest-verde.eu\\\/#website\",\"url\":\"https:\\\/\\\/alinvest-verde.eu\\\/\",\"name\":\"Programme AL-INVEST Verde\",\"description\":\"Building alliances with the private sector in LA and promote sustainable growth and jobs creation by supporting the transition towards a low-carbon, resource-efficient economy\",\"publisher\":{\"@id\":\"https:\\\/\\\/alinvest-verde.eu\\\/#organization\"},\"potentialAction\":[{\"@type\":\"SearchAction\",\"target\":{\"@type\":\"EntryPoint\",\"urlTemplate\":\"https:\\\/\\\/alinvest-verde.eu\\\/?s={search_term_string}\"},\"query-input\":{\"@type\":\"PropertyValueSpecification\",\"valueRequired\":true,\"valueName\":\"search_term_string\"}}],\"inLanguage\":\"en-GB\"},{\"@type\":\"Organization\",\"@id\":\"https:\\\/\\\/alinvest-verde.eu\\\/#organization\",\"name\":\"Programme AL-INVEST Verde\",\"url\":\"https:\\\/\\\/alinvest-verde.eu\\\/\",\"logo\":{\"@type\":\"ImageObject\",\"inLanguage\":\"en-GB\",\"@id\":\"https:\\\/\\\/alinvest-verde.eu\\\/#\\\/schema\\\/logo\\\/image\\\/\",\"url\":\"https:\\\/\\\/alinvest-verde.eu\\\/wp-content\\\/uploads\\\/2022\\\/01\\\/cropped-logo-financiado-por-la-UE.jpg\",\"contentUrl\":\"https:\\\/\\\/alinvest-verde.eu\\\/wp-content\\\/uploads\\\/2022\\\/01\\\/cropped-logo-financiado-por-la-UE.jpg\",\"width\":756,\"height\":216,\"caption\":\"Programme AL-INVEST Verde\"},\"image\":{\"@id\":\"https:\\\/\\\/alinvest-verde.eu\\\/#\\\/schema\\\/logo\\\/image\\\/\"}}]}<\/script>\n<!-- \/ Yoast SEO plugin. -->","yoast_head_json":{"title":"Dialogues on Sustainable Coffee \u2013 Programme AL-INVEST Verde","robots":{"index":"index","follow":"follow","max-snippet":"max-snippet:-1","max-image-preview":"max-image-preview:large","max-video-preview":"max-video-preview:-1"},"canonical":"https:\/\/alinvest-verde.eu\/en_gb\/dialogos-sobre-cafe-sostenible\/","og_locale":"en_GB","og_type":"article","og_title":"Di\u00e1logos sobre caf\u00e9 sostenible - Programme AL-INVEST Verde","og_description":"CONFERENCIA DE CIERRE Fecha y hora: 13 de diciembre de 2023 10:00 a 13:00 (Colombia, Ecuador, Per\u00fa) 12:00 a 15:00 (Brasil) 16:00 a 19:00 (Europa) 14 de diciembre de 2023 08:00 a 12:45 (Colombia, Ecuador, Per\u00fa) 10:00 a 14:45 (Brasil) 14:00 a 18:45 (Europa) Formato: virtual 13 de diciembre 14 de diciembre 10:00 &#8211; 10:40 [&hellip;]","og_url":"https:\/\/alinvest-verde.eu\/en_gb\/dialogos-sobre-cafe-sostenible\/","og_site_name":"Programme AL-INVEST Verde","article_modified_time":"2023-12-05T15:30:58+00:00","og_image":[{"url":"https:\/\/alinvest-verde.eu\/wp-content\/uploads\/2023\/12\/version-web-redes_colombia_cierre-cafe-1024x893.jpg","type":"","width":"","height":""}],"twitter_card":"summary_large_image","twitter_misc":{"Estimated reading time":"2 minutes"},"schema":{"@context":"https:\/\/schema.org","@graph":[{"@type":"WebPage","@id":"https:\/\/alinvest-verde.eu\/dialogos-sobre-cafe-sostenible\/","url":"https:\/\/alinvest-verde.eu\/dialogos-sobre-cafe-sostenible\/","name":"Dialogues on Sustainable Coffee \u2013 Programme AL-INVEST Verde","isPartOf":{"@id":"https:\/\/alinvest-verde.eu\/#website"},"primaryImageOfPage":{"@id":"https:\/\/alinvest-verde.eu\/dialogos-sobre-cafe-sostenible\/#primaryimage"},"image":{"@id":"https:\/\/alinvest-verde.eu\/dialogos-sobre-cafe-sostenible\/#primaryimage"},"thumbnailUrl":"https:\/\/alinvest-verde.eu\/wp-content\/uploads\/2023\/12\/version-web-redes_colombia_cierre-cafe-1024x893.jpg","datePublished":"2023-12-04T09:57:14+00:00","dateModified":"2023-12-05T15:30:58+00:00","breadcrumb":{"@id":"https:\/\/alinvest-verde.eu\/dialogos-sobre-cafe-sostenible\/#breadcrumb"},"inLanguage":"en-GB","potentialAction":[{"@type":"ReadAction","target":["https:\/\/alinvest-verde.eu\/dialogos-sobre-cafe-sostenible\/"]}]},{"@type":"ImageObject","inLanguage":"en-GB","@id":"https:\/\/alinvest-verde.eu\/dialogos-sobre-cafe-sostenible\/#primaryimage","url":"https:\/\/alinvest-verde.eu\/wp-content\/uploads\/2023\/12\/version-web-redes_colombia_cierre-cafe-1024x893.jpg","contentUrl":"https:\/\/alinvest-verde.eu\/wp-content\/uploads\/2023\/12\/version-web-redes_colombia_cierre-cafe-1024x893.jpg"},{"@type":"BreadcrumbList","@id":"https:\/\/alinvest-verde.eu\/dialogos-sobre-cafe-sostenible\/#breadcrumb","itemListElement":[{"@type":"ListItem","position":1,"name":"Inicio","item":"https:\/\/alinvest-verde.eu\/"},{"@type":"ListItem","position":2,"name":"Di\u00e1logos sobre caf\u00e9 sostenible"}]},{"@type":"WebSite","@id":"https:\/\/alinvest-verde.eu\/#website","url":"https:\/\/alinvest-verde.eu\/","name":"Programme AL-INVEST Verde","description":"Building alliances with the private sector in LA and promote sustainable growth and jobs creation by supporting the transition towards a low-carbon, resource-efficient economy","publisher":{"@id":"https:\/\/alinvest-verde.eu\/#organization"},"potentialAction":[{"@type":"SearchAction","target":{"@type":"EntryPoint","urlTemplate":"https:\/\/alinvest-verde.eu\/?s={search_term_string}"},"query-input":{"@type":"PropertyValueSpecification","valueRequired":true,"valueName":"search_term_string"}}],"inLanguage":"en-GB"},{"@type":"Organization","@id":"https:\/\/alinvest-verde.eu\/#organization","name":"Programme AL-INVEST Verde","url":"https:\/\/alinvest-verde.eu\/","logo":{"@type":"ImageObject","inLanguage":"en-GB","@id":"https:\/\/alinvest-verde.eu\/#\/schema\/logo\/image\/","url":"https:\/\/alinvest-verde.eu\/wp-content\/uploads\/2022\/01\/cropped-logo-financiado-por-la-UE.jpg","contentUrl":"https:\/\/alinvest-verde.eu\/wp-content\/uploads\/2022\/01\/cropped-logo-financiado-por-la-UE.jpg","width":756,"height":216,"caption":"Programme AL-INVEST Verde"},"image":{"@id":"https:\/\/alinvest-verde.eu\/#\/schema\/logo\/image\/"}}]}},"_links":{"self":[{"href":"https:\/\/alinvest-verde.eu\/en_gb\/wp-json\/wp\/v2\/pages\/9779","targetHints":{"allow":["GET"]}}],"collection":[{"href":"https:\/\/alinvest-verde.eu\/en_gb\/wp-json\/wp\/v2\/pages"}],"about":[{"href":"https:\/\/alinvest-verde.eu\/en_gb\/wp-json\/wp\/v2\/types\/page"}],"author":[{"embeddable":true,"href":"https:\/\/alinvest-verde.eu\/en_gb\/wp-json\/wp\/v2\/users\/6"}],"replies":[{"embeddable":true,"href":"https:\/\/alinvest-verde.eu\/en_gb\/wp-json\/wp\/v2\/comments?post=9779"}],"version-history":[{"count":5,"href":"https:\/\/alinvest-verde.eu\/en_gb\/wp-json\/wp\/v2\/pages\/9779\/revisions"}],"predecessor-version":[{"id":9903,"href":"https:\/\/alinvest-verde.eu\/en_gb\/wp-json\/wp\/v2\/pages\/9779\/revisions\/9903"}],"wp:attachment":[{"href":"https:\/\/alinvest-verde.eu\/en_gb\/wp-json\/wp\/v2\/media?parent=9779"}],"curies":[{"name":"wp","href":"https:\/\/api.w.org\/{rel}","templated":true}]}}