{"id":19965,"date":"2025-11-26T02:51:00","date_gmt":"2025-11-26T01:51:00","guid":{"rendered":"https:\/\/alinvest-verde.eu\/?post_type=videos&#038;p=19965"},"modified":"2025-11-26T02:51:00","modified_gmt":"2025-11-26T01:51:00","slug":"fortalecimiento-de-la-competitividad-de-bogota-a-traves-de-la-promocion-de-la-economia-circular","status":"publish","type":"videos","link":"https:\/\/alinvest-verde.eu\/en_gb\/videos\/fortalecimiento-de-la-competitividad-de-bogota-a-traves-de-la-promocion-de-la-economia-circular\/","title":{"rendered":"Strengthening Bogot\u00e1's competitiveness through the promotion of the circular economy"},"content":{"rendered":"<p class=\"wp-block-paragraph\">As part of Component 1, the Bogot\u00e1 Chamber of Commerce successfully completed the project \u201cStrengthening the competitiveness of the Bogot\u00e1 Region through the promotion of the circular economy\u201d, an initiative that helped dozens of MSMEs transform the way they produce, innovate and grow with purpose.<\/p>","protected":false},"featured_media":0,"template":"","meta":[],"class_list":["post-19965","videos","type-videos","status-publish","hentry"],"yoast_head":"<!-- This site is optimized with the Yoast SEO plugin v28.4 - https:\/\/yoast.com\/product\/yoast-seo-wordpress\/ -->\n<title>Fortalecimiento de la competitividad de Bogot\u00e1, a trav\u00e9s de la promoci\u00f3n de la econom\u00eda circular - Programme AL-INVEST Verde<\/title>\n<meta name=\"robots\" content=\"index, follow, max-snippet:-1, max-image-preview:large, max-video-preview:-1\" \/>\n<link rel=\"canonical\" href=\"https:\/\/alinvest-verde.eu\/en_gb\/videos\/fortalecimiento-de-la-competitividad-de-bogota-a-traves-de-la-promocion-de-la-economia-circular\/\" \/>\n<meta property=\"og:locale\" content=\"en_GB\" \/>\n<meta property=\"og:type\" content=\"article\" \/>\n<meta property=\"og:title\" content=\"Fortalecimiento de la competitividad de Bogot\u00e1, a trav\u00e9s de la promoci\u00f3n de la econom\u00eda circular - Programme AL-INVEST Verde\" \/>\n<meta property=\"og:description\" content=\"En el marco de la Acci\u00f3n del Componente 1, la C\u00e1mara de Comercio de Bogot\u00e1 finaliz\u00f3 con \u00e9xito el proyecto \u201cFortalecimiento de la competitividad de Bogot\u00e1 Regi\u00f3n a trav\u00e9s de la promoci\u00f3n de la econom\u00eda circular\u201d, una iniciativa que ayud\u00f3 a decenas de mipymes a transformar su manera de producir, innovar y crecer con prop\u00f3sito.\" \/>\n<meta property=\"og:url\" content=\"https:\/\/alinvest-verde.eu\/en_gb\/videos\/fortalecimiento-de-la-competitividad-de-bogota-a-traves-de-la-promocion-de-la-economia-circular\/\" \/>\n<meta property=\"og:site_name\" content=\"Programme AL-INVEST Verde\" \/>\n<meta property=\"og:image\" content=\"https:\/\/alinvest-verde.eu\/wp-content\/uploads\/2022\/05\/money-g931d55623_1920.jpg\" \/>\n\t<meta property=\"og:image:width\" content=\"1920\" \/>\n\t<meta property=\"og:image:height\" content=\"960\" \/>\n\t<meta property=\"og:image:type\" content=\"image\/jpeg\" \/>\n<meta name=\"twitter:card\" content=\"summary_large_image\" \/>\n<meta name=\"twitter:label1\" content=\"Estimated reading time\" \/>\n\t<meta name=\"twitter:data1\" content=\"1 minute\" \/>\n<script type=\"application\/ld+json\" class=\"yoast-schema-graph\">{\"@context\":\"https:\\\/\\\/schema.org\",\"@graph\":[{\"@type\":\"WebPage\",\"@id\":\"https:\\\/\\\/alinvest-verde.eu\\\/videos\\\/fortalecimiento-de-la-competitividad-de-bogota-a-traves-de-la-promocion-de-la-economia-circular\\\/\",\"url\":\"https:\\\/\\\/alinvest-verde.eu\\\/videos\\\/fortalecimiento-de-la-competitividad-de-bogota-a-traves-de-la-promocion-de-la-economia-circular\\\/\",\"name\":\"Fortalecimiento de la competitividad de Bogot\u00e1, a trav\u00e9s de la promoci\u00f3n de la econom\u00eda circular - Programme AL-INVEST Verde\",\"isPartOf\":{\"@id\":\"https:\\\/\\\/alinvest-verde.eu\\\/#website\"},\"datePublished\":\"2025-11-26T01:51:00+00:00\",\"breadcrumb\":{\"@id\":\"https:\\\/\\\/alinvest-verde.eu\\\/videos\\\/fortalecimiento-de-la-competitividad-de-bogota-a-traves-de-la-promocion-de-la-economia-circular\\\/#breadcrumb\"},\"inLanguage\":\"en-GB\",\"potentialAction\":[{\"@type\":\"ReadAction\",\"target\":[\"https:\\\/\\\/alinvest-verde.eu\\\/videos\\\/fortalecimiento-de-la-competitividad-de-bogota-a-traves-de-la-promocion-de-la-economia-circular\\\/\"]}]},{\"@type\":\"BreadcrumbList\",\"@id\":\"https:\\\/\\\/alinvest-verde.eu\\\/videos\\\/fortalecimiento-de-la-competitividad-de-bogota-a-traves-de-la-promocion-de-la-economia-circular\\\/#breadcrumb\",\"itemListElement\":[{\"@type\":\"ListItem\",\"position\":1,\"name\":\"Inicio\",\"item\":\"https:\\\/\\\/alinvest-verde.eu\\\/\"},{\"@type\":\"ListItem\",\"position\":2,\"name\":\"Fortalecimiento de la competitividad de Bogot\u00e1, a trav\u00e9s de la promoci\u00f3n de la econom\u00eda circular\"}]},{\"@type\":\"WebSite\",\"@id\":\"https:\\\/\\\/alinvest-verde.eu\\\/#website\",\"url\":\"https:\\\/\\\/alinvest-verde.eu\\\/\",\"name\":\"Programme AL-INVEST Verde\",\"description\":\"Building alliances with the private sector in LA and promote sustainable growth and jobs creation by supporting the transition towards a low-carbon, resource-efficient economy\",\"publisher\":{\"@id\":\"https:\\\/\\\/alinvest-verde.eu\\\/#organization\"},\"potentialAction\":[{\"@type\":\"SearchAction\",\"target\":{\"@type\":\"EntryPoint\",\"urlTemplate\":\"https:\\\/\\\/alinvest-verde.eu\\\/?s={search_term_string}\"},\"query-input\":{\"@type\":\"PropertyValueSpecification\",\"valueRequired\":true,\"valueName\":\"search_term_string\"}}],\"inLanguage\":\"en-GB\"},{\"@type\":\"Organization\",\"@id\":\"https:\\\/\\\/alinvest-verde.eu\\\/#organization\",\"name\":\"Programme AL-INVEST Verde\",\"url\":\"https:\\\/\\\/alinvest-verde.eu\\\/\",\"logo\":{\"@type\":\"ImageObject\",\"inLanguage\":\"en-GB\",\"@id\":\"https:\\\/\\\/alinvest-verde.eu\\\/#\\\/schema\\\/logo\\\/image\\\/\",\"url\":\"https:\\\/\\\/alinvest-verde.eu\\\/wp-content\\\/uploads\\\/2022\\\/01\\\/cropped-logo-financiado-por-la-UE.jpg\",\"contentUrl\":\"https:\\\/\\\/alinvest-verde.eu\\\/wp-content\\\/uploads\\\/2022\\\/01\\\/cropped-logo-financiado-por-la-UE.jpg\",\"width\":756,\"height\":216,\"caption\":\"Programme AL-INVEST Verde\"},\"image\":{\"@id\":\"https:\\\/\\\/alinvest-verde.eu\\\/#\\\/schema\\\/logo\\\/image\\\/\"}}]}<\/script>\n<!-- \/ Yoast SEO plugin. -->","yoast_head_json":{"title":"Fortalecimiento de la competitividad de Bogot\u00e1, a trav\u00e9s de la promoci\u00f3n de la econom\u00eda circular - Programme AL-INVEST Verde","robots":{"index":"index","follow":"follow","max-snippet":"max-snippet:-1","max-image-preview":"max-image-preview:large","max-video-preview":"max-video-preview:-1"},"canonical":"https:\/\/alinvest-verde.eu\/en_gb\/videos\/fortalecimiento-de-la-competitividad-de-bogota-a-traves-de-la-promocion-de-la-economia-circular\/","og_locale":"en_GB","og_type":"article","og_title":"Fortalecimiento de la competitividad de Bogot\u00e1, a trav\u00e9s de la promoci\u00f3n de la econom\u00eda circular - Programme AL-INVEST Verde","og_description":"En el marco de la Acci\u00f3n del Componente 1, la C\u00e1mara de Comercio de Bogot\u00e1 finaliz\u00f3 con \u00e9xito el proyecto \u201cFortalecimiento de la competitividad de Bogot\u00e1 Regi\u00f3n a trav\u00e9s de la promoci\u00f3n de la econom\u00eda circular\u201d, una iniciativa que ayud\u00f3 a decenas de mipymes a transformar su manera de producir, innovar y crecer con prop\u00f3sito.","og_url":"https:\/\/alinvest-verde.eu\/en_gb\/videos\/fortalecimiento-de-la-competitividad-de-bogota-a-traves-de-la-promocion-de-la-economia-circular\/","og_site_name":"Programme AL-INVEST Verde","og_image":[{"width":1920,"height":960,"url":"https:\/\/alinvest-verde.eu\/wp-content\/uploads\/2022\/05\/money-g931d55623_1920.jpg","type":"image\/jpeg"}],"twitter_card":"summary_large_image","twitter_misc":{"Estimated reading time":"1 minute"},"schema":{"@context":"https:\/\/schema.org","@graph":[{"@type":"WebPage","@id":"https:\/\/alinvest-verde.eu\/videos\/fortalecimiento-de-la-competitividad-de-bogota-a-traves-de-la-promocion-de-la-economia-circular\/","url":"https:\/\/alinvest-verde.eu\/videos\/fortalecimiento-de-la-competitividad-de-bogota-a-traves-de-la-promocion-de-la-economia-circular\/","name":"Fortalecimiento de la competitividad de Bogot\u00e1, a trav\u00e9s de la promoci\u00f3n de la econom\u00eda circular - Programme AL-INVEST Verde","isPartOf":{"@id":"https:\/\/alinvest-verde.eu\/#website"},"datePublished":"2025-11-26T01:51:00+00:00","breadcrumb":{"@id":"https:\/\/alinvest-verde.eu\/videos\/fortalecimiento-de-la-competitividad-de-bogota-a-traves-de-la-promocion-de-la-economia-circular\/#breadcrumb"},"inLanguage":"en-GB","potentialAction":[{"@type":"ReadAction","target":["https:\/\/alinvest-verde.eu\/videos\/fortalecimiento-de-la-competitividad-de-bogota-a-traves-de-la-promocion-de-la-economia-circular\/"]}]},{"@type":"BreadcrumbList","@id":"https:\/\/alinvest-verde.eu\/videos\/fortalecimiento-de-la-competitividad-de-bogota-a-traves-de-la-promocion-de-la-economia-circular\/#breadcrumb","itemListElement":[{"@type":"ListItem","position":1,"name":"Inicio","item":"https:\/\/alinvest-verde.eu\/"},{"@type":"ListItem","position":2,"name":"Fortalecimiento de la competitividad de Bogot\u00e1, a trav\u00e9s de la promoci\u00f3n de la econom\u00eda circular"}]},{"@type":"WebSite","@id":"https:\/\/alinvest-verde.eu\/#website","url":"https:\/\/alinvest-verde.eu\/","name":"Programme AL-INVEST Verde","description":"Building alliances with the private sector in LA and promote sustainable growth and jobs creation by supporting the transition towards a low-carbon, resource-efficient economy","publisher":{"@id":"https:\/\/alinvest-verde.eu\/#organization"},"potentialAction":[{"@type":"SearchAction","target":{"@type":"EntryPoint","urlTemplate":"https:\/\/alinvest-verde.eu\/?s={search_term_string}"},"query-input":{"@type":"PropertyValueSpecification","valueRequired":true,"valueName":"search_term_string"}}],"inLanguage":"en-GB"},{"@type":"Organization","@id":"https:\/\/alinvest-verde.eu\/#organization","name":"Programme AL-INVEST Verde","url":"https:\/\/alinvest-verde.eu\/","logo":{"@type":"ImageObject","inLanguage":"en-GB","@id":"https:\/\/alinvest-verde.eu\/#\/schema\/logo\/image\/","url":"https:\/\/alinvest-verde.eu\/wp-content\/uploads\/2022\/01\/cropped-logo-financiado-por-la-UE.jpg","contentUrl":"https:\/\/alinvest-verde.eu\/wp-content\/uploads\/2022\/01\/cropped-logo-financiado-por-la-UE.jpg","width":756,"height":216,"caption":"Programme AL-INVEST Verde"},"image":{"@id":"https:\/\/alinvest-verde.eu\/#\/schema\/logo\/image\/"}}]}},"_links":{"self":[{"href":"https:\/\/alinvest-verde.eu\/en_gb\/wp-json\/wp\/v2\/videos\/19965","targetHints":{"allow":["GET"]}}],"collection":[{"href":"https:\/\/alinvest-verde.eu\/en_gb\/wp-json\/wp\/v2\/videos"}],"about":[{"href":"https:\/\/alinvest-verde.eu\/en_gb\/wp-json\/wp\/v2\/types\/videos"}],"wp:attachment":[{"href":"https:\/\/alinvest-verde.eu\/en_gb\/wp-json\/wp\/v2\/media?parent=19965"}],"curies":[{"name":"wp","href":"https:\/\/api.w.org\/{rel}","templated":true}]}}