{"id":14538,"date":"2024-07-08T21:26:21","date_gmt":"2024-07-08T19:26:21","guid":{"rendered":"https:\/\/alinvest-verde.eu\/?post_type=mec-events&#038;p=14538"},"modified":"2024-07-08T21:31:17","modified_gmt":"2024-07-08T19:31:17","slug":"sesion-del-grupo-de-trabajo-para-la-preparacion-de-un-compendio-de-jurisprudencia-sobre-propiedad-intelectual-del-mercosur-y-chile","status":"publish","type":"mec-events","link":"https:\/\/alinvest-verde.eu\/es_es\/agenda-verde\/sesion-del-grupo-de-trabajo-para-la-preparacion-de-un-compendio-de-jurisprudencia-sobre-propiedad-intelectual-del-mercosur-y-chile\/","title":{"rendered":"Sesi\u00f3n del Grupo de Trabajo para la preparaci\u00f3n de un \u2018Compendio de Jurisprudencia sobre Propiedad Intelectual del MERCOSUR y Chile"},"content":{"rendered":"\n<p class=\"wp-block-paragraph\">Montevideo, Uruguay acoge una sesi\u00f3n de grupo de trabajo como parte de la preparaci\u00f3n de un \u2018Compendio de Jurisprudencia sobre PI del MERCOSUR y Chile\u2019. Esta iniciativa tiene por objeto recopilar estudios de casos pertinentes para la \u201cRed de Protecci\u00f3n de los Derechos de Propiedad Intelectual AL-INVEST Verde\u201d, fomentando la colaboraci\u00f3n entre los jueces en materia de propiedad industrial. Se celebraron sesiones previas en Jamaica y Paraguay, en las que se trataron diversos derechos de PI.<\/p>\n\n\n\n<p class=\"wp-block-paragraph\">El taller se centra en formar a los jueces de los pa\u00edses del MERCOSUR y de Chile en materia de infracciones de marcas no tradicionales, actualiz\u00e1ndolos sobre las iniciativas de la UE y de la regi\u00f3n y sobre la jurisprudencia reciente. Tambi\u00e9n pretende fortalecer una red latinoamericana de observancia y promover la cooperaci\u00f3n entre los \u00f3rganos judiciales.<\/p>\n\n\n\n<p class=\"wp-block-paragraph\">La sesi\u00f3n incluye presentaciones sobre la jurisprudencia de la UE en materia de marcas no tradicionales y casos nacionales de Argentina, Brasil, Chile, Paraguay y Uruguay. La experta de la EUIPO, Virginia Melgar, ofrecer\u00e1 informaci\u00f3n sobre la evoluci\u00f3n jur\u00eddica de la UE. Los debates incluir\u00e1n la adici\u00f3n de entradas al compendio de jurisprudencia y futuras actividades de la iniciativa.<\/p>\n\n\n\n<p class=\"wp-block-paragraph\"><strong>Sobre el compendio de jurisprudencia<\/strong><\/p>\n\n\n\n<p class=\"wp-block-paragraph\">El compendio de jurisprudencia sobre DPI servir\u00e1 como dep\u00f3sito de jurisprudencia regional, ayudando a la interpretaci\u00f3n de la legislaci\u00f3n sobre PI y promoviendo las mejores pr\u00e1cticas europeas. Su objetivo es desarrollar una base de conocimientos compartida centrada en asuntos relacionados con las marcas, que ofrezca informaci\u00f3n valiosa para las instituciones encargadas de velar por el cumplimiento de la ley, los profesionales, los jueces y los responsables pol\u00edticos.<\/p>\n","protected":false},"excerpt":{"rendered":"<p>Montevideo, Uruguay acoge una sesi\u00f3n de grupo de trabajo como parte de la preparaci\u00f3n de un \u2018Compendio de Jurisprudencia sobre PI del MERCOSUR y Chile\u2019. Esta iniciativa tiene por objeto recopilar estudios de casos pertinentes para la \u201cRed de Protecci\u00f3n de los Derechos de Propiedad Intelectual AL-INVEST Verde\u201d, fomentando la colaboraci\u00f3n entre los jueces en [&hellip;]<\/p>\n","protected":false},"author":130,"featured_media":10922,"comment_status":"closed","ping_status":"closed","template":"","tags":[],"mec_category":[],"class_list":["post-14538","mec-events","type-mec-events","status-publish","has-post-thumbnail","hentry"],"yoast_head":"<!-- This site is optimized with the Yoast SEO plugin v28.4 - https:\/\/yoast.com\/product\/yoast-seo-wordpress\/ -->\n<title>Sesi\u00f3n del Grupo de Trabajo para la preparaci\u00f3n de un \u2018Compendio de Jurisprudencia sobre Propiedad Intelectual del MERCOSUR y Chile - Programme AL-INVEST Verde<\/title>\n<meta name=\"robots\" content=\"index, follow, max-snippet:-1, max-image-preview:large, max-video-preview:-1\" \/>\n<link rel=\"canonical\" href=\"https:\/\/alinvest-verde.eu\/es_es\/agenda-verde\/sesion-del-grupo-de-trabajo-para-la-preparacion-de-un-compendio-de-jurisprudencia-sobre-propiedad-intelectual-del-mercosur-y-chile\/\" \/>\n<meta property=\"og:locale\" content=\"es_ES\" \/>\n<meta property=\"og:type\" content=\"article\" \/>\n<meta property=\"og:title\" content=\"Sesi\u00f3n del Grupo de Trabajo para la preparaci\u00f3n de un \u2018Compendio de Jurisprudencia sobre Propiedad Intelectual del MERCOSUR y Chile - Programme AL-INVEST Verde\" \/>\n<meta property=\"og:description\" content=\"Montevideo, Uruguay acoge una sesi\u00f3n de grupo de trabajo como parte de la preparaci\u00f3n de un \u2018Compendio de Jurisprudencia sobre PI del MERCOSUR y Chile\u2019. Esta iniciativa tiene por objeto recopilar estudios de casos pertinentes para la \u201cRed de Protecci\u00f3n de los Derechos de Propiedad Intelectual AL-INVEST Verde\u201d, fomentando la colaboraci\u00f3n entre los jueces en [&hellip;]\" \/>\n<meta property=\"og:url\" content=\"https:\/\/alinvest-verde.eu\/es_es\/agenda-verde\/sesion-del-grupo-de-trabajo-para-la-preparacion-de-un-compendio-de-jurisprudencia-sobre-propiedad-intelectual-del-mercosur-y-chile\/\" \/>\n<meta property=\"og:site_name\" content=\"Programme AL-INVEST Verde\" \/>\n<meta property=\"article:modified_time\" content=\"2024-07-08T19:31:17+00:00\" \/>\n<meta property=\"og:image\" content=\"https:\/\/alinvest-verde.eu\/wp-content\/uploads\/2024\/03\/Event-template-10-april-judges-working-group-al-invets-website-ES.png\" \/>\n\t<meta property=\"og:image:width\" content=\"1280\" \/>\n\t<meta property=\"og:image:height\" content=\"720\" \/>\n\t<meta property=\"og:image:type\" content=\"image\/png\" \/>\n<meta name=\"twitter:card\" content=\"summary_large_image\" \/>\n<meta name=\"twitter:label1\" content=\"Tiempo de lectura\" \/>\n\t<meta name=\"twitter:data1\" content=\"2 minutos\" \/>\n<script type=\"application\/ld+json\" class=\"yoast-schema-graph\">{\"@context\":\"https:\\\/\\\/schema.org\",\"@graph\":[{\"@type\":\"WebPage\",\"@id\":\"https:\\\/\\\/alinvest-verde.eu\\\/agenda-verde\\\/sesion-del-grupo-de-trabajo-para-la-preparacion-de-un-compendio-de-jurisprudencia-sobre-propiedad-intelectual-del-mercosur-y-chile\\\/\",\"url\":\"https:\\\/\\\/alinvest-verde.eu\\\/agenda-verde\\\/sesion-del-grupo-de-trabajo-para-la-preparacion-de-un-compendio-de-jurisprudencia-sobre-propiedad-intelectual-del-mercosur-y-chile\\\/\",\"name\":\"Sesi\u00f3n del Grupo de Trabajo para la preparaci\u00f3n de un \u2018Compendio de Jurisprudencia sobre Propiedad Intelectual del MERCOSUR y Chile - Programme AL-INVEST Verde\",\"isPartOf\":{\"@id\":\"https:\\\/\\\/alinvest-verde.eu\\\/#website\"},\"primaryImageOfPage\":{\"@id\":\"https:\\\/\\\/alinvest-verde.eu\\\/agenda-verde\\\/sesion-del-grupo-de-trabajo-para-la-preparacion-de-un-compendio-de-jurisprudencia-sobre-propiedad-intelectual-del-mercosur-y-chile\\\/#primaryimage\"},\"image\":{\"@id\":\"https:\\\/\\\/alinvest-verde.eu\\\/agenda-verde\\\/sesion-del-grupo-de-trabajo-para-la-preparacion-de-un-compendio-de-jurisprudencia-sobre-propiedad-intelectual-del-mercosur-y-chile\\\/#primaryimage\"},\"thumbnailUrl\":\"https:\\\/\\\/alinvest-verde.eu\\\/wp-content\\\/uploads\\\/2024\\\/03\\\/Event-template-10-april-judges-working-group-al-invets-website-ES.png\",\"datePublished\":\"2024-07-08T19:26:21+00:00\",\"dateModified\":\"2024-07-08T19:31:17+00:00\",\"breadcrumb\":{\"@id\":\"https:\\\/\\\/alinvest-verde.eu\\\/agenda-verde\\\/sesion-del-grupo-de-trabajo-para-la-preparacion-de-un-compendio-de-jurisprudencia-sobre-propiedad-intelectual-del-mercosur-y-chile\\\/#breadcrumb\"},\"inLanguage\":\"es\",\"potentialAction\":[{\"@type\":\"ReadAction\",\"target\":[\"https:\\\/\\\/alinvest-verde.eu\\\/agenda-verde\\\/sesion-del-grupo-de-trabajo-para-la-preparacion-de-un-compendio-de-jurisprudencia-sobre-propiedad-intelectual-del-mercosur-y-chile\\\/\"]}]},{\"@type\":\"ImageObject\",\"inLanguage\":\"es\",\"@id\":\"https:\\\/\\\/alinvest-verde.eu\\\/agenda-verde\\\/sesion-del-grupo-de-trabajo-para-la-preparacion-de-un-compendio-de-jurisprudencia-sobre-propiedad-intelectual-del-mercosur-y-chile\\\/#primaryimage\",\"url\":\"https:\\\/\\\/alinvest-verde.eu\\\/wp-content\\\/uploads\\\/2024\\\/03\\\/Event-template-10-april-judges-working-group-al-invets-website-ES.png\",\"contentUrl\":\"https:\\\/\\\/alinvest-verde.eu\\\/wp-content\\\/uploads\\\/2024\\\/03\\\/Event-template-10-april-judges-working-group-al-invets-website-ES.png\",\"width\":1280,\"height\":720},{\"@type\":\"BreadcrumbList\",\"@id\":\"https:\\\/\\\/alinvest-verde.eu\\\/agenda-verde\\\/sesion-del-grupo-de-trabajo-para-la-preparacion-de-un-compendio-de-jurisprudencia-sobre-propiedad-intelectual-del-mercosur-y-chile\\\/#breadcrumb\",\"itemListElement\":[{\"@type\":\"ListItem\",\"position\":1,\"name\":\"Inicio\",\"item\":\"https:\\\/\\\/alinvest-verde.eu\\\/\"},{\"@type\":\"ListItem\",\"position\":2,\"name\":\"Eventos\",\"item\":\"https:\\\/\\\/alinvest-verde.eu\\\/es_es\\\/eventos\\\/\"},{\"@type\":\"ListItem\",\"position\":3,\"name\":\"Sesi\u00f3n del Grupo de Trabajo para la preparaci\u00f3n de un \u2018Compendio de Jurisprudencia sobre Propiedad Intelectual del MERCOSUR y Chile\"}]},{\"@type\":\"WebSite\",\"@id\":\"https:\\\/\\\/alinvest-verde.eu\\\/#website\",\"url\":\"https:\\\/\\\/alinvest-verde.eu\\\/\",\"name\":\"Programme AL-INVEST Verde\",\"description\":\"Building alliances with the private sector in LA and promote sustainable growth and jobs creation by supporting the transition towards a low-carbon, resource-efficient economy\",\"publisher\":{\"@id\":\"https:\\\/\\\/alinvest-verde.eu\\\/#organization\"},\"potentialAction\":[{\"@type\":\"SearchAction\",\"target\":{\"@type\":\"EntryPoint\",\"urlTemplate\":\"https:\\\/\\\/alinvest-verde.eu\\\/?s={search_term_string}\"},\"query-input\":{\"@type\":\"PropertyValueSpecification\",\"valueRequired\":true,\"valueName\":\"search_term_string\"}}],\"inLanguage\":\"es\"},{\"@type\":\"Organization\",\"@id\":\"https:\\\/\\\/alinvest-verde.eu\\\/#organization\",\"name\":\"Programme AL-INVEST Verde\",\"url\":\"https:\\\/\\\/alinvest-verde.eu\\\/\",\"logo\":{\"@type\":\"ImageObject\",\"inLanguage\":\"es\",\"@id\":\"https:\\\/\\\/alinvest-verde.eu\\\/#\\\/schema\\\/logo\\\/image\\\/\",\"url\":\"https:\\\/\\\/alinvest-verde.eu\\\/wp-content\\\/uploads\\\/2022\\\/01\\\/cropped-logo-financiado-por-la-UE.jpg\",\"contentUrl\":\"https:\\\/\\\/alinvest-verde.eu\\\/wp-content\\\/uploads\\\/2022\\\/01\\\/cropped-logo-financiado-por-la-UE.jpg\",\"width\":756,\"height\":216,\"caption\":\"Programme AL-INVEST Verde\"},\"image\":{\"@id\":\"https:\\\/\\\/alinvest-verde.eu\\\/#\\\/schema\\\/logo\\\/image\\\/\"}}]}<\/script>\n<!-- \/ Yoast SEO plugin. -->","yoast_head_json":{"title":"Sesi\u00f3n del Grupo de Trabajo para la preparaci\u00f3n de un \u2018Compendio de Jurisprudencia sobre Propiedad Intelectual del MERCOSUR y Chile - Programme AL-INVEST Verde","robots":{"index":"index","follow":"follow","max-snippet":"max-snippet:-1","max-image-preview":"max-image-preview:large","max-video-preview":"max-video-preview:-1"},"canonical":"https:\/\/alinvest-verde.eu\/es_es\/agenda-verde\/sesion-del-grupo-de-trabajo-para-la-preparacion-de-un-compendio-de-jurisprudencia-sobre-propiedad-intelectual-del-mercosur-y-chile\/","og_locale":"es_ES","og_type":"article","og_title":"Sesi\u00f3n del Grupo de Trabajo para la preparaci\u00f3n de un \u2018Compendio de Jurisprudencia sobre Propiedad Intelectual del MERCOSUR y Chile - Programme AL-INVEST Verde","og_description":"Montevideo, Uruguay acoge una sesi\u00f3n de grupo de trabajo como parte de la preparaci\u00f3n de un \u2018Compendio de Jurisprudencia sobre PI del MERCOSUR y Chile\u2019. Esta iniciativa tiene por objeto recopilar estudios de casos pertinentes para la \u201cRed de Protecci\u00f3n de los Derechos de Propiedad Intelectual AL-INVEST Verde\u201d, fomentando la colaboraci\u00f3n entre los jueces en [&hellip;]","og_url":"https:\/\/alinvest-verde.eu\/es_es\/agenda-verde\/sesion-del-grupo-de-trabajo-para-la-preparacion-de-un-compendio-de-jurisprudencia-sobre-propiedad-intelectual-del-mercosur-y-chile\/","og_site_name":"Programme AL-INVEST Verde","article_modified_time":"2024-07-08T19:31:17+00:00","og_image":[{"width":1280,"height":720,"url":"https:\/\/alinvest-verde.eu\/wp-content\/uploads\/2024\/03\/Event-template-10-april-judges-working-group-al-invets-website-ES.png","type":"image\/png"}],"twitter_card":"summary_large_image","twitter_misc":{"Tiempo de lectura":"2 minutos"},"schema":{"@context":"https:\/\/schema.org","@graph":[{"@type":"WebPage","@id":"https:\/\/alinvest-verde.eu\/agenda-verde\/sesion-del-grupo-de-trabajo-para-la-preparacion-de-un-compendio-de-jurisprudencia-sobre-propiedad-intelectual-del-mercosur-y-chile\/","url":"https:\/\/alinvest-verde.eu\/agenda-verde\/sesion-del-grupo-de-trabajo-para-la-preparacion-de-un-compendio-de-jurisprudencia-sobre-propiedad-intelectual-del-mercosur-y-chile\/","name":"Sesi\u00f3n del Grupo de Trabajo para la preparaci\u00f3n de un \u2018Compendio de Jurisprudencia sobre Propiedad Intelectual del MERCOSUR y Chile - Programme AL-INVEST Verde","isPartOf":{"@id":"https:\/\/alinvest-verde.eu\/#website"},"primaryImageOfPage":{"@id":"https:\/\/alinvest-verde.eu\/agenda-verde\/sesion-del-grupo-de-trabajo-para-la-preparacion-de-un-compendio-de-jurisprudencia-sobre-propiedad-intelectual-del-mercosur-y-chile\/#primaryimage"},"image":{"@id":"https:\/\/alinvest-verde.eu\/agenda-verde\/sesion-del-grupo-de-trabajo-para-la-preparacion-de-un-compendio-de-jurisprudencia-sobre-propiedad-intelectual-del-mercosur-y-chile\/#primaryimage"},"thumbnailUrl":"https:\/\/alinvest-verde.eu\/wp-content\/uploads\/2024\/03\/Event-template-10-april-judges-working-group-al-invets-website-ES.png","datePublished":"2024-07-08T19:26:21+00:00","dateModified":"2024-07-08T19:31:17+00:00","breadcrumb":{"@id":"https:\/\/alinvest-verde.eu\/agenda-verde\/sesion-del-grupo-de-trabajo-para-la-preparacion-de-un-compendio-de-jurisprudencia-sobre-propiedad-intelectual-del-mercosur-y-chile\/#breadcrumb"},"inLanguage":"es","potentialAction":[{"@type":"ReadAction","target":["https:\/\/alinvest-verde.eu\/agenda-verde\/sesion-del-grupo-de-trabajo-para-la-preparacion-de-un-compendio-de-jurisprudencia-sobre-propiedad-intelectual-del-mercosur-y-chile\/"]}]},{"@type":"ImageObject","inLanguage":"es","@id":"https:\/\/alinvest-verde.eu\/agenda-verde\/sesion-del-grupo-de-trabajo-para-la-preparacion-de-un-compendio-de-jurisprudencia-sobre-propiedad-intelectual-del-mercosur-y-chile\/#primaryimage","url":"https:\/\/alinvest-verde.eu\/wp-content\/uploads\/2024\/03\/Event-template-10-april-judges-working-group-al-invets-website-ES.png","contentUrl":"https:\/\/alinvest-verde.eu\/wp-content\/uploads\/2024\/03\/Event-template-10-april-judges-working-group-al-invets-website-ES.png","width":1280,"height":720},{"@type":"BreadcrumbList","@id":"https:\/\/alinvest-verde.eu\/agenda-verde\/sesion-del-grupo-de-trabajo-para-la-preparacion-de-un-compendio-de-jurisprudencia-sobre-propiedad-intelectual-del-mercosur-y-chile\/#breadcrumb","itemListElement":[{"@type":"ListItem","position":1,"name":"Inicio","item":"https:\/\/alinvest-verde.eu\/"},{"@type":"ListItem","position":2,"name":"Eventos","item":"https:\/\/alinvest-verde.eu\/es_es\/eventos\/"},{"@type":"ListItem","position":3,"name":"Sesi\u00f3n del Grupo de Trabajo para la preparaci\u00f3n de un \u2018Compendio de Jurisprudencia sobre Propiedad Intelectual del MERCOSUR y Chile"}]},{"@type":"WebSite","@id":"https:\/\/alinvest-verde.eu\/#website","url":"https:\/\/alinvest-verde.eu\/","name":"Programme AL-INVEST Verde","description":"Building alliances with the private sector in LA and promote sustainable growth and jobs creation by supporting the transition towards a low-carbon, resource-efficient economy","publisher":{"@id":"https:\/\/alinvest-verde.eu\/#organization"},"potentialAction":[{"@type":"SearchAction","target":{"@type":"EntryPoint","urlTemplate":"https:\/\/alinvest-verde.eu\/?s={search_term_string}"},"query-input":{"@type":"PropertyValueSpecification","valueRequired":true,"valueName":"search_term_string"}}],"inLanguage":"es"},{"@type":"Organization","@id":"https:\/\/alinvest-verde.eu\/#organization","name":"Programme AL-INVEST Verde","url":"https:\/\/alinvest-verde.eu\/","logo":{"@type":"ImageObject","inLanguage":"es","@id":"https:\/\/alinvest-verde.eu\/#\/schema\/logo\/image\/","url":"https:\/\/alinvest-verde.eu\/wp-content\/uploads\/2022\/01\/cropped-logo-financiado-por-la-UE.jpg","contentUrl":"https:\/\/alinvest-verde.eu\/wp-content\/uploads\/2022\/01\/cropped-logo-financiado-por-la-UE.jpg","width":756,"height":216,"caption":"Programme AL-INVEST Verde"},"image":{"@id":"https:\/\/alinvest-verde.eu\/#\/schema\/logo\/image\/"}}]}},"_links":{"self":[{"href":"https:\/\/alinvest-verde.eu\/es_es\/wp-json\/wp\/v2\/mec-events\/14538","targetHints":{"allow":["GET"]}}],"collection":[{"href":"https:\/\/alinvest-verde.eu\/es_es\/wp-json\/wp\/v2\/mec-events"}],"about":[{"href":"https:\/\/alinvest-verde.eu\/es_es\/wp-json\/wp\/v2\/types\/mec-events"}],"author":[{"embeddable":true,"href":"https:\/\/alinvest-verde.eu\/es_es\/wp-json\/wp\/v2\/users\/130"}],"replies":[{"embeddable":true,"href":"https:\/\/alinvest-verde.eu\/es_es\/wp-json\/wp\/v2\/comments?post=14538"}],"wp:attachment":[{"href":"https:\/\/alinvest-verde.eu\/es_es\/wp-json\/wp\/v2\/media?parent=14538"}],"wp:term":[{"taxonomy":"post_tag","embeddable":true,"href":"https:\/\/alinvest-verde.eu\/es_es\/wp-json\/wp\/v2\/tags?post=14538"},{"taxonomy":"mec_category","embeddable":true,"href":"https:\/\/alinvest-verde.eu\/es_es\/wp-json\/wp\/v2\/mec_category?post=14538"}],"curies":[{"name":"wp","href":"https:\/\/api.w.org\/{rel}","templated":true}]}}