{"id":18934,"date":"2025-09-09T00:30:53","date_gmt":"2025-09-08T22:30:53","guid":{"rendered":"https:\/\/alinvest-verde.eu\/?post_type=mec-events&#038;p=18934"},"modified":"2025-09-13T18:46:19","modified_gmt":"2025-09-13T16:46:19","slug":"webinar-acciones-por-la-sostenibilidad-lideradas-por-mujeres","status":"publish","type":"mec-events","link":"https:\/\/alinvest-verde.eu\/es_es\/agenda-verde\/webinar-acciones-por-la-sostenibilidad-lideradas-por-mujeres\/","title":{"rendered":"Webinar: Acciones por la sostenibilidad lideradas por mujeres"},"content":{"rendered":"\n<p class=\"wp-block-paragraph\">En el marco del programa <strong>AL-INVEST Verde<\/strong>, y en colaboraci\u00f3n con la <strong>C\u00e1mara de Comercio Internacional (ICC)<\/strong>, se llevar\u00e1 a cabo el webinar <strong>&#8220;Acciones por la sostenibilidad lideradas por mujeres&#8221;<\/strong>, con el objetivo de destacar el papel fundamental de las mujeres en la promoci\u00f3n de la sostenibilidad ambiental y social en Am\u00e9rica Latina.<\/p>\n\n\n\n<p class=\"wp-block-paragraph\">Este evento tiene como prop\u00f3sito:<\/p>\n\n\n\n<ul class=\"wp-block-list\">\n<li>Visibilizar y promover iniciativas lideradas por mujeres que impulsan la sostenibilidad en la regi\u00f3n.<\/li>\n\n\n\n<li>Fomentar el di\u00e1logo y el intercambio de conocimientos entre mujeres l\u00edderes, emprendedoras e instituciones comprometidas con el desarrollo sostenible.<\/li>\n\n\n\n<li>Promover enfoques inclusivos y con perspectiva de g\u00e9nero en las estrategias de transici\u00f3n verde y en las pr\u00e1cticas empresariales sostenibles.<\/li>\n<\/ul>\n\n\n\n<p class=\"wp-block-paragraph\">El webinar est\u00e1 dirigido a las organizaciones ejecutoras de proyectos del Componente 1 del programa AL-INVEST Verde; representantes de pymes, microempresas y peque\u00f1os productores y productoras; representantes del sector p\u00fablico e instituciones de desarrollo con experiencia en g\u00e9nero, medio ambiente y pol\u00edticas productivas sostenibles; as\u00ed como a consultores y consultoras y especialistas en igualdad de g\u00e9nero, desarrollo sostenible y econom\u00eda verde.<\/p>\n\n\n\n<p class=\"wp-block-paragraph\"><strong>Detalles del evento:<\/strong><\/p>\n\n\n\n<ul class=\"wp-block-list\">\n<li><strong>Fecha:<\/strong> 18 de septiembre de 2025<\/li>\n\n\n\n<li><strong>Hora:<\/strong> 16:30 (hora CET)<\/li>\n\n\n\n<li><strong>Formato:<\/strong> <em>streaming <\/em><\/li>\n\n\n\n<li><strong>Interpretaci\u00f3n simult\u00e1nea:<\/strong> portugu\u00e9s e ingl\u00e9s <\/li>\n<\/ul>\n\n\n\n<div class=\"wp-block-buttons is-layout-flex wp-block-buttons-is-layout-flex\">\n<div class=\"wp-block-button\"><a class=\"wp-block-button__link has-luminous-vivid-amber-background-color has-background wp-element-button\" href=\"https:\/\/docs.google.com\/forms\/d\/e\/1FAIpQLSebLAGrqBmfcDeqhIFmjSfFlGjiwuP6Vc12EAf17kmuHMS2Qg\/viewform?usp=header\">Inscr\u00edbete aqu\u00ed<\/a><\/div>\n<\/div>\n\n\n\n<p class=\"wp-block-paragraph\">Este espacio busca contribuir al fortalecimiento de capacidades, al intercambio de experiencias y al impulso de una transici\u00f3n verde con enfoque de g\u00e9nero en Am\u00e9rica Latina.<\/p>\n\n\n\n<p class=\"wp-block-paragraph\"><strong>Agenda:<\/strong><\/p>\n\n\n\n<p class=\"wp-block-paragraph\"><strong>Bienvenida institucional<\/strong><\/p>\n\n\n\n<ul class=\"wp-block-list\">\n<li><strong>16:30 \u2013 16:35<\/strong> Bienvenida<\/li>\n\n\n\n<li><strong>16:35 \u2013 16:40<\/strong> Breve introducci\u00f3n al programa AL-INVEST Verde y su enfoque en sostenibilidad y g\u00e9nero, <em>Irene Haddad<\/em>, <em>l\u00edder del equipo del programa AL-INVEST Verde<\/em><\/li>\n\n\n\n<li><strong>16:40 \u2013 16:45<\/strong> Presentaci\u00f3n del Centro de Emprendimiento de la ICC y su enfoque actual en sostenibilidad y g\u00e9nero, <em>Catherine Foster<\/em>, <em>L\u00edder Global del Centro de Emprendimiento de la ICC<\/em><\/li>\n<\/ul>\n\n\n\n<p class=\"wp-block-paragraph\"><strong>Presentaci\u00f3n destacada: Apoyo a las mujeres en los negocios sostenibles<\/strong><\/p>\n\n\n\n<ul class=\"wp-block-list\">\n<li><strong>16:45 \u2013 17:00<\/strong> Panorama general del programa actual de la ICC: <em>Desarrollo de programas efectivos de emprendimiento femenino<\/em>, <em>Catherine Foster<\/em>, L\u00edder Global del Centro de Emprendimiento de la ICC<\/li>\n\n\n\n<li><strong>17:00 &#8211; 17:15 <\/strong>Acciones para abordar desaf\u00edos de g\u00e9nero, <em>Patrizia Laplana, miembro de la Junta Directiva de Women Action Sustainability. <\/em><\/li>\n<\/ul>\n\n\n\n<p class=\"wp-block-paragraph\"><strong>Intercambio de iniciativas de mujeres l\u00edderes<\/strong><\/p>\n\n\n\n<div class=\"wp-block-group is-vertical is-layout-flex wp-container-core-group-is-layout-2c90304e wp-block-group-is-layout-flex\">\n<ul class=\"wp-block-list\">\n<li><strong>17:15 &#8211; 17:25<\/strong> Proyecto ARABICA y su gesti\u00f3n en materia de g\u00e9nero, <em>Ana Moraes Coelho, Gerente de Proyecto &#8211; Fundaci\u00f3n Getulio Vargas<\/em><\/li>\n\n\n\n<li><strong>17:25 \u2013 17:40<\/strong> Empresa beneficiada, en el marco del programa AL-INVEST Verde, que ha incorporado criterios de g\u00e9nero en sus procesos, generando resultados positivos, <em>Eliani Barbosa<\/em>, <em>Directora Ejecutiva de la Cooperativa de Caficultores del Cerrado de Araguari y Regi\u00f3n Ltda. \u2013 COOCACER<\/em><\/li>\n<\/ul>\n<\/div>\n\n\n\n<p class=\"wp-block-paragraph\"><strong>Rueda de preguntas <\/strong><\/p>\n\n\n\n<ul class=\"wp-block-list\">\n<li><strong>17:40\u2013 18:00<\/strong> Interacci\u00f3n moderada para responder preguntas (v\u00eda chat)<\/li>\n<\/ul>\n\n\n\n<p class=\"wp-block-paragraph\"><\/p>\n","protected":false},"excerpt":{"rendered":"<p>En el marco del programa AL-INVEST Verde, y en colaboraci\u00f3n con la C\u00e1mara de Comercio Internacional (ICC), se llevar\u00e1 a cabo el webinar &#8220;Acciones por la sostenibilidad lideradas por mujeres&#8221;, con el objetivo de destacar el papel fundamental de las mujeres en la promoci\u00f3n de la sostenibilidad ambiental y social en Am\u00e9rica Latina. Este evento [&hellip;]<\/p>\n","protected":false},"author":4,"featured_media":18982,"comment_status":"closed","ping_status":"closed","template":"","tags":[],"mec_category":[],"class_list":["post-18934","mec-events","type-mec-events","status-publish","has-post-thumbnail","hentry"],"yoast_head":"<!-- This site is optimized with the Yoast SEO plugin v28.4 - https:\/\/yoast.com\/product\/yoast-seo-wordpress\/ -->\n<title>Webinar: Acciones por la sostenibilidad lideradas por mujeres - Programme AL-INVEST Verde<\/title>\n<meta name=\"robots\" content=\"index, follow, max-snippet:-1, max-image-preview:large, max-video-preview:-1\" \/>\n<link rel=\"canonical\" href=\"https:\/\/alinvest-verde.eu\/es_es\/agenda-verde\/webinar-acciones-por-la-sostenibilidad-lideradas-por-mujeres\/\" \/>\n<meta property=\"og:locale\" content=\"es_ES\" \/>\n<meta property=\"og:type\" content=\"article\" \/>\n<meta property=\"og:title\" content=\"Webinar: Acciones por la sostenibilidad lideradas por mujeres - Programme AL-INVEST Verde\" \/>\n<meta property=\"og:description\" content=\"En el marco del programa AL-INVEST Verde, y en colaboraci\u00f3n con la C\u00e1mara de Comercio Internacional (ICC), se llevar\u00e1 a cabo el webinar &#8220;Acciones por la sostenibilidad lideradas por mujeres&#8221;, con el objetivo de destacar el papel fundamental de las mujeres en la promoci\u00f3n de la sostenibilidad ambiental y social en Am\u00e9rica Latina. Este evento [&hellip;]\" \/>\n<meta property=\"og:url\" content=\"https:\/\/alinvest-verde.eu\/es_es\/agenda-verde\/webinar-acciones-por-la-sostenibilidad-lideradas-por-mujeres\/\" \/>\n<meta property=\"og:site_name\" content=\"Programme AL-INVEST Verde\" \/>\n<meta property=\"article:modified_time\" content=\"2025-09-13T16:46:19+00:00\" \/>\n<meta property=\"og:image\" content=\"https:\/\/alinvest-verde.eu\/wp-content\/uploads\/2025\/09\/Amarillo-Marron-Luz-de-Escenario-Estetico-Cantante-Transmision-en-Vivo-Portada-para-Facebook-3.jpg\" \/>\n\t<meta property=\"og:image:width\" content=\"1640\" \/>\n\t<meta property=\"og:image:height\" content=\"924\" \/>\n\t<meta property=\"og:image:type\" content=\"image\/jpeg\" \/>\n<meta name=\"twitter:card\" content=\"summary_large_image\" \/>\n<meta name=\"twitter:label1\" content=\"Tiempo de lectura\" \/>\n\t<meta name=\"twitter:data1\" content=\"3 minutos\" \/>\n<script type=\"application\/ld+json\" class=\"yoast-schema-graph\">{\"@context\":\"https:\\\/\\\/schema.org\",\"@graph\":[{\"@type\":\"WebPage\",\"@id\":\"https:\\\/\\\/alinvest-verde.eu\\\/agenda-verde\\\/webinar-acciones-por-la-sostenibilidad-lideradas-por-mujeres\\\/\",\"url\":\"https:\\\/\\\/alinvest-verde.eu\\\/agenda-verde\\\/webinar-acciones-por-la-sostenibilidad-lideradas-por-mujeres\\\/\",\"name\":\"Webinar: Acciones por la sostenibilidad lideradas por mujeres - Programme AL-INVEST Verde\",\"isPartOf\":{\"@id\":\"https:\\\/\\\/alinvest-verde.eu\\\/#website\"},\"primaryImageOfPage\":{\"@id\":\"https:\\\/\\\/alinvest-verde.eu\\\/agenda-verde\\\/webinar-acciones-por-la-sostenibilidad-lideradas-por-mujeres\\\/#primaryimage\"},\"image\":{\"@id\":\"https:\\\/\\\/alinvest-verde.eu\\\/agenda-verde\\\/webinar-acciones-por-la-sostenibilidad-lideradas-por-mujeres\\\/#primaryimage\"},\"thumbnailUrl\":\"https:\\\/\\\/alinvest-verde.eu\\\/wp-content\\\/uploads\\\/2025\\\/09\\\/Amarillo-Marron-Luz-de-Escenario-Estetico-Cantante-Transmision-en-Vivo-Portada-para-Facebook-3.jpg\",\"datePublished\":\"2025-09-08T22:30:53+00:00\",\"dateModified\":\"2025-09-13T16:46:19+00:00\",\"breadcrumb\":{\"@id\":\"https:\\\/\\\/alinvest-verde.eu\\\/agenda-verde\\\/webinar-acciones-por-la-sostenibilidad-lideradas-por-mujeres\\\/#breadcrumb\"},\"inLanguage\":\"es\",\"potentialAction\":[{\"@type\":\"ReadAction\",\"target\":[\"https:\\\/\\\/alinvest-verde.eu\\\/agenda-verde\\\/webinar-acciones-por-la-sostenibilidad-lideradas-por-mujeres\\\/\"]}]},{\"@type\":\"ImageObject\",\"inLanguage\":\"es\",\"@id\":\"https:\\\/\\\/alinvest-verde.eu\\\/agenda-verde\\\/webinar-acciones-por-la-sostenibilidad-lideradas-por-mujeres\\\/#primaryimage\",\"url\":\"https:\\\/\\\/alinvest-verde.eu\\\/wp-content\\\/uploads\\\/2025\\\/09\\\/Amarillo-Marron-Luz-de-Escenario-Estetico-Cantante-Transmision-en-Vivo-Portada-para-Facebook-3.jpg\",\"contentUrl\":\"https:\\\/\\\/alinvest-verde.eu\\\/wp-content\\\/uploads\\\/2025\\\/09\\\/Amarillo-Marron-Luz-de-Escenario-Estetico-Cantante-Transmision-en-Vivo-Portada-para-Facebook-3.jpg\",\"width\":1640,\"height\":924},{\"@type\":\"BreadcrumbList\",\"@id\":\"https:\\\/\\\/alinvest-verde.eu\\\/agenda-verde\\\/webinar-acciones-por-la-sostenibilidad-lideradas-por-mujeres\\\/#breadcrumb\",\"itemListElement\":[{\"@type\":\"ListItem\",\"position\":1,\"name\":\"Inicio\",\"item\":\"https:\\\/\\\/alinvest-verde.eu\\\/\"},{\"@type\":\"ListItem\",\"position\":2,\"name\":\"Eventos\",\"item\":\"https:\\\/\\\/alinvest-verde.eu\\\/es_es\\\/eventos\\\/\"},{\"@type\":\"ListItem\",\"position\":3,\"name\":\"Webinar: Acciones por la sostenibilidad lideradas por mujeres\"}]},{\"@type\":\"WebSite\",\"@id\":\"https:\\\/\\\/alinvest-verde.eu\\\/#website\",\"url\":\"https:\\\/\\\/alinvest-verde.eu\\\/\",\"name\":\"Programme AL-INVEST Verde\",\"description\":\"Building alliances with the private sector in LA and promote sustainable growth and jobs creation by supporting the transition towards a low-carbon, resource-efficient economy\",\"publisher\":{\"@id\":\"https:\\\/\\\/alinvest-verde.eu\\\/#organization\"},\"potentialAction\":[{\"@type\":\"SearchAction\",\"target\":{\"@type\":\"EntryPoint\",\"urlTemplate\":\"https:\\\/\\\/alinvest-verde.eu\\\/?s={search_term_string}\"},\"query-input\":{\"@type\":\"PropertyValueSpecification\",\"valueRequired\":true,\"valueName\":\"search_term_string\"}}],\"inLanguage\":\"es\"},{\"@type\":\"Organization\",\"@id\":\"https:\\\/\\\/alinvest-verde.eu\\\/#organization\",\"name\":\"Programme AL-INVEST Verde\",\"url\":\"https:\\\/\\\/alinvest-verde.eu\\\/\",\"logo\":{\"@type\":\"ImageObject\",\"inLanguage\":\"es\",\"@id\":\"https:\\\/\\\/alinvest-verde.eu\\\/#\\\/schema\\\/logo\\\/image\\\/\",\"url\":\"https:\\\/\\\/alinvest-verde.eu\\\/wp-content\\\/uploads\\\/2022\\\/01\\\/cropped-logo-financiado-por-la-UE.jpg\",\"contentUrl\":\"https:\\\/\\\/alinvest-verde.eu\\\/wp-content\\\/uploads\\\/2022\\\/01\\\/cropped-logo-financiado-por-la-UE.jpg\",\"width\":756,\"height\":216,\"caption\":\"Programme AL-INVEST Verde\"},\"image\":{\"@id\":\"https:\\\/\\\/alinvest-verde.eu\\\/#\\\/schema\\\/logo\\\/image\\\/\"}}]}<\/script>\n<!-- \/ Yoast SEO plugin. -->","yoast_head_json":{"title":"Webinar: Acciones por la sostenibilidad lideradas por mujeres - Programme AL-INVEST Verde","robots":{"index":"index","follow":"follow","max-snippet":"max-snippet:-1","max-image-preview":"max-image-preview:large","max-video-preview":"max-video-preview:-1"},"canonical":"https:\/\/alinvest-verde.eu\/es_es\/agenda-verde\/webinar-acciones-por-la-sostenibilidad-lideradas-por-mujeres\/","og_locale":"es_ES","og_type":"article","og_title":"Webinar: Acciones por la sostenibilidad lideradas por mujeres - Programme AL-INVEST Verde","og_description":"En el marco del programa AL-INVEST Verde, y en colaboraci\u00f3n con la C\u00e1mara de Comercio Internacional (ICC), se llevar\u00e1 a cabo el webinar &#8220;Acciones por la sostenibilidad lideradas por mujeres&#8221;, con el objetivo de destacar el papel fundamental de las mujeres en la promoci\u00f3n de la sostenibilidad ambiental y social en Am\u00e9rica Latina. Este evento [&hellip;]","og_url":"https:\/\/alinvest-verde.eu\/es_es\/agenda-verde\/webinar-acciones-por-la-sostenibilidad-lideradas-por-mujeres\/","og_site_name":"Programme AL-INVEST Verde","article_modified_time":"2025-09-13T16:46:19+00:00","og_image":[{"width":1640,"height":924,"url":"https:\/\/alinvest-verde.eu\/wp-content\/uploads\/2025\/09\/Amarillo-Marron-Luz-de-Escenario-Estetico-Cantante-Transmision-en-Vivo-Portada-para-Facebook-3.jpg","type":"image\/jpeg"}],"twitter_card":"summary_large_image","twitter_misc":{"Tiempo de lectura":"3 minutos"},"schema":{"@context":"https:\/\/schema.org","@graph":[{"@type":"WebPage","@id":"https:\/\/alinvest-verde.eu\/agenda-verde\/webinar-acciones-por-la-sostenibilidad-lideradas-por-mujeres\/","url":"https:\/\/alinvest-verde.eu\/agenda-verde\/webinar-acciones-por-la-sostenibilidad-lideradas-por-mujeres\/","name":"Webinar: Acciones por la sostenibilidad lideradas por mujeres - Programme AL-INVEST Verde","isPartOf":{"@id":"https:\/\/alinvest-verde.eu\/#website"},"primaryImageOfPage":{"@id":"https:\/\/alinvest-verde.eu\/agenda-verde\/webinar-acciones-por-la-sostenibilidad-lideradas-por-mujeres\/#primaryimage"},"image":{"@id":"https:\/\/alinvest-verde.eu\/agenda-verde\/webinar-acciones-por-la-sostenibilidad-lideradas-por-mujeres\/#primaryimage"},"thumbnailUrl":"https:\/\/alinvest-verde.eu\/wp-content\/uploads\/2025\/09\/Amarillo-Marron-Luz-de-Escenario-Estetico-Cantante-Transmision-en-Vivo-Portada-para-Facebook-3.jpg","datePublished":"2025-09-08T22:30:53+00:00","dateModified":"2025-09-13T16:46:19+00:00","breadcrumb":{"@id":"https:\/\/alinvest-verde.eu\/agenda-verde\/webinar-acciones-por-la-sostenibilidad-lideradas-por-mujeres\/#breadcrumb"},"inLanguage":"es","potentialAction":[{"@type":"ReadAction","target":["https:\/\/alinvest-verde.eu\/agenda-verde\/webinar-acciones-por-la-sostenibilidad-lideradas-por-mujeres\/"]}]},{"@type":"ImageObject","inLanguage":"es","@id":"https:\/\/alinvest-verde.eu\/agenda-verde\/webinar-acciones-por-la-sostenibilidad-lideradas-por-mujeres\/#primaryimage","url":"https:\/\/alinvest-verde.eu\/wp-content\/uploads\/2025\/09\/Amarillo-Marron-Luz-de-Escenario-Estetico-Cantante-Transmision-en-Vivo-Portada-para-Facebook-3.jpg","contentUrl":"https:\/\/alinvest-verde.eu\/wp-content\/uploads\/2025\/09\/Amarillo-Marron-Luz-de-Escenario-Estetico-Cantante-Transmision-en-Vivo-Portada-para-Facebook-3.jpg","width":1640,"height":924},{"@type":"BreadcrumbList","@id":"https:\/\/alinvest-verde.eu\/agenda-verde\/webinar-acciones-por-la-sostenibilidad-lideradas-por-mujeres\/#breadcrumb","itemListElement":[{"@type":"ListItem","position":1,"name":"Inicio","item":"https:\/\/alinvest-verde.eu\/"},{"@type":"ListItem","position":2,"name":"Eventos","item":"https:\/\/alinvest-verde.eu\/es_es\/eventos\/"},{"@type":"ListItem","position":3,"name":"Webinar: Acciones por la sostenibilidad lideradas por mujeres"}]},{"@type":"WebSite","@id":"https:\/\/alinvest-verde.eu\/#website","url":"https:\/\/alinvest-verde.eu\/","name":"Programme AL-INVEST Verde","description":"Building alliances with the private sector in LA and promote sustainable growth and jobs creation by supporting the transition towards a low-carbon, resource-efficient economy","publisher":{"@id":"https:\/\/alinvest-verde.eu\/#organization"},"potentialAction":[{"@type":"SearchAction","target":{"@type":"EntryPoint","urlTemplate":"https:\/\/alinvest-verde.eu\/?s={search_term_string}"},"query-input":{"@type":"PropertyValueSpecification","valueRequired":true,"valueName":"search_term_string"}}],"inLanguage":"es"},{"@type":"Organization","@id":"https:\/\/alinvest-verde.eu\/#organization","name":"Programme AL-INVEST Verde","url":"https:\/\/alinvest-verde.eu\/","logo":{"@type":"ImageObject","inLanguage":"es","@id":"https:\/\/alinvest-verde.eu\/#\/schema\/logo\/image\/","url":"https:\/\/alinvest-verde.eu\/wp-content\/uploads\/2022\/01\/cropped-logo-financiado-por-la-UE.jpg","contentUrl":"https:\/\/alinvest-verde.eu\/wp-content\/uploads\/2022\/01\/cropped-logo-financiado-por-la-UE.jpg","width":756,"height":216,"caption":"Programme AL-INVEST Verde"},"image":{"@id":"https:\/\/alinvest-verde.eu\/#\/schema\/logo\/image\/"}}]}},"_links":{"self":[{"href":"https:\/\/alinvest-verde.eu\/es_es\/wp-json\/wp\/v2\/mec-events\/18934","targetHints":{"allow":["GET"]}}],"collection":[{"href":"https:\/\/alinvest-verde.eu\/es_es\/wp-json\/wp\/v2\/mec-events"}],"about":[{"href":"https:\/\/alinvest-verde.eu\/es_es\/wp-json\/wp\/v2\/types\/mec-events"}],"author":[{"embeddable":true,"href":"https:\/\/alinvest-verde.eu\/es_es\/wp-json\/wp\/v2\/users\/4"}],"replies":[{"embeddable":true,"href":"https:\/\/alinvest-verde.eu\/es_es\/wp-json\/wp\/v2\/comments?post=18934"}],"wp:featuredmedia":[{"embeddable":true,"href":"https:\/\/alinvest-verde.eu\/es_es\/wp-json\/wp\/v2\/media\/18982"}],"wp:attachment":[{"href":"https:\/\/alinvest-verde.eu\/es_es\/wp-json\/wp\/v2\/media?parent=18934"}],"wp:term":[{"taxonomy":"post_tag","embeddable":true,"href":"https:\/\/alinvest-verde.eu\/es_es\/wp-json\/wp\/v2\/tags?post=18934"},{"taxonomy":"mec_category","embeddable":true,"href":"https:\/\/alinvest-verde.eu\/es_es\/wp-json\/wp\/v2\/mec_category?post=18934"}],"curies":[{"name":"wp","href":"https:\/\/api.w.org\/{rel}","templated":true}]}}