{"id":17682,"date":"2025-05-20T13:59:11","date_gmt":"2025-05-20T11:59:11","guid":{"rendered":"https:\/\/alinvest-verde.eu\/?post_type=mec-events&#038;p=17682"},"modified":"2025-06-26T16:43:08","modified_gmt":"2025-06-26T14:43:08","slug":"webinario-sobre-buenas-practicas-en-materia-de-derechos-de-autor-e-industrias-creativas-aprovechar-los-dpi-para-el-crecimiento-economico","status":"publish","type":"mec-events","link":"https:\/\/alinvest-verde.eu\/pt_pt_ao90\/agenda-verde\/webinario-sobre-buenas-practicas-en-materia-de-derechos-de-autor-e-industrias-creativas-aprovechar-los-dpi-para-el-crecimiento-economico\/","title":{"rendered":"Webinar sobre boas pr\u00e1ticas em mat\u00e9ria de direitos de autor e ind\u00fastrias criativas: aproveitar os DPI para o crescimento econ\u00f3mico"},"content":{"rendered":"<p class=\"wp-block-paragraph\">O webinar \u00e9 organizado em colabora\u00e7\u00e3o com a Universidade Federal do Rio de Janeiro (Brasil) para refor\u00e7ar a sensibiliza\u00e7\u00e3o para os DPI nas ind\u00fastrias criativas. O evento visa apoiar os profissionais criativos e os decisores pol\u00edticos, fornecendo informa\u00e7\u00f5es sobre o quadro de direitos de autor da UE, destacando estrat\u00e9gias para proteger obras criativas, evitar infrac\u00e7\u00f5es e maximizar o potencial econ\u00f3mico dos DPI. O webinar abordar\u00e1 as melhores pr\u00e1ticas da UE em mat\u00e9ria de direitos de autor e DPI conexos, apoiando a ado\u00e7\u00e3o e a gest\u00e3o da PI nos sectores criativos e promovendo simultaneamente a colabora\u00e7\u00e3o entre as institui\u00e7\u00f5es de PI e o meio acad\u00e9mico para refor\u00e7ar a inova\u00e7\u00e3o e o valor econ\u00f3mico.<\/p>\n\n\n\n<p class=\"wp-block-paragraph\">Agenda: <a href=\"https:\/\/drive.google.com\/file\/d\/1uzGqNqkJiEwTItyFMAX0O2XWeMwtSIkv\/view?usp=sharing\">https:\/\/drive.google.com\/file\/d\/1uzGqNqkJiEwTItyFMAX0O2XWeMwtSIkv\/view?usp=sharing<\/a><\/p>\n\n\n\n<p class=\"wp-block-paragraph\">P\u00e1gina de registo: <a href=\"https:\/\/forms.office.com\/e\/EkdT5pG88M\">https:\/\/forms.office.com\/e\/EkdT5pG88M<\/a><\/p>","protected":false},"excerpt":{"rendered":"<p>El seminario web se organiza en colaboraci\u00f3n con la Universidad Federal de R\u00edo de Janeiro (Brasil) para reforzar el conocimiento de los DPI en las industrias creativas. El evento tiene como objetivo apoyar a los profesionales creativos y a los responsables pol\u00edticos, proporcionando informaci\u00f3n sobre el marco de derechos de autor de la UE, destacando [&hellip;]<\/p>\n","protected":false},"author":7,"featured_media":17683,"comment_status":"closed","ping_status":"closed","template":"","tags":[],"mec_category":[],"class_list":["post-17682","mec-events","type-mec-events","status-publish","has-post-thumbnail","hentry"],"yoast_head":"<!-- This site is optimized with the Yoast SEO plugin v28.4 - https:\/\/yoast.com\/product\/yoast-seo-wordpress\/ -->\n<title>Webinario sobre buenas pr\u00e1cticas en materia de derechos de autor e industrias creativas: Aprovechar los DPI para el crecimiento econ\u00f3mico - Programme AL-INVEST Verde<\/title>\n<meta name=\"robots\" content=\"index, follow, max-snippet:-1, max-image-preview:large, max-video-preview:-1\" \/>\n<link rel=\"canonical\" href=\"https:\/\/alinvest-verde.eu\/pt_pt_ao90\/agenda-verde\/webinario-sobre-buenas-practicas-en-materia-de-derechos-de-autor-e-industrias-creativas-aprovechar-los-dpi-para-el-crecimiento-economico\/\" \/>\n<meta property=\"og:locale\" content=\"pt_PT\" \/>\n<meta property=\"og:type\" content=\"article\" \/>\n<meta property=\"og:title\" content=\"Webinario sobre buenas pr\u00e1cticas en materia de derechos de autor e industrias creativas: Aprovechar los DPI para el crecimiento econ\u00f3mico - Programme AL-INVEST Verde\" \/>\n<meta property=\"og:description\" content=\"El seminario web se organiza en colaboraci\u00f3n con la Universidad Federal de R\u00edo de Janeiro (Brasil) para reforzar el conocimiento de los DPI en las industrias creativas. El evento tiene como objetivo apoyar a los profesionales creativos y a los responsables pol\u00edticos, proporcionando informaci\u00f3n sobre el marco de derechos de autor de la UE, destacando [&hellip;]\" \/>\n<meta property=\"og:url\" content=\"https:\/\/alinvest-verde.eu\/pt_pt_ao90\/agenda-verde\/webinario-sobre-buenas-practicas-en-materia-de-derechos-de-autor-e-industrias-creativas-aprovechar-los-dpi-para-el-crecimiento-economico\/\" \/>\n<meta property=\"og:site_name\" content=\"Programme AL-INVEST Verde\" \/>\n<meta property=\"article:modified_time\" content=\"2025-06-26T14:43:08+00:00\" \/>\n<meta property=\"og:image\" content=\"https:\/\/alinvest-verde.eu\/wp-content\/uploads\/2025\/05\/Event-template-10-april-judges-working-group.png\" \/>\n\t<meta property=\"og:image:width\" content=\"1280\" \/>\n\t<meta property=\"og:image:height\" content=\"720\" \/>\n\t<meta property=\"og:image:type\" content=\"image\/png\" \/>\n<meta name=\"twitter:card\" content=\"summary_large_image\" \/>\n<meta name=\"twitter:label1\" content=\"Est. reading time\" \/>\n\t<meta name=\"twitter:data1\" content=\"1 minuto\" \/>\n<script type=\"application\/ld+json\" class=\"yoast-schema-graph\">{\"@context\":\"https:\\\/\\\/schema.org\",\"@graph\":[{\"@type\":\"WebPage\",\"@id\":\"https:\\\/\\\/alinvest-verde.eu\\\/agenda-verde\\\/webinario-sobre-buenas-practicas-en-materia-de-derechos-de-autor-e-industrias-creativas-aprovechar-los-dpi-para-el-crecimiento-economico\\\/\",\"url\":\"https:\\\/\\\/alinvest-verde.eu\\\/agenda-verde\\\/webinario-sobre-buenas-practicas-en-materia-de-derechos-de-autor-e-industrias-creativas-aprovechar-los-dpi-para-el-crecimiento-economico\\\/\",\"name\":\"Webinario sobre buenas pr\u00e1cticas en materia de derechos de autor e industrias creativas: Aprovechar los DPI para el crecimiento econ\u00f3mico - Programme AL-INVEST Verde\",\"isPartOf\":{\"@id\":\"https:\\\/\\\/alinvest-verde.eu\\\/#website\"},\"primaryImageOfPage\":{\"@id\":\"https:\\\/\\\/alinvest-verde.eu\\\/agenda-verde\\\/webinario-sobre-buenas-practicas-en-materia-de-derechos-de-autor-e-industrias-creativas-aprovechar-los-dpi-para-el-crecimiento-economico\\\/#primaryimage\"},\"image\":{\"@id\":\"https:\\\/\\\/alinvest-verde.eu\\\/agenda-verde\\\/webinario-sobre-buenas-practicas-en-materia-de-derechos-de-autor-e-industrias-creativas-aprovechar-los-dpi-para-el-crecimiento-economico\\\/#primaryimage\"},\"thumbnailUrl\":\"https:\\\/\\\/alinvest-verde.eu\\\/wp-content\\\/uploads\\\/2025\\\/05\\\/Event-template-10-april-judges-working-group.png\",\"datePublished\":\"2025-05-20T11:59:11+00:00\",\"dateModified\":\"2025-06-26T14:43:08+00:00\",\"breadcrumb\":{\"@id\":\"https:\\\/\\\/alinvest-verde.eu\\\/agenda-verde\\\/webinario-sobre-buenas-practicas-en-materia-de-derechos-de-autor-e-industrias-creativas-aprovechar-los-dpi-para-el-crecimiento-economico\\\/#breadcrumb\"},\"inLanguage\":\"pt-PT\",\"potentialAction\":[{\"@type\":\"ReadAction\",\"target\":[\"https:\\\/\\\/alinvest-verde.eu\\\/agenda-verde\\\/webinario-sobre-buenas-practicas-en-materia-de-derechos-de-autor-e-industrias-creativas-aprovechar-los-dpi-para-el-crecimiento-economico\\\/\"]}]},{\"@type\":\"ImageObject\",\"inLanguage\":\"pt-PT\",\"@id\":\"https:\\\/\\\/alinvest-verde.eu\\\/agenda-verde\\\/webinario-sobre-buenas-practicas-en-materia-de-derechos-de-autor-e-industrias-creativas-aprovechar-los-dpi-para-el-crecimiento-economico\\\/#primaryimage\",\"url\":\"https:\\\/\\\/alinvest-verde.eu\\\/wp-content\\\/uploads\\\/2025\\\/05\\\/Event-template-10-april-judges-working-group.png\",\"contentUrl\":\"https:\\\/\\\/alinvest-verde.eu\\\/wp-content\\\/uploads\\\/2025\\\/05\\\/Event-template-10-april-judges-working-group.png\",\"width\":1280,\"height\":720},{\"@type\":\"BreadcrumbList\",\"@id\":\"https:\\\/\\\/alinvest-verde.eu\\\/agenda-verde\\\/webinario-sobre-buenas-practicas-en-materia-de-derechos-de-autor-e-industrias-creativas-aprovechar-los-dpi-para-el-crecimiento-economico\\\/#breadcrumb\",\"itemListElement\":[{\"@type\":\"ListItem\",\"position\":1,\"name\":\"Inicio\",\"item\":\"https:\\\/\\\/alinvest-verde.eu\\\/\"},{\"@type\":\"ListItem\",\"position\":2,\"name\":\"Eventos\",\"item\":\"https:\\\/\\\/alinvest-verde.eu\\\/es_es\\\/eventos\\\/\"},{\"@type\":\"ListItem\",\"position\":3,\"name\":\"Webinario sobre buenas pr\u00e1cticas en materia de derechos de autor e industrias creativas: Aprovechar los DPI para el crecimiento econ\u00f3mico\"}]},{\"@type\":\"WebSite\",\"@id\":\"https:\\\/\\\/alinvest-verde.eu\\\/#website\",\"url\":\"https:\\\/\\\/alinvest-verde.eu\\\/\",\"name\":\"Programme AL-INVEST Verde\",\"description\":\"Building alliances with the private sector in LA and promote sustainable growth and jobs creation by supporting the transition towards a low-carbon, resource-efficient economy\",\"publisher\":{\"@id\":\"https:\\\/\\\/alinvest-verde.eu\\\/#organization\"},\"potentialAction\":[{\"@type\":\"SearchAction\",\"target\":{\"@type\":\"EntryPoint\",\"urlTemplate\":\"https:\\\/\\\/alinvest-verde.eu\\\/?s={search_term_string}\"},\"query-input\":{\"@type\":\"PropertyValueSpecification\",\"valueRequired\":true,\"valueName\":\"search_term_string\"}}],\"inLanguage\":\"pt-PT\"},{\"@type\":\"Organization\",\"@id\":\"https:\\\/\\\/alinvest-verde.eu\\\/#organization\",\"name\":\"Programme AL-INVEST Verde\",\"url\":\"https:\\\/\\\/alinvest-verde.eu\\\/\",\"logo\":{\"@type\":\"ImageObject\",\"inLanguage\":\"pt-PT\",\"@id\":\"https:\\\/\\\/alinvest-verde.eu\\\/#\\\/schema\\\/logo\\\/image\\\/\",\"url\":\"https:\\\/\\\/alinvest-verde.eu\\\/wp-content\\\/uploads\\\/2022\\\/01\\\/cropped-logo-financiado-por-la-UE.jpg\",\"contentUrl\":\"https:\\\/\\\/alinvest-verde.eu\\\/wp-content\\\/uploads\\\/2022\\\/01\\\/cropped-logo-financiado-por-la-UE.jpg\",\"width\":756,\"height\":216,\"caption\":\"Programme AL-INVEST Verde\"},\"image\":{\"@id\":\"https:\\\/\\\/alinvest-verde.eu\\\/#\\\/schema\\\/logo\\\/image\\\/\"}}]}<\/script>\n<!-- \/ Yoast SEO plugin. -->","yoast_head_json":{"title":"Webinar sobre Boas Pr\u00e1ticas em mat\u00e9ria de direitos de autor e ind\u00fastrias criativas: aproveitar os DPI para o crescimento econ\u00f3mico - Programa AL-INVEST Verde","robots":{"index":"index","follow":"follow","max-snippet":"max-snippet:-1","max-image-preview":"max-image-preview:large","max-video-preview":"max-video-preview:-1"},"canonical":"https:\/\/alinvest-verde.eu\/pt_pt_ao90\/agenda-verde\/webinario-sobre-buenas-practicas-en-materia-de-derechos-de-autor-e-industrias-creativas-aprovechar-los-dpi-para-el-crecimiento-economico\/","og_locale":"pt_PT","og_type":"article","og_title":"Webinario sobre buenas pr\u00e1cticas en materia de derechos de autor e industrias creativas: Aprovechar los DPI para el crecimiento econ\u00f3mico - Programme AL-INVEST Verde","og_description":"El seminario web se organiza en colaboraci\u00f3n con la Universidad Federal de R\u00edo de Janeiro (Brasil) para reforzar el conocimiento de los DPI en las industrias creativas. El evento tiene como objetivo apoyar a los profesionales creativos y a los responsables pol\u00edticos, proporcionando informaci\u00f3n sobre el marco de derechos de autor de la UE, destacando [&hellip;]","og_url":"https:\/\/alinvest-verde.eu\/pt_pt_ao90\/agenda-verde\/webinario-sobre-buenas-practicas-en-materia-de-derechos-de-autor-e-industrias-creativas-aprovechar-los-dpi-para-el-crecimiento-economico\/","og_site_name":"Programme AL-INVEST Verde","article_modified_time":"2025-06-26T14:43:08+00:00","og_image":[{"width":1280,"height":720,"url":"https:\/\/alinvest-verde.eu\/wp-content\/uploads\/2025\/05\/Event-template-10-april-judges-working-group.png","type":"image\/png"}],"twitter_card":"summary_large_image","twitter_misc":{"Est. reading time":"1 minuto"},"schema":{"@context":"https:\/\/schema.org","@graph":[{"@type":"WebPage","@id":"https:\/\/alinvest-verde.eu\/agenda-verde\/webinario-sobre-buenas-practicas-en-materia-de-derechos-de-autor-e-industrias-creativas-aprovechar-los-dpi-para-el-crecimiento-economico\/","url":"https:\/\/alinvest-verde.eu\/agenda-verde\/webinario-sobre-buenas-practicas-en-materia-de-derechos-de-autor-e-industrias-creativas-aprovechar-los-dpi-para-el-crecimiento-economico\/","name":"Webinar sobre Boas Pr\u00e1ticas em mat\u00e9ria de direitos de autor e ind\u00fastrias criativas: aproveitar os DPI para o crescimento econ\u00f3mico - Programa AL-INVEST Verde","isPartOf":{"@id":"https:\/\/alinvest-verde.eu\/#website"},"primaryImageOfPage":{"@id":"https:\/\/alinvest-verde.eu\/agenda-verde\/webinario-sobre-buenas-practicas-en-materia-de-derechos-de-autor-e-industrias-creativas-aprovechar-los-dpi-para-el-crecimiento-economico\/#primaryimage"},"image":{"@id":"https:\/\/alinvest-verde.eu\/agenda-verde\/webinario-sobre-buenas-practicas-en-materia-de-derechos-de-autor-e-industrias-creativas-aprovechar-los-dpi-para-el-crecimiento-economico\/#primaryimage"},"thumbnailUrl":"https:\/\/alinvest-verde.eu\/wp-content\/uploads\/2025\/05\/Event-template-10-april-judges-working-group.png","datePublished":"2025-05-20T11:59:11+00:00","dateModified":"2025-06-26T14:43:08+00:00","breadcrumb":{"@id":"https:\/\/alinvest-verde.eu\/agenda-verde\/webinario-sobre-buenas-practicas-en-materia-de-derechos-de-autor-e-industrias-creativas-aprovechar-los-dpi-para-el-crecimiento-economico\/#breadcrumb"},"inLanguage":"pt-PT","potentialAction":[{"@type":"ReadAction","target":["https:\/\/alinvest-verde.eu\/agenda-verde\/webinario-sobre-buenas-practicas-en-materia-de-derechos-de-autor-e-industrias-creativas-aprovechar-los-dpi-para-el-crecimiento-economico\/"]}]},{"@type":"ImageObject","inLanguage":"pt-PT","@id":"https:\/\/alinvest-verde.eu\/agenda-verde\/webinario-sobre-buenas-practicas-en-materia-de-derechos-de-autor-e-industrias-creativas-aprovechar-los-dpi-para-el-crecimiento-economico\/#primaryimage","url":"https:\/\/alinvest-verde.eu\/wp-content\/uploads\/2025\/05\/Event-template-10-april-judges-working-group.png","contentUrl":"https:\/\/alinvest-verde.eu\/wp-content\/uploads\/2025\/05\/Event-template-10-april-judges-working-group.png","width":1280,"height":720},{"@type":"BreadcrumbList","@id":"https:\/\/alinvest-verde.eu\/agenda-verde\/webinario-sobre-buenas-practicas-en-materia-de-derechos-de-autor-e-industrias-creativas-aprovechar-los-dpi-para-el-crecimiento-economico\/#breadcrumb","itemListElement":[{"@type":"ListItem","position":1,"name":"Inicio","item":"https:\/\/alinvest-verde.eu\/"},{"@type":"ListItem","position":2,"name":"Eventos","item":"https:\/\/alinvest-verde.eu\/es_es\/eventos\/"},{"@type":"ListItem","position":3,"name":"Webinario sobre buenas pr\u00e1cticas en materia de derechos de autor e industrias creativas: Aprovechar los DPI para el crecimiento econ\u00f3mico"}]},{"@type":"WebSite","@id":"https:\/\/alinvest-verde.eu\/#website","url":"https:\/\/alinvest-verde.eu\/","name":"Programa AL-INVEST Verde","description":"Construir alian\u00e7as com o sector privado na AL e promover o crescimento sustent\u00e1vel e a cria\u00e7\u00e3o de empregos, apoiando a transi\u00e7\u00e3o para uma economia de baixo carbono e eficiente em termos de recursos","publisher":{"@id":"https:\/\/alinvest-verde.eu\/#organization"},"potentialAction":[{"@type":"SearchAction","target":{"@type":"EntryPoint","urlTemplate":"https:\/\/alinvest-verde.eu\/?s={search_term_string}"},"query-input":{"@type":"PropertyValueSpecification","valueRequired":true,"valueName":"search_term_string"}}],"inLanguage":"pt-PT"},{"@type":"Organization","@id":"https:\/\/alinvest-verde.eu\/#organization","name":"Programa AL-INVEST Verde","url":"https:\/\/alinvest-verde.eu\/","logo":{"@type":"ImageObject","inLanguage":"pt-PT","@id":"https:\/\/alinvest-verde.eu\/#\/schema\/logo\/image\/","url":"https:\/\/alinvest-verde.eu\/wp-content\/uploads\/2022\/01\/cropped-logo-financiado-por-la-UE.jpg","contentUrl":"https:\/\/alinvest-verde.eu\/wp-content\/uploads\/2022\/01\/cropped-logo-financiado-por-la-UE.jpg","width":756,"height":216,"caption":"Programme AL-INVEST Verde"},"image":{"@id":"https:\/\/alinvest-verde.eu\/#\/schema\/logo\/image\/"}}]}},"_links":{"self":[{"href":"https:\/\/alinvest-verde.eu\/pt_pt_ao90\/wp-json\/wp\/v2\/mec-events\/17682","targetHints":{"allow":["GET"]}}],"collection":[{"href":"https:\/\/alinvest-verde.eu\/pt_pt_ao90\/wp-json\/wp\/v2\/mec-events"}],"about":[{"href":"https:\/\/alinvest-verde.eu\/pt_pt_ao90\/wp-json\/wp\/v2\/types\/mec-events"}],"author":[{"embeddable":true,"href":"https:\/\/alinvest-verde.eu\/pt_pt_ao90\/wp-json\/wp\/v2\/users\/7"}],"replies":[{"embeddable":true,"href":"https:\/\/alinvest-verde.eu\/pt_pt_ao90\/wp-json\/wp\/v2\/comments?post=17682"}],"wp:featuredmedia":[{"embeddable":true,"href":"https:\/\/alinvest-verde.eu\/pt_pt_ao90\/wp-json\/wp\/v2\/media\/17683"}],"wp:attachment":[{"href":"https:\/\/alinvest-verde.eu\/pt_pt_ao90\/wp-json\/wp\/v2\/media?parent=17682"}],"wp:term":[{"taxonomy":"post_tag","embeddable":true,"href":"https:\/\/alinvest-verde.eu\/pt_pt_ao90\/wp-json\/wp\/v2\/tags?post=17682"},{"taxonomy":"mec_category","embeddable":true,"href":"https:\/\/alinvest-verde.eu\/pt_pt_ao90\/wp-json\/wp\/v2\/mec_category?post=17682"}],"curies":[{"name":"wp","href":"https:\/\/api.w.org\/{rel}","templated":true}]}}