{"id":18934,"date":"2025-09-09T00:30:53","date_gmt":"2025-09-08T22:30:53","guid":{"rendered":"https:\/\/alinvest-verde.eu\/?post_type=mec-events&#038;p=18934"},"modified":"2025-09-13T18:46:19","modified_gmt":"2025-09-13T16:46:19","slug":"webinar-acciones-por-la-sostenibilidad-lideradas-por-mujeres","status":"publish","type":"mec-events","link":"https:\/\/alinvest-verde.eu\/pt_pt_ao90\/agenda-verde\/webinar-acciones-por-la-sostenibilidad-lideradas-por-mujeres\/","title":{"rendered":"Webinar: Ac\u00e7\u00f5es lideradas por mulheres para a sustentabilidade"},"content":{"rendered":"<p class=\"wp-block-paragraph\">No \u00e2mbito do programa <strong>AL-INVEST Verde<\/strong>e em colabora\u00e7\u00e3o com o <strong>C\u00e2mara de Com\u00e9rcio Internacional (ICC)<\/strong>o webinar ser\u00e1 realizado <strong>\"Ac\u00e7\u00f5es para a sustentabilidade lideradas por mulheres\".<\/strong>com o objetivo de real\u00e7ar o papel fundamental das mulheres na promo\u00e7\u00e3o da sustentabilidade ambiental e social na Am\u00e9rica Latina.<\/p>\n\n\n\n<p class=\"wp-block-paragraph\">O objetivo deste evento \u00e9:<\/p>\n\n\n\n<ul class=\"wp-block-list\">\n<li>Dar visibilidade e promover iniciativas lideradas por mulheres que promovam a sustentabilidade na regi\u00e3o.<\/li>\n\n\n\n<li>Promover o di\u00e1logo e o interc\u00e2mbio de conhecimentos entre mulheres l\u00edderes, empres\u00e1rias e institui\u00e7\u00f5es empenhadas no desenvolvimento sustent\u00e1vel.<\/li>\n\n\n\n<li>Promover abordagens inclusivas e sens\u00edveis \u00e0s quest\u00f5es de g\u00e9nero nas estrat\u00e9gias de transi\u00e7\u00e3o ecol\u00f3gica e nas pr\u00e1ticas empresariais sustent\u00e1veis.<\/li>\n<\/ul>\n\n\n\n<p class=\"wp-block-paragraph\">O webinar destina-se a organiza\u00e7\u00f5es que implementam projectos ao abrigo da Componente 1 do programa AL-INVEST Verde; representantes de PME, microempresas e pequenos produtores; representantes do sector p\u00fablico e de institui\u00e7\u00f5es de desenvolvimento com experi\u00eancia em pol\u00edticas de g\u00e9nero, ambiente e produ\u00e7\u00e3o sustent\u00e1vel; bem como consultores e especialistas em igualdade de g\u00e9nero, desenvolvimento sustent\u00e1vel e economia verde.<\/p>\n\n\n\n<p class=\"wp-block-paragraph\"><strong>Detalhes do evento:<\/strong><\/p>\n\n\n\n<ul class=\"wp-block-list\">\n<li><strong>Data:<\/strong> 18 de setembro de 2025<\/li>\n\n\n\n<li><strong>Tempo:<\/strong> 16:30 (CET)<\/li>\n\n\n\n<li><strong>Formato:<\/strong> <em>transmiss\u00e3o <\/em><\/li>\n\n\n\n<li><strong>Interpreta\u00e7\u00e3o simult\u00e2nea:<\/strong> Portugu\u00eas e ingl\u00eas <\/li>\n<\/ul>\n\n\n\n<div class=\"wp-block-buttons is-layout-flex wp-block-buttons-is-layout-flex\">\n<div class=\"wp-block-button\"><a class=\"wp-block-button__link has-luminous-vivid-amber-background-color has-background wp-element-button\" href=\"https:\/\/docs.google.com\/forms\/d\/e\/1FAIpQLSebLAGrqBmfcDeqhIFmjSfFlGjiwuP6Vc12EAf17kmuHMS2Qg\/viewform?usp=header\">Registe-se aqui<\/a><\/div>\n<\/div>\n\n\n\n<p class=\"wp-block-paragraph\">Este espa\u00e7o procura contribuir para o refor\u00e7o das capacidades, o interc\u00e2mbio de experi\u00eancias e a promo\u00e7\u00e3o de uma transi\u00e7\u00e3o verde com uma perspetiva de g\u00e9nero na Am\u00e9rica Latina.<\/p>\n\n\n\n<p class=\"wp-block-paragraph\"><strong>Agenda:<\/strong><\/p>\n\n\n\n<p class=\"wp-block-paragraph\"><strong>Acolhimento institucional<\/strong><\/p>\n\n\n\n<ul class=\"wp-block-list\">\n<li><strong>16:30 - 16:35<\/strong> Bem-vindo<\/li>\n\n\n\n<li><strong>16:35 - 16:40<\/strong> Breve introdu\u00e7\u00e3o ao programa AL-INVEST Verde e ao seu enfoque na sustentabilidade e no g\u00e9nero, <em>Irene Haddad<\/em>, <em>chefe de equipa do programa AL-INVEST Verde<\/em><\/li>\n\n\n\n<li><strong>16:40 - 16:45<\/strong> Apresenta\u00e7\u00e3o do Centro de Empreendedorismo do ICC e do seu atual enfoque na sustentabilidade e no g\u00e9nero, <em>Catherine Foster<\/em>, <em>L\u00edder Global do Centro de Empreendedorismo da ICC<\/em><\/li>\n<\/ul>\n\n\n\n<p class=\"wp-block-paragraph\"><strong>Apresenta\u00e7\u00e3o em destaque: Apoiar as mulheres nas empresas sustent\u00e1veis<\/strong><\/p>\n\n\n\n<ul class=\"wp-block-list\">\n<li><strong>16:45 - 17:00<\/strong> Panorama do atual programa das ICC: <em>Desenvolver programas eficazes de empreendedorismo feminino<\/em>, <em>Catherine Foster<\/em>L\u00edder global do Centro ICC para o Empreendedorismo<\/li>\n\n\n\n<li><strong>17h00 \u2013 17h15 <\/strong>Ac\u00e7\u00f5es para enfrentar os desafios em mat\u00e9ria de g\u00e9nero, <em>Patrizia Laplana, membro do Conselho de Administra\u00e7\u00e3o da Women Action Sustainability. <\/em><\/li>\n<\/ul>\n\n\n\n<p class=\"wp-block-paragraph\"><strong>Interc\u00e2mbio de iniciativas de mulheres l\u00edderes<\/strong><\/p>\n\n\n\n<div class=\"wp-block-group is-vertical is-layout-flex wp-container-core-group-is-layout-2c90304e wp-block-group-is-layout-flex\">\n<ul class=\"wp-block-list\">\n<li><strong>17:15 \u2013 17:25<\/strong> O projeto ARABICA e a sua gest\u00e3o de g\u00e9nero, <em>Ana Moraes Coelho, Gestora de Projectos - Funda\u00e7\u00e3o Getulio Vargas<\/em><\/li>\n\n\n\n<li><strong>17:25 - 17:40<\/strong> Empresa benefici\u00e1ria, no \u00e2mbito do programa AL-INVEST Verde, que incorporou crit\u00e9rios de g\u00e9nero nos seus processos, gerando resultados positivos, <em>Eliani Barbosa<\/em>, <em>Diretor Executivo da Cooperativa de Caficultores do Cerrado de Araguari e Regi\u00e3o Ltda. - COOCACER<\/em><\/li>\n<\/ul>\n<\/div>\n\n\n\n<p class=\"wp-block-paragraph\"><strong>Per\u00edodo de perguntas <\/strong><\/p>\n\n\n\n<ul class=\"wp-block-list\">\n<li><strong>17:40- 18:00<\/strong> Intera\u00e7\u00e3o moderada para responder a perguntas (via chat)<\/li>\n<\/ul>\n\n\n\n<p class=\"wp-block-paragraph\"><\/p>","protected":false},"excerpt":{"rendered":"<p>En el marco del programa AL-INVEST Verde, y en colaboraci\u00f3n con la C\u00e1mara de Comercio Internacional (ICC), se llevar\u00e1 a cabo el webinar &#8220;Acciones por la sostenibilidad lideradas por mujeres&#8221;, con el objetivo de destacar el papel fundamental de las mujeres en la promoci\u00f3n de la sostenibilidad ambiental y social en Am\u00e9rica Latina. Este evento [&hellip;]<\/p>\n","protected":false},"author":4,"featured_media":18982,"comment_status":"closed","ping_status":"closed","template":"","tags":[],"mec_category":[],"class_list":["post-18934","mec-events","type-mec-events","status-publish","has-post-thumbnail","hentry"],"yoast_head":"<!-- This site is optimized with the Yoast SEO plugin v28.4 - https:\/\/yoast.com\/product\/yoast-seo-wordpress\/ -->\n<title>Webinar: Acciones por la sostenibilidad lideradas por mujeres - Programme AL-INVEST Verde<\/title>\n<meta name=\"robots\" content=\"index, follow, max-snippet:-1, max-image-preview:large, max-video-preview:-1\" \/>\n<link rel=\"canonical\" href=\"https:\/\/alinvest-verde.eu\/pt_pt_ao90\/agenda-verde\/webinar-acciones-por-la-sostenibilidad-lideradas-por-mujeres\/\" \/>\n<meta property=\"og:locale\" content=\"pt_PT\" \/>\n<meta property=\"og:type\" content=\"article\" \/>\n<meta property=\"og:title\" content=\"Webinar: Acciones por la sostenibilidad lideradas por mujeres - Programme AL-INVEST Verde\" \/>\n<meta property=\"og:description\" content=\"En el marco del programa AL-INVEST Verde, y en colaboraci\u00f3n con la C\u00e1mara de Comercio Internacional (ICC), se llevar\u00e1 a cabo el webinar &#8220;Acciones por la sostenibilidad lideradas por mujeres&#8221;, con el objetivo de destacar el papel fundamental de las mujeres en la promoci\u00f3n de la sostenibilidad ambiental y social en Am\u00e9rica Latina. Este evento [&hellip;]\" \/>\n<meta property=\"og:url\" content=\"https:\/\/alinvest-verde.eu\/pt_pt_ao90\/agenda-verde\/webinar-acciones-por-la-sostenibilidad-lideradas-por-mujeres\/\" \/>\n<meta property=\"og:site_name\" content=\"Programme AL-INVEST Verde\" \/>\n<meta property=\"article:modified_time\" content=\"2025-09-13T16:46:19+00:00\" \/>\n<meta property=\"og:image\" content=\"https:\/\/alinvest-verde.eu\/wp-content\/uploads\/2025\/09\/Amarillo-Marron-Luz-de-Escenario-Estetico-Cantante-Transmision-en-Vivo-Portada-para-Facebook-3.jpg\" \/>\n\t<meta property=\"og:image:width\" content=\"1640\" \/>\n\t<meta property=\"og:image:height\" content=\"924\" \/>\n\t<meta property=\"og:image:type\" content=\"image\/jpeg\" \/>\n<meta name=\"twitter:card\" content=\"summary_large_image\" \/>\n<meta name=\"twitter:label1\" content=\"Est. reading time\" \/>\n\t<meta name=\"twitter:data1\" content=\"3 minutos\" \/>\n<script type=\"application\/ld+json\" class=\"yoast-schema-graph\">{\"@context\":\"https:\\\/\\\/schema.org\",\"@graph\":[{\"@type\":\"WebPage\",\"@id\":\"https:\\\/\\\/alinvest-verde.eu\\\/agenda-verde\\\/webinar-acciones-por-la-sostenibilidad-lideradas-por-mujeres\\\/\",\"url\":\"https:\\\/\\\/alinvest-verde.eu\\\/agenda-verde\\\/webinar-acciones-por-la-sostenibilidad-lideradas-por-mujeres\\\/\",\"name\":\"Webinar: Acciones por la sostenibilidad lideradas por mujeres - Programme AL-INVEST Verde\",\"isPartOf\":{\"@id\":\"https:\\\/\\\/alinvest-verde.eu\\\/#website\"},\"primaryImageOfPage\":{\"@id\":\"https:\\\/\\\/alinvest-verde.eu\\\/agenda-verde\\\/webinar-acciones-por-la-sostenibilidad-lideradas-por-mujeres\\\/#primaryimage\"},\"image\":{\"@id\":\"https:\\\/\\\/alinvest-verde.eu\\\/agenda-verde\\\/webinar-acciones-por-la-sostenibilidad-lideradas-por-mujeres\\\/#primaryimage\"},\"thumbnailUrl\":\"https:\\\/\\\/alinvest-verde.eu\\\/wp-content\\\/uploads\\\/2025\\\/09\\\/Amarillo-Marron-Luz-de-Escenario-Estetico-Cantante-Transmision-en-Vivo-Portada-para-Facebook-3.jpg\",\"datePublished\":\"2025-09-08T22:30:53+00:00\",\"dateModified\":\"2025-09-13T16:46:19+00:00\",\"breadcrumb\":{\"@id\":\"https:\\\/\\\/alinvest-verde.eu\\\/agenda-verde\\\/webinar-acciones-por-la-sostenibilidad-lideradas-por-mujeres\\\/#breadcrumb\"},\"inLanguage\":\"pt-PT\",\"potentialAction\":[{\"@type\":\"ReadAction\",\"target\":[\"https:\\\/\\\/alinvest-verde.eu\\\/agenda-verde\\\/webinar-acciones-por-la-sostenibilidad-lideradas-por-mujeres\\\/\"]}]},{\"@type\":\"ImageObject\",\"inLanguage\":\"pt-PT\",\"@id\":\"https:\\\/\\\/alinvest-verde.eu\\\/agenda-verde\\\/webinar-acciones-por-la-sostenibilidad-lideradas-por-mujeres\\\/#primaryimage\",\"url\":\"https:\\\/\\\/alinvest-verde.eu\\\/wp-content\\\/uploads\\\/2025\\\/09\\\/Amarillo-Marron-Luz-de-Escenario-Estetico-Cantante-Transmision-en-Vivo-Portada-para-Facebook-3.jpg\",\"contentUrl\":\"https:\\\/\\\/alinvest-verde.eu\\\/wp-content\\\/uploads\\\/2025\\\/09\\\/Amarillo-Marron-Luz-de-Escenario-Estetico-Cantante-Transmision-en-Vivo-Portada-para-Facebook-3.jpg\",\"width\":1640,\"height\":924},{\"@type\":\"BreadcrumbList\",\"@id\":\"https:\\\/\\\/alinvest-verde.eu\\\/agenda-verde\\\/webinar-acciones-por-la-sostenibilidad-lideradas-por-mujeres\\\/#breadcrumb\",\"itemListElement\":[{\"@type\":\"ListItem\",\"position\":1,\"name\":\"Inicio\",\"item\":\"https:\\\/\\\/alinvest-verde.eu\\\/\"},{\"@type\":\"ListItem\",\"position\":2,\"name\":\"Eventos\",\"item\":\"https:\\\/\\\/alinvest-verde.eu\\\/es_es\\\/eventos\\\/\"},{\"@type\":\"ListItem\",\"position\":3,\"name\":\"Webinar: Acciones por la sostenibilidad lideradas por mujeres\"}]},{\"@type\":\"WebSite\",\"@id\":\"https:\\\/\\\/alinvest-verde.eu\\\/#website\",\"url\":\"https:\\\/\\\/alinvest-verde.eu\\\/\",\"name\":\"Programme AL-INVEST Verde\",\"description\":\"Building alliances with the private sector in LA and promote sustainable growth and jobs creation by supporting the transition towards a low-carbon, resource-efficient economy\",\"publisher\":{\"@id\":\"https:\\\/\\\/alinvest-verde.eu\\\/#organization\"},\"potentialAction\":[{\"@type\":\"SearchAction\",\"target\":{\"@type\":\"EntryPoint\",\"urlTemplate\":\"https:\\\/\\\/alinvest-verde.eu\\\/?s={search_term_string}\"},\"query-input\":{\"@type\":\"PropertyValueSpecification\",\"valueRequired\":true,\"valueName\":\"search_term_string\"}}],\"inLanguage\":\"pt-PT\"},{\"@type\":\"Organization\",\"@id\":\"https:\\\/\\\/alinvest-verde.eu\\\/#organization\",\"name\":\"Programme AL-INVEST Verde\",\"url\":\"https:\\\/\\\/alinvest-verde.eu\\\/\",\"logo\":{\"@type\":\"ImageObject\",\"inLanguage\":\"pt-PT\",\"@id\":\"https:\\\/\\\/alinvest-verde.eu\\\/#\\\/schema\\\/logo\\\/image\\\/\",\"url\":\"https:\\\/\\\/alinvest-verde.eu\\\/wp-content\\\/uploads\\\/2022\\\/01\\\/cropped-logo-financiado-por-la-UE.jpg\",\"contentUrl\":\"https:\\\/\\\/alinvest-verde.eu\\\/wp-content\\\/uploads\\\/2022\\\/01\\\/cropped-logo-financiado-por-la-UE.jpg\",\"width\":756,\"height\":216,\"caption\":\"Programme AL-INVEST Verde\"},\"image\":{\"@id\":\"https:\\\/\\\/alinvest-verde.eu\\\/#\\\/schema\\\/logo\\\/image\\\/\"}}]}<\/script>\n<!-- \/ Yoast SEO plugin. -->","yoast_head_json":{"title":"Webinar: Ac\u00e7\u00f5es lideradas por mulheres para a sustentabilidade - Programa AL-INVEST Verde","robots":{"index":"index","follow":"follow","max-snippet":"max-snippet:-1","max-image-preview":"max-image-preview:large","max-video-preview":"max-video-preview:-1"},"canonical":"https:\/\/alinvest-verde.eu\/pt_pt_ao90\/agenda-verde\/webinar-acciones-por-la-sostenibilidad-lideradas-por-mujeres\/","og_locale":"pt_PT","og_type":"article","og_title":"Webinar: Acciones por la sostenibilidad lideradas por mujeres - Programme AL-INVEST Verde","og_description":"En el marco del programa AL-INVEST Verde, y en colaboraci\u00f3n con la C\u00e1mara de Comercio Internacional (ICC), se llevar\u00e1 a cabo el webinar &#8220;Acciones por la sostenibilidad lideradas por mujeres&#8221;, con el objetivo de destacar el papel fundamental de las mujeres en la promoci\u00f3n de la sostenibilidad ambiental y social en Am\u00e9rica Latina. Este evento [&hellip;]","og_url":"https:\/\/alinvest-verde.eu\/pt_pt_ao90\/agenda-verde\/webinar-acciones-por-la-sostenibilidad-lideradas-por-mujeres\/","og_site_name":"Programme AL-INVEST Verde","article_modified_time":"2025-09-13T16:46:19+00:00","og_image":[{"width":1640,"height":924,"url":"https:\/\/alinvest-verde.eu\/wp-content\/uploads\/2025\/09\/Amarillo-Marron-Luz-de-Escenario-Estetico-Cantante-Transmision-en-Vivo-Portada-para-Facebook-3.jpg","type":"image\/jpeg"}],"twitter_card":"summary_large_image","twitter_misc":{"Est. reading time":"3 minutos"},"schema":{"@context":"https:\/\/schema.org","@graph":[{"@type":"WebPage","@id":"https:\/\/alinvest-verde.eu\/agenda-verde\/webinar-acciones-por-la-sostenibilidad-lideradas-por-mujeres\/","url":"https:\/\/alinvest-verde.eu\/agenda-verde\/webinar-acciones-por-la-sostenibilidad-lideradas-por-mujeres\/","name":"Webinar: Ac\u00e7\u00f5es lideradas por mulheres para a sustentabilidade - Programa AL-INVEST Verde","isPartOf":{"@id":"https:\/\/alinvest-verde.eu\/#website"},"primaryImageOfPage":{"@id":"https:\/\/alinvest-verde.eu\/agenda-verde\/webinar-acciones-por-la-sostenibilidad-lideradas-por-mujeres\/#primaryimage"},"image":{"@id":"https:\/\/alinvest-verde.eu\/agenda-verde\/webinar-acciones-por-la-sostenibilidad-lideradas-por-mujeres\/#primaryimage"},"thumbnailUrl":"https:\/\/alinvest-verde.eu\/wp-content\/uploads\/2025\/09\/Amarillo-Marron-Luz-de-Escenario-Estetico-Cantante-Transmision-en-Vivo-Portada-para-Facebook-3.jpg","datePublished":"2025-09-08T22:30:53+00:00","dateModified":"2025-09-13T16:46:19+00:00","breadcrumb":{"@id":"https:\/\/alinvest-verde.eu\/agenda-verde\/webinar-acciones-por-la-sostenibilidad-lideradas-por-mujeres\/#breadcrumb"},"inLanguage":"pt-PT","potentialAction":[{"@type":"ReadAction","target":["https:\/\/alinvest-verde.eu\/agenda-verde\/webinar-acciones-por-la-sostenibilidad-lideradas-por-mujeres\/"]}]},{"@type":"ImageObject","inLanguage":"pt-PT","@id":"https:\/\/alinvest-verde.eu\/agenda-verde\/webinar-acciones-por-la-sostenibilidad-lideradas-por-mujeres\/#primaryimage","url":"https:\/\/alinvest-verde.eu\/wp-content\/uploads\/2025\/09\/Amarillo-Marron-Luz-de-Escenario-Estetico-Cantante-Transmision-en-Vivo-Portada-para-Facebook-3.jpg","contentUrl":"https:\/\/alinvest-verde.eu\/wp-content\/uploads\/2025\/09\/Amarillo-Marron-Luz-de-Escenario-Estetico-Cantante-Transmision-en-Vivo-Portada-para-Facebook-3.jpg","width":1640,"height":924},{"@type":"BreadcrumbList","@id":"https:\/\/alinvest-verde.eu\/agenda-verde\/webinar-acciones-por-la-sostenibilidad-lideradas-por-mujeres\/#breadcrumb","itemListElement":[{"@type":"ListItem","position":1,"name":"Inicio","item":"https:\/\/alinvest-verde.eu\/"},{"@type":"ListItem","position":2,"name":"Eventos","item":"https:\/\/alinvest-verde.eu\/es_es\/eventos\/"},{"@type":"ListItem","position":3,"name":"Webinar: Acciones por la sostenibilidad lideradas por mujeres"}]},{"@type":"WebSite","@id":"https:\/\/alinvest-verde.eu\/#website","url":"https:\/\/alinvest-verde.eu\/","name":"Programa AL-INVEST Verde","description":"Construir alian\u00e7as com o sector privado na AL e promover o crescimento sustent\u00e1vel e a cria\u00e7\u00e3o de empregos, apoiando a transi\u00e7\u00e3o para uma economia de baixo carbono e eficiente em termos de recursos","publisher":{"@id":"https:\/\/alinvest-verde.eu\/#organization"},"potentialAction":[{"@type":"SearchAction","target":{"@type":"EntryPoint","urlTemplate":"https:\/\/alinvest-verde.eu\/?s={search_term_string}"},"query-input":{"@type":"PropertyValueSpecification","valueRequired":true,"valueName":"search_term_string"}}],"inLanguage":"pt-PT"},{"@type":"Organization","@id":"https:\/\/alinvest-verde.eu\/#organization","name":"Programa AL-INVEST Verde","url":"https:\/\/alinvest-verde.eu\/","logo":{"@type":"ImageObject","inLanguage":"pt-PT","@id":"https:\/\/alinvest-verde.eu\/#\/schema\/logo\/image\/","url":"https:\/\/alinvest-verde.eu\/wp-content\/uploads\/2022\/01\/cropped-logo-financiado-por-la-UE.jpg","contentUrl":"https:\/\/alinvest-verde.eu\/wp-content\/uploads\/2022\/01\/cropped-logo-financiado-por-la-UE.jpg","width":756,"height":216,"caption":"Programme AL-INVEST Verde"},"image":{"@id":"https:\/\/alinvest-verde.eu\/#\/schema\/logo\/image\/"}}]}},"_links":{"self":[{"href":"https:\/\/alinvest-verde.eu\/pt_pt_ao90\/wp-json\/wp\/v2\/mec-events\/18934","targetHints":{"allow":["GET"]}}],"collection":[{"href":"https:\/\/alinvest-verde.eu\/pt_pt_ao90\/wp-json\/wp\/v2\/mec-events"}],"about":[{"href":"https:\/\/alinvest-verde.eu\/pt_pt_ao90\/wp-json\/wp\/v2\/types\/mec-events"}],"author":[{"embeddable":true,"href":"https:\/\/alinvest-verde.eu\/pt_pt_ao90\/wp-json\/wp\/v2\/users\/4"}],"replies":[{"embeddable":true,"href":"https:\/\/alinvest-verde.eu\/pt_pt_ao90\/wp-json\/wp\/v2\/comments?post=18934"}],"wp:featuredmedia":[{"embeddable":true,"href":"https:\/\/alinvest-verde.eu\/pt_pt_ao90\/wp-json\/wp\/v2\/media\/18982"}],"wp:attachment":[{"href":"https:\/\/alinvest-verde.eu\/pt_pt_ao90\/wp-json\/wp\/v2\/media?parent=18934"}],"wp:term":[{"taxonomy":"post_tag","embeddable":true,"href":"https:\/\/alinvest-verde.eu\/pt_pt_ao90\/wp-json\/wp\/v2\/tags?post=18934"},{"taxonomy":"mec_category","embeddable":true,"href":"https:\/\/alinvest-verde.eu\/pt_pt_ao90\/wp-json\/wp\/v2\/mec_category?post=18934"}],"curies":[{"name":"wp","href":"https:\/\/api.w.org\/{rel}","templated":true}]}}