{"id":15777,"date":"2024-09-04T16:11:41","date_gmt":"2024-09-04T14:11:41","guid":{"rendered":"https:\/\/alinvest-verde.eu\/?page_id=15777"},"modified":"2024-09-04T16:16:35","modified_gmt":"2024-09-04T14:16:35","slug":"evento-cierre-tena-dialogos-cacao-sostenible","status":"publish","type":"page","link":"https:\/\/alinvest-verde.eu\/pt_pt_ao90\/evento-cierre-tena-dialogos-cacao-sostenible\/","title":{"rendered":"Evento de encerramento dos Di\u00e1logos sobre o Cacau Sustent\u00e1vel de Tena"},"content":{"rendered":"<div data-elementor-type=\"wp-page\" data-elementor-id=\"15777\" class=\"elementor elementor-15777\" data-elementor-post-type=\"page\">\n\t\t\t\t\t\t<section class=\"elementor-section elementor-top-section elementor-element elementor-element-d462b30 elementor-section-boxed elementor-section-height-default elementor-section-height-default\" data-id=\"d462b30\" data-element_type=\"section\" data-e-type=\"section\">\n\t\t\t\t\t\t<div class=\"elementor-container elementor-column-gap-default\">\n\t\t\t\t\t<div class=\"elementor-column elementor-col-100 elementor-top-column elementor-element elementor-element-3dbc7a0\" data-id=\"3dbc7a0\" data-element_type=\"column\" data-e-type=\"column\">\n\t\t\t<div class=\"elementor-widget-wrap elementor-element-populated\">\n\t\t\t\t\t\t<section class=\"elementor-section elementor-inner-section elementor-element elementor-element-9711aaf elementor-section-boxed elementor-section-height-default elementor-section-height-default\" data-id=\"9711aaf\" data-element_type=\"section\" data-e-type=\"section\">\n\t\t\t\t\t\t<div class=\"elementor-container elementor-column-gap-default\">\n\t\t\t\t\t<div class=\"elementor-column elementor-col-50 elementor-inner-column elementor-element elementor-element-9961a86\" data-id=\"9961a86\" data-element_type=\"column\" data-e-type=\"column\">\n\t\t\t<div class=\"elementor-widget-wrap elementor-element-populated\">\n\t\t\t\t\t\t<div class=\"elementor-element elementor-element-bd81eb6 elementor-widget elementor-widget-image\" data-id=\"bd81eb6\" data-element_type=\"widget\" data-e-type=\"widget\" data-widget_type=\"image.default\">\n\t\t\t\t<div class=\"elementor-widget-container\">\n\t\t\t\t\t\t\t\t\t\t\t\t\t\t\t<img fetchpriority=\"high\" decoding=\"async\" width=\"373\" height=\"574\" src=\"https:\/\/alinvest-verde.eu\/wp-content\/uploads\/2024\/09\/PortadaCACAO.png\" class=\"attachment-large size-large wp-image-15712\" alt=\"\" srcset=\"https:\/\/alinvest-verde.eu\/wp-content\/uploads\/2024\/09\/PortadaCACAO.png 373w, https:\/\/alinvest-verde.eu\/wp-content\/uploads\/2024\/09\/PortadaCACAO-195x300.png 195w, https:\/\/alinvest-verde.eu\/wp-content\/uploads\/2024\/09\/PortadaCACAO-8x12.png 8w\" sizes=\"(max-width: 373px) 100vw, 373px\" \/>\t\t\t\t\t\t\t\t\t\t\t\t\t\t\t<\/div>\n\t\t\t\t<\/div>\n\t\t\t\t<div class=\"elementor-element elementor-element-596338f elementor-widget elementor-widget-text-editor\" data-id=\"596338f\" data-element_type=\"widget\" data-e-type=\"widget\" data-widget_type=\"text-editor.default\">\n\t\t\t\t<div class=\"elementor-widget-container\">\n\t\t\t\t\t\t\t\t\t<h3>Local<\/h3>\t\t\t\t\t\t\t\t<\/div>\n\t\t\t\t<\/div>\n\t\t\t\t<div class=\"elementor-element elementor-element-48c6bf5 elementor-widget elementor-widget-text-editor\" data-id=\"48c6bf5\" data-element_type=\"widget\" data-e-type=\"widget\" data-widget_type=\"text-editor.default\">\n\t\t\t\t<div class=\"elementor-widget-container\">\n\t\t\t\t\t\t\t\t\t<p><strong>Tena (Equador)<\/strong><\/p>\t\t\t\t\t\t\t\t<\/div>\n\t\t\t\t<\/div>\n\t\t\t\t\t<\/div>\n\t\t<\/div>\n\t\t\t\t<div class=\"elementor-column elementor-col-50 elementor-inner-column elementor-element elementor-element-f130a02\" data-id=\"f130a02\" data-element_type=\"column\" data-e-type=\"column\">\n\t\t\t<div class=\"elementor-widget-wrap elementor-element-populated\">\n\t\t\t\t\t\t<div class=\"elementor-element elementor-element-1eb2d15 elementor-widget elementor-widget-heading\" data-id=\"1eb2d15\" data-element_type=\"widget\" data-e-type=\"widget\" data-widget_type=\"heading.default\">\n\t\t\t\t<div class=\"elementor-widget-container\">\n\t\t\t\t\t<h2 class=\"elementor-heading-title elementor-size-default\">Quarta-feira, 2 de outubro de 2024<\/h2>\t\t\t\t<\/div>\n\t\t\t\t<\/div>\n\t\t\t\t<div class=\"elementor-element elementor-element-9a457ce elementor-widget elementor-widget-text-editor\" data-id=\"9a457ce\" data-element_type=\"widget\" data-e-type=\"widget\" data-widget_type=\"text-editor.default\">\n\t\t\t\t<div class=\"elementor-widget-container\">\n\t\t\t\t\t\t\t\t\t<p><strong><u>Amanh\u00e3<\/u><\/strong><\/p><p><strong>BOAS-VINDAS E INTRODU\u00c7\u00c3O<\/strong><\/p><p>AL-INVEST Verde e GIZ.<\/p><p><strong>CAMPO <\/strong><\/p><ul><li><strong>Grupo 1. <\/strong>Visita ao centro de recolha da associa\u00e7\u00e3o de pequenos produtores Kallari para conhecer a sua experi\u00eancia em mat\u00e9ria de rastreabilidade e o seu n\u00edvel de organiza\u00e7\u00e3o como ponto forte.<br \/><br \/><\/li><\/ul><ul><li><strong>Grupo 2.<\/strong> Visita a uma chacra amaz\u00f3nica, como sistema agroflorestal de uso sustent\u00e1vel da terra, na orla de \u00e1reas de dedica\u00e7\u00e3o florestal. Visualiza\u00e7\u00e3o de mapas de sat\u00e9lite, apreciando a diferen\u00e7a entre a defini\u00e7\u00e3o de floresta da EUDR e a realidade da \u00e1rea.<\/li><\/ul><p>\u00a0<\/p><p><strong><u>Tarde<\/u><\/strong><u>\u00a0<\/u><\/p><p><strong>PAIN\u00c9IS TEM\u00c1TICOS<\/strong><\/p><ul><li>Interc\u00e2mbio sobre as solu\u00e7\u00f5es locais e os desafios comuns dos pequenos agricultores no contexto dos requisitos do Regulamento Europeu Sem Desfloresta\u00e7\u00e3o (EUDR).\u00a0\u00a0<ul><li>Parceria<\/li><li>Sem desfloresta\u00e7\u00e3o: acordos de conserva\u00e7\u00e3o, forma\u00e7\u00e3o, zonas agr\u00edcolas, sistemas agro-florestais...\u00a0<\/li><li>Legalidade da utiliza\u00e7\u00e3o dos solos<\/li><li>Legalidade laboral, seguros e condi\u00e7\u00f5es de trabalho<\/li><li>Registo e gest\u00e3o de dados<\/li><li>Outros<\/li><\/ul><\/li><\/ul>\t\t\t\t\t\t\t\t<\/div>\n\t\t\t\t<\/div>\n\t\t\t\t\t<\/div>\n\t\t<\/div>\n\t\t\t\t\t<\/div>\n\t\t<\/section>\n\t\t\t\t\t<\/div>\n\t\t<\/div>\n\t\t\t\t\t<\/div>\n\t\t<\/section>\n\t\t\t\t<section class=\"elementor-section elementor-top-section elementor-element elementor-element-8acc35a elementor-section-boxed elementor-section-height-default elementor-section-height-default\" data-id=\"8acc35a\" data-element_type=\"section\" data-e-type=\"section\">\n\t\t\t\t\t\t<div class=\"elementor-container elementor-column-gap-default\">\n\t\t\t\t\t<div class=\"elementor-column elementor-col-100 elementor-top-column elementor-element elementor-element-a0613a8\" data-id=\"a0613a8\" data-element_type=\"column\" data-e-type=\"column\">\n\t\t\t<div class=\"elementor-widget-wrap elementor-element-populated\">\n\t\t\t\t\t\t<section class=\"elementor-section elementor-inner-section elementor-element elementor-element-31938a3 elementor-section-boxed elementor-section-height-default elementor-section-height-default\" data-id=\"31938a3\" data-element_type=\"section\" data-e-type=\"section\">\n\t\t\t\t\t\t<div class=\"elementor-container elementor-column-gap-default\">\n\t\t\t\t\t<div class=\"elementor-column elementor-col-50 elementor-inner-column elementor-element elementor-element-9851261\" data-id=\"9851261\" data-element_type=\"column\" data-e-type=\"column\">\n\t\t\t<div class=\"elementor-widget-wrap\">\n\t\t\t\t\t\t\t<\/div>\n\t\t<\/div>\n\t\t\t\t<div class=\"elementor-column elementor-col-50 elementor-inner-column elementor-element elementor-element-c0c09d6\" data-id=\"c0c09d6\" data-element_type=\"column\" data-e-type=\"column\">\n\t\t\t<div class=\"elementor-widget-wrap elementor-element-populated\">\n\t\t\t\t\t\t<div class=\"elementor-element elementor-element-af280b7 elementor-widget elementor-widget-heading\" data-id=\"af280b7\" data-element_type=\"widget\" data-e-type=\"widget\" data-widget_type=\"heading.default\">\n\t\t\t\t<div class=\"elementor-widget-container\">\n\t\t\t\t\t<h2 class=\"elementor-heading-title elementor-size-default\">Quinta-feira, 3 de outubro de 2024<\/h2>\t\t\t\t<\/div>\n\t\t\t\t<\/div>\n\t\t\t\t<div class=\"elementor-element elementor-element-5e86fc6 elementor-widget elementor-widget-text-editor\" data-id=\"5e86fc6\" data-element_type=\"widget\" data-e-type=\"widget\" data-widget_type=\"text-editor.default\">\n\t\t\t\t<div class=\"elementor-widget-container\">\n\t\t\t\t\t\t\t\t\t<p><strong>CAMPO <\/strong><\/p><ul><li>Cada grupo efectua a visita que n\u00e3o fez no dia anterior.<\/li><\/ul><p>\u00a0<\/p><p><strong>APRENDIZAGENS DO PRIMEIRO DIA <\/strong>\u00a0<\/p><ul><li>Os representantes das mesas redondas apresentar\u00e3o as solu\u00e7\u00f5es identificadas nas mesas redondas e nas visitas.\u00a0<\/li><\/ul><p>\u00a0<\/p><p><strong>CONVERSAT\u00d3RIO<\/strong>\u00a0<\/p><ul><li><strong>Tigela de peixe.<\/strong> Os representantes de cada sector dialogar\u00e3o com as autoridades competentes para identificar\/plotar um roteiro para enfrentar os desafios e as preocupa\u00e7\u00f5es comuns dos EUDR, com destaque para os pequenos agricultores da Amaz\u00f3nia.\u00a0\u00a0\u00a0<\/li><\/ul><p>\u00a0<\/p><p><strong>CONCLUS\u00d5ES <\/strong><\/p><ul><li>Painel com representantes das organiza\u00e7\u00f5es de produtores, do sector p\u00fablico, do sector privado, dos parceiros de desenvolvimento e das autoridades europeias competentes.<\/li><\/ul><p>\u00a0<\/p><p><strong>ENCERRAMENTO OFICIAL DO EVENTO<\/strong>\u00a0<\/p><ul><li>AL INVEST Green\/UE e GIZ.<\/li><\/ul><p>\u00a0<\/p><p><strong>VISITA CULTURAL<\/strong><\/p>\t\t\t\t\t\t\t\t<\/div>\n\t\t\t\t<\/div>\n\t\t\t\t\t<\/div>\n\t\t<\/div>\n\t\t\t\t\t<\/div>\n\t\t<\/section>\n\t\t\t\t\t<\/div>\n\t\t<\/div>\n\t\t\t\t\t<\/div>\n\t\t<\/section>\n\t\t\t\t<\/div>","protected":false},"excerpt":{"rendered":"<p>Lugar Tena (Ecuador) Mi\u00e9rcoles 2 de octubre de 2024 Ma\u00f1ana BIENVENIDA E INTRODUCCI\u00d3N AL-INVEST Verde y GIZ. SALIDA DE CAMPO Grupo 1. Visita al centro de acopio de la Asociaci\u00f3n de peque\u00f1os productores Kallari para conocer su experiencia de trazabilidad y nivel organizativo como una fortaleza. Grupo 2. Visita a una Chakra amaz\u00f3nica, como sistema [&hellip;]<\/p>\n","protected":false},"author":6,"featured_media":0,"parent":0,"menu_order":0,"comment_status":"closed","ping_status":"closed","template":"","meta":{"footnotes":""},"class_list":["post-15777","page","type-page","status-publish","hentry"],"yoast_head":"<!-- This site is optimized with the Yoast SEO plugin v28.4 - https:\/\/yoast.com\/product\/yoast-seo-wordpress\/ -->\n<title>Evento cierre Tena Di\u00e1logos Cacao Sostenible - Programme AL-INVEST Verde<\/title>\n<meta name=\"robots\" content=\"index, follow, max-snippet:-1, max-image-preview:large, max-video-preview:-1\" \/>\n<link rel=\"canonical\" href=\"https:\/\/alinvest-verde.eu\/pt_pt_ao90\/evento-cierre-tena-dialogos-cacao-sostenible\/\" \/>\n<meta property=\"og:locale\" content=\"pt_PT\" \/>\n<meta property=\"og:type\" content=\"article\" \/>\n<meta property=\"og:title\" content=\"Evento cierre Tena Di\u00e1logos Cacao Sostenible - Programme AL-INVEST Verde\" \/>\n<meta property=\"og:description\" content=\"Lugar Tena (Ecuador) Mi\u00e9rcoles 2 de octubre de 2024 Ma\u00f1ana BIENVENIDA E INTRODUCCI\u00d3N AL-INVEST Verde y GIZ. SALIDA DE CAMPO Grupo 1. Visita al centro de acopio de la Asociaci\u00f3n de peque\u00f1os productores Kallari para conocer su experiencia de trazabilidad y nivel organizativo como una fortaleza. Grupo 2. Visita a una Chakra amaz\u00f3nica, como sistema [&hellip;]\" \/>\n<meta property=\"og:url\" content=\"https:\/\/alinvest-verde.eu\/pt_pt_ao90\/evento-cierre-tena-dialogos-cacao-sostenible\/\" \/>\n<meta property=\"og:site_name\" content=\"Programme AL-INVEST Verde\" \/>\n<meta property=\"article:modified_time\" content=\"2024-09-04T14:16:35+00:00\" \/>\n<meta property=\"og:image\" content=\"https:\/\/alinvest-verde.eu\/wp-content\/uploads\/2024\/09\/PortadaCACAO.png\" \/>\n<meta name=\"twitter:card\" content=\"summary_large_image\" \/>\n<meta name=\"twitter:label1\" content=\"Est. reading time\" \/>\n\t<meta name=\"twitter:data1\" content=\"2 minutos\" \/>\n<script type=\"application\/ld+json\" class=\"yoast-schema-graph\">{\"@context\":\"https:\\\/\\\/schema.org\",\"@graph\":[{\"@type\":\"WebPage\",\"@id\":\"https:\\\/\\\/alinvest-verde.eu\\\/es_es\\\/evento-cierre-tena-dialogos-cacao-sostenible\\\/\",\"url\":\"https:\\\/\\\/alinvest-verde.eu\\\/es_es\\\/evento-cierre-tena-dialogos-cacao-sostenible\\\/\",\"name\":\"Evento cierre Tena Di\u00e1logos Cacao Sostenible - Programme AL-INVEST Verde\",\"isPartOf\":{\"@id\":\"https:\\\/\\\/alinvest-verde.eu\\\/#website\"},\"primaryImageOfPage\":{\"@id\":\"https:\\\/\\\/alinvest-verde.eu\\\/es_es\\\/evento-cierre-tena-dialogos-cacao-sostenible\\\/#primaryimage\"},\"image\":{\"@id\":\"https:\\\/\\\/alinvest-verde.eu\\\/es_es\\\/evento-cierre-tena-dialogos-cacao-sostenible\\\/#primaryimage\"},\"thumbnailUrl\":\"https:\\\/\\\/alinvest-verde.eu\\\/wp-content\\\/uploads\\\/2024\\\/09\\\/PortadaCACAO.png\",\"datePublished\":\"2024-09-04T14:11:41+00:00\",\"dateModified\":\"2024-09-04T14:16:35+00:00\",\"breadcrumb\":{\"@id\":\"https:\\\/\\\/alinvest-verde.eu\\\/es_es\\\/evento-cierre-tena-dialogos-cacao-sostenible\\\/#breadcrumb\"},\"inLanguage\":\"pt-PT\",\"potentialAction\":[{\"@type\":\"ReadAction\",\"target\":[\"https:\\\/\\\/alinvest-verde.eu\\\/es_es\\\/evento-cierre-tena-dialogos-cacao-sostenible\\\/\"]}]},{\"@type\":\"ImageObject\",\"inLanguage\":\"pt-PT\",\"@id\":\"https:\\\/\\\/alinvest-verde.eu\\\/es_es\\\/evento-cierre-tena-dialogos-cacao-sostenible\\\/#primaryimage\",\"url\":\"https:\\\/\\\/alinvest-verde.eu\\\/wp-content\\\/uploads\\\/2024\\\/09\\\/PortadaCACAO.png\",\"contentUrl\":\"https:\\\/\\\/alinvest-verde.eu\\\/wp-content\\\/uploads\\\/2024\\\/09\\\/PortadaCACAO.png\"},{\"@type\":\"BreadcrumbList\",\"@id\":\"https:\\\/\\\/alinvest-verde.eu\\\/es_es\\\/evento-cierre-tena-dialogos-cacao-sostenible\\\/#breadcrumb\",\"itemListElement\":[{\"@type\":\"ListItem\",\"position\":1,\"name\":\"Inicio\",\"item\":\"https:\\\/\\\/alinvest-verde.eu\\\/\"},{\"@type\":\"ListItem\",\"position\":2,\"name\":\"Evento cierre Tena Di\u00e1logos Cacao Sostenible\"}]},{\"@type\":\"WebSite\",\"@id\":\"https:\\\/\\\/alinvest-verde.eu\\\/#website\",\"url\":\"https:\\\/\\\/alinvest-verde.eu\\\/\",\"name\":\"Programme AL-INVEST Verde\",\"description\":\"Building alliances with the private sector in LA and promote sustainable growth and jobs creation by supporting the transition towards a low-carbon, resource-efficient economy\",\"publisher\":{\"@id\":\"https:\\\/\\\/alinvest-verde.eu\\\/#organization\"},\"potentialAction\":[{\"@type\":\"SearchAction\",\"target\":{\"@type\":\"EntryPoint\",\"urlTemplate\":\"https:\\\/\\\/alinvest-verde.eu\\\/?s={search_term_string}\"},\"query-input\":{\"@type\":\"PropertyValueSpecification\",\"valueRequired\":true,\"valueName\":\"search_term_string\"}}],\"inLanguage\":\"pt-PT\"},{\"@type\":\"Organization\",\"@id\":\"https:\\\/\\\/alinvest-verde.eu\\\/#organization\",\"name\":\"Programme AL-INVEST Verde\",\"url\":\"https:\\\/\\\/alinvest-verde.eu\\\/\",\"logo\":{\"@type\":\"ImageObject\",\"inLanguage\":\"pt-PT\",\"@id\":\"https:\\\/\\\/alinvest-verde.eu\\\/#\\\/schema\\\/logo\\\/image\\\/\",\"url\":\"https:\\\/\\\/alinvest-verde.eu\\\/wp-content\\\/uploads\\\/2022\\\/01\\\/cropped-logo-financiado-por-la-UE.jpg\",\"contentUrl\":\"https:\\\/\\\/alinvest-verde.eu\\\/wp-content\\\/uploads\\\/2022\\\/01\\\/cropped-logo-financiado-por-la-UE.jpg\",\"width\":756,\"height\":216,\"caption\":\"Programme AL-INVEST Verde\"},\"image\":{\"@id\":\"https:\\\/\\\/alinvest-verde.eu\\\/#\\\/schema\\\/logo\\\/image\\\/\"}}]}<\/script>\n<!-- \/ Yoast SEO plugin. -->","yoast_head_json":{"title":"Evento cierre Tena Di\u00e1logos Cacao Sostenible - Programme AL-INVEST Verde","robots":{"index":"index","follow":"follow","max-snippet":"max-snippet:-1","max-image-preview":"max-image-preview:large","max-video-preview":"max-video-preview:-1"},"canonical":"https:\/\/alinvest-verde.eu\/pt_pt_ao90\/evento-cierre-tena-dialogos-cacao-sostenible\/","og_locale":"pt_PT","og_type":"article","og_title":"Evento cierre Tena Di\u00e1logos Cacao Sostenible - Programme AL-INVEST Verde","og_description":"Lugar Tena (Ecuador) Mi\u00e9rcoles 2 de octubre de 2024 Ma\u00f1ana BIENVENIDA E INTRODUCCI\u00d3N AL-INVEST Verde y GIZ. SALIDA DE CAMPO Grupo 1. Visita al centro de acopio de la Asociaci\u00f3n de peque\u00f1os productores Kallari para conocer su experiencia de trazabilidad y nivel organizativo como una fortaleza. Grupo 2. Visita a una Chakra amaz\u00f3nica, como sistema [&hellip;]","og_url":"https:\/\/alinvest-verde.eu\/pt_pt_ao90\/evento-cierre-tena-dialogos-cacao-sostenible\/","og_site_name":"Programme AL-INVEST Verde","article_modified_time":"2024-09-04T14:16:35+00:00","og_image":[{"url":"https:\/\/alinvest-verde.eu\/wp-content\/uploads\/2024\/09\/PortadaCACAO.png","type":"","width":"","height":""}],"twitter_card":"summary_large_image","twitter_misc":{"Est. reading time":"2 minutos"},"schema":{"@context":"https:\/\/schema.org","@graph":[{"@type":"WebPage","@id":"https:\/\/alinvest-verde.eu\/es_es\/evento-cierre-tena-dialogos-cacao-sostenible\/","url":"https:\/\/alinvest-verde.eu\/es_es\/evento-cierre-tena-dialogos-cacao-sostenible\/","name":"Evento cierre Tena Di\u00e1logos Cacao Sostenible - Programme AL-INVEST Verde","isPartOf":{"@id":"https:\/\/alinvest-verde.eu\/#website"},"primaryImageOfPage":{"@id":"https:\/\/alinvest-verde.eu\/es_es\/evento-cierre-tena-dialogos-cacao-sostenible\/#primaryimage"},"image":{"@id":"https:\/\/alinvest-verde.eu\/es_es\/evento-cierre-tena-dialogos-cacao-sostenible\/#primaryimage"},"thumbnailUrl":"https:\/\/alinvest-verde.eu\/wp-content\/uploads\/2024\/09\/PortadaCACAO.png","datePublished":"2024-09-04T14:11:41+00:00","dateModified":"2024-09-04T14:16:35+00:00","breadcrumb":{"@id":"https:\/\/alinvest-verde.eu\/es_es\/evento-cierre-tena-dialogos-cacao-sostenible\/#breadcrumb"},"inLanguage":"pt-PT","potentialAction":[{"@type":"ReadAction","target":["https:\/\/alinvest-verde.eu\/es_es\/evento-cierre-tena-dialogos-cacao-sostenible\/"]}]},{"@type":"ImageObject","inLanguage":"pt-PT","@id":"https:\/\/alinvest-verde.eu\/es_es\/evento-cierre-tena-dialogos-cacao-sostenible\/#primaryimage","url":"https:\/\/alinvest-verde.eu\/wp-content\/uploads\/2024\/09\/PortadaCACAO.png","contentUrl":"https:\/\/alinvest-verde.eu\/wp-content\/uploads\/2024\/09\/PortadaCACAO.png"},{"@type":"BreadcrumbList","@id":"https:\/\/alinvest-verde.eu\/es_es\/evento-cierre-tena-dialogos-cacao-sostenible\/#breadcrumb","itemListElement":[{"@type":"ListItem","position":1,"name":"Inicio","item":"https:\/\/alinvest-verde.eu\/"},{"@type":"ListItem","position":2,"name":"Evento cierre Tena Di\u00e1logos Cacao Sostenible"}]},{"@type":"WebSite","@id":"https:\/\/alinvest-verde.eu\/#website","url":"https:\/\/alinvest-verde.eu\/","name":"Programa AL-INVEST Verde","description":"Construir alian\u00e7as com o sector privado na AL e promover o crescimento sustent\u00e1vel e a cria\u00e7\u00e3o de empregos, apoiando a transi\u00e7\u00e3o para uma economia de baixo carbono e eficiente em termos de recursos","publisher":{"@id":"https:\/\/alinvest-verde.eu\/#organization"},"potentialAction":[{"@type":"SearchAction","target":{"@type":"EntryPoint","urlTemplate":"https:\/\/alinvest-verde.eu\/?s={search_term_string}"},"query-input":{"@type":"PropertyValueSpecification","valueRequired":true,"valueName":"search_term_string"}}],"inLanguage":"pt-PT"},{"@type":"Organization","@id":"https:\/\/alinvest-verde.eu\/#organization","name":"Programa AL-INVEST Verde","url":"https:\/\/alinvest-verde.eu\/","logo":{"@type":"ImageObject","inLanguage":"pt-PT","@id":"https:\/\/alinvest-verde.eu\/#\/schema\/logo\/image\/","url":"https:\/\/alinvest-verde.eu\/wp-content\/uploads\/2022\/01\/cropped-logo-financiado-por-la-UE.jpg","contentUrl":"https:\/\/alinvest-verde.eu\/wp-content\/uploads\/2022\/01\/cropped-logo-financiado-por-la-UE.jpg","width":756,"height":216,"caption":"Programme AL-INVEST Verde"},"image":{"@id":"https:\/\/alinvest-verde.eu\/#\/schema\/logo\/image\/"}}]}},"_links":{"self":[{"href":"https:\/\/alinvest-verde.eu\/pt_pt_ao90\/wp-json\/wp\/v2\/pages\/15777","targetHints":{"allow":["GET"]}}],"collection":[{"href":"https:\/\/alinvest-verde.eu\/pt_pt_ao90\/wp-json\/wp\/v2\/pages"}],"about":[{"href":"https:\/\/alinvest-verde.eu\/pt_pt_ao90\/wp-json\/wp\/v2\/types\/page"}],"author":[{"embeddable":true,"href":"https:\/\/alinvest-verde.eu\/pt_pt_ao90\/wp-json\/wp\/v2\/users\/6"}],"replies":[{"embeddable":true,"href":"https:\/\/alinvest-verde.eu\/pt_pt_ao90\/wp-json\/wp\/v2\/comments?post=15777"}],"version-history":[{"count":4,"href":"https:\/\/alinvest-verde.eu\/pt_pt_ao90\/wp-json\/wp\/v2\/pages\/15777\/revisions"}],"predecessor-version":[{"id":15781,"href":"https:\/\/alinvest-verde.eu\/pt_pt_ao90\/wp-json\/wp\/v2\/pages\/15777\/revisions\/15781"}],"wp:attachment":[{"href":"https:\/\/alinvest-verde.eu\/pt_pt_ao90\/wp-json\/wp\/v2\/media?parent=15777"}],"curies":[{"name":"wp","href":"https:\/\/api.w.org\/{rel}","templated":true}]}}