{"id":3013,"date":"2022-08-26T17:09:23","date_gmt":"2022-08-26T15:09:23","guid":{"rendered":"https:\/\/alinvest-verde.eu\/?page_id=3013"},"modified":"2022-09-19T14:37:04","modified_gmt":"2022-09-19T12:37:04","slug":"dialogues-on-the-sustainability-and-traceability-of-beef-and-leather-value-chains","status":"publish","type":"page","link":"https:\/\/alinvest-verde.eu\/pt_pt_ao90\/dialogues-on-the-sustainability-and-traceability-of-beef-and-leather-value-chains\/","title":{"rendered":"Di\u00e1logos sobre a sustentabilidade e a rastreabilidade das cadeias de valor da carne de bovino e do couro"},"content":{"rendered":"<div data-elementor-type=\"wp-page\" data-elementor-id=\"3013\" class=\"elementor elementor-3013\" data-elementor-post-type=\"page\">\n\t\t\t\t\t\t<section class=\"elementor-section elementor-top-section elementor-element elementor-element-78ea9a0d elementor-section-boxed elementor-section-height-default elementor-section-height-default\" data-id=\"78ea9a0d\" data-element_type=\"section\" data-e-type=\"section\">\n\t\t\t\t\t\t<div class=\"elementor-container elementor-column-gap-default\">\n\t\t\t\t\t<div class=\"elementor-column elementor-col-100 elementor-top-column elementor-element elementor-element-20fd9808\" data-id=\"20fd9808\" data-element_type=\"column\" data-e-type=\"column\">\n\t\t\t<div class=\"elementor-widget-wrap elementor-element-populated\">\n\t\t\t\t\t\t<div class=\"elementor-element elementor-element-748fe0bb elementor-widget elementor-widget-text-editor\" data-id=\"748fe0bb\" data-element_type=\"widget\" data-e-type=\"widget\" data-widget_type=\"text-editor.default\">\n\t\t\t\t<div class=\"elementor-widget-container\">\n\t\t\t\t\t\t\t\t\t<p><\/p>\n<figure class=\"wp-block-gallery-3 is-layout-flex wp-block-gallery-is-layout-flex\"><\/p>\n<\/figure>\n<p><\/p>\n<h2><strong>Di\u00e1logos sobre a sustentabilidade e a rastreabilidade das cadeias de valor da carne de bovino e do couro<\/strong><\/h2>\n<p class=\"wp-block-paragraph\">\u00a0<\/p>\n<p><\/p>\n<p class=\"wp-block-paragraph\">\u00a0<\/p>\n<p>A Uni\u00e3o Europeia, atrav\u00e9s do programa AL-INVEST Verde, e o IPAM (Instituto de Pesquisa Ambiental da Amaz\u00f4nia) t\u00eam o prazer de convid\u00e1-lo para a confer\u00eancia de encerramento dos \"Di\u00e1logos sobre a sustentabilidade e a rastreabilidade das cadeias de valor da carne bovina e do couro\".\u00a0<strong style=\"color: var( --e-global-color-text ); font-family: var( --e-global-typography-text-font-family ), Sans-serif; font-size: var( --e-global-typography-text-font-size );\"><span style=\"color: var( --e-global-color-text ); font-family: var( --e-global-typography-text-font-family ), Sans-serif; font-size: var( --e-global-typography-text-font-size );\">Junte-se a n\u00f3s nesta confer\u00eancia com peritos, autoridades e sector privado da Uni\u00e3o Europeia e do Brasil!<\/span><\/strong><\/p>\n<p><strong style=\"color: var( --e-global-color-text ); font-family: var( --e-global-typography-text-font-family ), Sans-serif; font-size: var( --e-global-typography-text-font-size );\"><span style=\"color: var( --e-global-color-text ); font-family: var( --e-global-typography-text-font-family ), Sans-serif; font-size: var( --e-global-typography-text-font-size );\">\u00a0<\/span><\/strong><\/p>\n<p><\/p>\n<div class=\"is-layout-flex wp-block-buttons-is-layout-flex\">\n<p><\/p>\n<ul class=\"is-style-outline--4\">\n<li>\n<p><strong><a href=\"http:\/\/bit.ly\/3SwSr3x\">Registe-se<\/a>\u00a0<\/strong><span style=\"background-color: transparent; color: var( --e-global-color-text ); font-family: var( --e-global-typography-text-font-family ), Sans-serif; font-weight: var( --e-global-typography-text-font-weight );\">(h\u00edbrido <\/span><span style=\"background-color: transparent; font-size: var( --e-global-typography-text-font-size ); color: var( --e-global-color-text ); font-family: var( --e-global-typography-text-font-family ), Sans-serif; font-weight: var( --e-global-typography-text-font-weight ); text-align: center;\">evento<\/span><span style=\"background-color: transparent; font-size: var( --e-global-typography-text-font-size ); color: var( --e-global-color-text ); font-family: var( --e-global-typography-text-font-family ), Sans-serif; font-weight: var( --e-global-typography-text-font-weight ); text-align: center;\">)<\/span><\/p>\n<\/li>\n<li>\n<p><strong><a style=\"font-family: var( --e-global-typography-text-font-family ), Sans-serif; font-size: var( --e-global-typography-text-font-size ); background-color: #ffffff;\" href=\"https:\/\/alinvest-verde.eu\/wp-content\/uploads\/2022\/08\/Conferencia-final-da-iniciativa-dos-dialogos-sobre-sustentabilidade-e-rastreabil.ics\">Acrescentar ao calend\u00e1rio<\/a><\/strong><\/p>\n<\/li>\n<li>\n<p><strong><a href=\"https:\/\/us02web.zoom.us\/j\/83033519440#success\">Junte-se aqui\u00a0<\/a><\/strong><\/p>\n<\/li>\n<\/ul>\n<\/div>\n<div><span style=\"font-size: 10.5pt; line-height: 150%; font-family: 'Arial',sans-serif; color: #6f6f6f;\"><span style=\"color: var( --e-global-color-text ); font-family: var( --e-global-typography-text-font-family ), Sans-serif; font-size: var( --e-global-typography-text-font-size ); font-weight: var( --e-global-typography-text-font-weight ); background-color: transparent;\">* Para aqueles que assistir\u00e3o pessoalmente, o evento ser\u00e1 no Windsor Plaza Brasilia Hotel (SHS Quadra 05 Bloco H - Asa Sul, Bras\u00edlia, Distrito Federal).<\/span><\/span><br \/><span style=\"font-size: 10.5pt; line-height: 150%; font-family: 'Arial',sans-serif; color: #6f6f6f;\"><span style=\"color: var( --e-global-color-text ); font-family: var( --e-global-typography-text-font-family ), Sans-serif; font-size: var( --e-global-typography-text-font-size ); font-weight: var( --e-global-typography-text-font-weight ); background-color: transparent;\"><br \/><\/span><\/span><\/div>\n<h3>Programa<\/h3>\n<p><span style=\"color: var( --e-global-color-text ); font-family: var( --e-global-typography-text-font-family ), Sans-serif; font-size: var( --e-global-typography-text-font-size ); font-weight: var( --e-global-typography-text-font-weight );\">*9 da manh\u00e3\u00a0<\/span><span style=\"color: var( --e-global-color-text ); font-family: var( --e-global-typography-text-font-family ), Sans-serif; font-size: var( --e-global-typography-text-font-size ); font-weight: var( --e-global-typography-text-font-weight );\">\u00e0s 13h de Bras\u00edlia (14h \u00e0s 18h, hora CET)<\/span><\/p>\n<p><\/p>\n<p class=\"wp-block-paragraph\"><strong>8:30 - 8:50 Inscri\u00e7\u00e3o e caf\u00e9<\/strong> (apenas para participantes presenciais)<\/p>\n<p><\/p>\n<p class=\"wp-block-paragraph\"><strong>9:00 - 9:40 Boas-vindas e observa\u00e7\u00f5es de abertura<\/strong><\/p>\n<p><\/p>\n<ul class=\"wp-block-list\">\n<li>\n<p>Ignacio Yb\u00e1\u00f1ez - Embaixador da Uni\u00e3o Europeia no Brasil<\/p>\n<\/li>\n<li>\n<p>Paolo Garzotti - Chefe de Unidade, Rela\u00e7\u00f5es Comerciais com a Am\u00e9rica Latina, DG Com\u00e9rcio<\/p>\n<\/li>\n<li>\n<p>Marcella Teixeira - Coordenadora Geral de Produ\u00e7\u00e3o Animal do Minist\u00e9rio da Agricultura, Pecu\u00e1ria e Abastecimento Alimentar do Brasil<\/p>\n<\/li>\n<\/ul>\n<p><\/p>\n<p class=\"wp-block-paragraph\"><strong>9:40 - 10:00 S\u00e9rie de di\u00e1logos t\u00e9cnicos sobre a sustentabilidade e rastreabilidade das cadeias de valor da carne de bovino e do couro e principais conclus\u00f5es do estudo IPAM<\/strong><\/p>\n<p><\/p>\n<ul class=\"wp-block-list\">\n<li>\n<p>Andr\u00e9 Guimar\u00e3es - Director Executivo IPAM<\/p>\n<\/li>\n<\/ul>\n<p><\/p>\n<p class=\"wp-block-paragraph\"><strong>10:00 - 11:15 Perspectivas das empresas\" sobre transpar\u00eancia e rastreabilidade para as cadeias de valor da carne de bovino e do couro<\/strong><\/p>\n<p><\/p>\n<p><strong>Moderador:<\/strong><\/p>\n<p><\/p>\n<ul>\n<li>\n<p class=\"wp-block-paragraph\">Andr\u00e9 Guimar\u00e3es - Director Executivo IPAM<\/p>\n<\/li>\n<\/ul>\n<p><\/p>\n<p><strong>Participantes:<\/strong><\/p>\n<p><\/p>\n<ul>\n<li>\n<p class=\"wp-block-paragraph\">Caio Penido - Presidente do Instituto Mato-grossense da Carne (IMAC) e membro fundador da Liga do Araguaia<\/p>\n<\/li>\n<li>\n<p>Liege Correia - Director de Sustentabilidade de Friboi (JBS)<\/p>\n<\/li>\n<li>\n<p>Susy M. Yoshimura - Directora de Sustentabilidade do GPA\/Assa\u00ed<\/p>\n<\/li>\n<li>\n<p>Aline Aguiar - Especialista em Risco Socioambiental e Sustentabilidade no Rabobank<\/p>\n<\/li>\n<\/ul>\n<p><\/p>\n<p class=\"wp-block-paragraph\"><strong>11:20 - 12:35 Perspectivas sobre qual deve ser o papel do sector p\u00fablico na promo\u00e7\u00e3o de sistemas de transpar\u00eancia e rastreabilidade para reduzir o risco de desfloresta\u00e7\u00e3o?<\/strong><\/p>\n<p><\/p>\n<p><strong>Moderador:<\/strong><\/p>\n<p><\/p>\n<p class=\"wp-block-paragraph\">Marina Piatto - Directora Executiva do IMAFLORA<\/p>\n<p><\/p>\n<p><span style=\"font-weight: bolder; color: var( --e-global-color-text ); font-family: var( --e-global-typography-text-font-family ), Sans-serif; font-size: var( --e-global-typography-text-font-size );\">Participantes<\/span><strong>:<\/strong><\/p>\n<p><\/p>\n<ul>\n<li>\n<p class=\"wp-block-paragraph\">Felipe Nunes - Universidade Federal de Minas Gerais<\/p>\n<\/li>\n<li>\n<p>Raimundo Deusdar\u00e1 Filho - Coordena\u00e7\u00e3o Geral de Intelig\u00eancia - CGIN - Secretaria de Pol\u00edticas Agr\u00edcolas \/ Minist\u00e9rio da Agricultura, Pecu\u00e1ria e Abastecimento Alimentar - (Observat\u00f3rio da Agricultura e Pecu\u00e1ria Brasileira)<\/p>\n<\/li>\n<li>\n<p>Mauro O' de Almeida - Secret\u00e1rio de Estado do Ambiente e Sustentabilidade do Par\u00e1<\/p>\n<\/li>\n<li>\n<p><span style=\"background-color: transparent; color: var( --e-global-color-text ); font-family: var( --e-global-typography-text-font-family ), Sans-serif; font-weight: var( --e-global-typography-text-font-weight );\">Laurent Javaudin - Conselheiro para a Ac\u00e7\u00e3o Clim\u00e1tica, Ambiente, Energia e Sa\u00fade, Delega\u00e7\u00e3o da Uni\u00e3o Europeia no Brasil<\/span><\/p>\n<\/li>\n<\/ul>\n<p><\/p>\n<p class=\"wp-block-paragraph\"><strong>12:35 - 12:50 Observa\u00e7\u00f5es finais<\/strong><\/p>\n<ul>\n<li>Stefan Agne - Chefe da Coopera\u00e7\u00e3o, Delega\u00e7\u00e3o da Uni\u00e3o Europeia no Brasil\u00a0<\/li>\n<\/ul>\n<p><\/p>\t\t\t\t\t\t\t\t<\/div>\n\t\t\t\t<\/div>\n\t\t\t\t\t<\/div>\n\t\t<\/div>\n\t\t\t\t\t<\/div>\n\t\t<\/section>\n\t\t\t\t<\/div>","protected":false},"excerpt":{"rendered":"<p>Dialogues on the sustainability and traceability of beef and leather value chains \u00a0 \u00a0 The European Union, through the AL-INVEST Verde programme, and IPAM (Instituto de Pesquisa Ambiental da Amaz\u00f4nia) are pleased to invite you to the closing conference of the &#8220;Dialogues on the sustainability and traceability of beef and leather value chains&#8221;.\u00a0Join us at [&hellip;]<\/p>\n","protected":false},"author":4,"featured_media":2992,"parent":0,"menu_order":0,"comment_status":"closed","ping_status":"closed","template":"","meta":{"footnotes":""},"class_list":["post-3013","page","type-page","status-publish","has-post-thumbnail","hentry"],"yoast_head":"<!-- This site is optimized with the Yoast SEO plugin v28.4 - https:\/\/yoast.com\/product\/yoast-seo-wordpress\/ -->\n<title>Dialogues on the sustainability and traceability of beef and leather value chains - Programme AL-INVEST Verde<\/title>\n<meta name=\"robots\" content=\"index, follow, max-snippet:-1, max-image-preview:large, max-video-preview:-1\" \/>\n<link rel=\"canonical\" href=\"https:\/\/alinvest-verde.eu\/pt_pt_ao90\/dialogues-on-the-sustainability-and-traceability-of-beef-and-leather-value-chains\/\" \/>\n<meta property=\"og:locale\" content=\"pt_PT\" \/>\n<meta property=\"og:type\" content=\"article\" \/>\n<meta property=\"og:title\" content=\"Dialogues on the sustainability and traceability of beef and leather value chains - Programme AL-INVEST Verde\" \/>\n<meta property=\"og:description\" content=\"Dialogues on the sustainability and traceability of beef and leather value chains \u00a0 \u00a0 The European Union, through the AL-INVEST Verde programme, and IPAM (Instituto de Pesquisa Ambiental da Amaz\u00f4nia) are pleased to invite you to the closing conference of the &#8220;Dialogues on the sustainability and traceability of beef and leather value chains&#8221;.\u00a0Join us at [&hellip;]\" \/>\n<meta property=\"og:url\" content=\"https:\/\/alinvest-verde.eu\/pt_pt_ao90\/dialogues-on-the-sustainability-and-traceability-of-beef-and-leather-value-chains\/\" \/>\n<meta property=\"og:site_name\" content=\"Programme AL-INVEST Verde\" \/>\n<meta property=\"article:modified_time\" content=\"2022-09-19T12:37:04+00:00\" \/>\n<meta property=\"og:image\" content=\"https:\/\/alinvest-verde.eu\/wp-content\/uploads\/2022\/08\/Twitter-con-QR-ENG.jpg\" \/>\n\t<meta property=\"og:image:width\" content=\"1374\" \/>\n\t<meta property=\"og:image:height\" content=\"775\" \/>\n\t<meta property=\"og:image:type\" content=\"image\/jpeg\" \/>\n<meta name=\"twitter:card\" content=\"summary_large_image\" \/>\n<meta name=\"twitter:label1\" content=\"Est. reading time\" \/>\n\t<meta name=\"twitter:data1\" content=\"2 minutos\" \/>\n<script type=\"application\/ld+json\" class=\"yoast-schema-graph\">{\"@context\":\"https:\\\/\\\/schema.org\",\"@graph\":[{\"@type\":\"WebPage\",\"@id\":\"https:\\\/\\\/alinvest-verde.eu\\\/dialogues-on-the-sustainability-and-traceability-of-beef-and-leather-value-chains\\\/\",\"url\":\"https:\\\/\\\/alinvest-verde.eu\\\/dialogues-on-the-sustainability-and-traceability-of-beef-and-leather-value-chains\\\/\",\"name\":\"Dialogues on the sustainability and traceability of beef and leather value chains - Programme AL-INVEST Verde\",\"isPartOf\":{\"@id\":\"https:\\\/\\\/alinvest-verde.eu\\\/#website\"},\"primaryImageOfPage\":{\"@id\":\"https:\\\/\\\/alinvest-verde.eu\\\/dialogues-on-the-sustainability-and-traceability-of-beef-and-leather-value-chains\\\/#primaryimage\"},\"image\":{\"@id\":\"https:\\\/\\\/alinvest-verde.eu\\\/dialogues-on-the-sustainability-and-traceability-of-beef-and-leather-value-chains\\\/#primaryimage\"},\"thumbnailUrl\":\"https:\\\/\\\/alinvest-verde.eu\\\/wp-content\\\/uploads\\\/2022\\\/08\\\/Twitter-con-QR-ENG.jpg\",\"datePublished\":\"2022-08-26T15:09:23+00:00\",\"dateModified\":\"2022-09-19T12:37:04+00:00\",\"breadcrumb\":{\"@id\":\"https:\\\/\\\/alinvest-verde.eu\\\/dialogues-on-the-sustainability-and-traceability-of-beef-and-leather-value-chains\\\/#breadcrumb\"},\"inLanguage\":\"pt-PT\",\"potentialAction\":[{\"@type\":\"ReadAction\",\"target\":[\"https:\\\/\\\/alinvest-verde.eu\\\/dialogues-on-the-sustainability-and-traceability-of-beef-and-leather-value-chains\\\/\"]}]},{\"@type\":\"ImageObject\",\"inLanguage\":\"pt-PT\",\"@id\":\"https:\\\/\\\/alinvest-verde.eu\\\/dialogues-on-the-sustainability-and-traceability-of-beef-and-leather-value-chains\\\/#primaryimage\",\"url\":\"https:\\\/\\\/alinvest-verde.eu\\\/wp-content\\\/uploads\\\/2022\\\/08\\\/Twitter-con-QR-ENG.jpg\",\"contentUrl\":\"https:\\\/\\\/alinvest-verde.eu\\\/wp-content\\\/uploads\\\/2022\\\/08\\\/Twitter-con-QR-ENG.jpg\",\"width\":1374,\"height\":775},{\"@type\":\"BreadcrumbList\",\"@id\":\"https:\\\/\\\/alinvest-verde.eu\\\/dialogues-on-the-sustainability-and-traceability-of-beef-and-leather-value-chains\\\/#breadcrumb\",\"itemListElement\":[{\"@type\":\"ListItem\",\"position\":1,\"name\":\"Inicio\",\"item\":\"https:\\\/\\\/alinvest-verde.eu\\\/\"},{\"@type\":\"ListItem\",\"position\":2,\"name\":\"Dialogues on the sustainability and traceability of beef and leather value chains\"}]},{\"@type\":\"WebSite\",\"@id\":\"https:\\\/\\\/alinvest-verde.eu\\\/#website\",\"url\":\"https:\\\/\\\/alinvest-verde.eu\\\/\",\"name\":\"Programme AL-INVEST Verde\",\"description\":\"Building alliances with the private sector in LA and promote sustainable growth and jobs creation by supporting the transition towards a low-carbon, resource-efficient economy\",\"publisher\":{\"@id\":\"https:\\\/\\\/alinvest-verde.eu\\\/#organization\"},\"potentialAction\":[{\"@type\":\"SearchAction\",\"target\":{\"@type\":\"EntryPoint\",\"urlTemplate\":\"https:\\\/\\\/alinvest-verde.eu\\\/?s={search_term_string}\"},\"query-input\":{\"@type\":\"PropertyValueSpecification\",\"valueRequired\":true,\"valueName\":\"search_term_string\"}}],\"inLanguage\":\"pt-PT\"},{\"@type\":\"Organization\",\"@id\":\"https:\\\/\\\/alinvest-verde.eu\\\/#organization\",\"name\":\"Programme AL-INVEST Verde\",\"url\":\"https:\\\/\\\/alinvest-verde.eu\\\/\",\"logo\":{\"@type\":\"ImageObject\",\"inLanguage\":\"pt-PT\",\"@id\":\"https:\\\/\\\/alinvest-verde.eu\\\/#\\\/schema\\\/logo\\\/image\\\/\",\"url\":\"https:\\\/\\\/alinvest-verde.eu\\\/wp-content\\\/uploads\\\/2022\\\/01\\\/cropped-logo-financiado-por-la-UE.jpg\",\"contentUrl\":\"https:\\\/\\\/alinvest-verde.eu\\\/wp-content\\\/uploads\\\/2022\\\/01\\\/cropped-logo-financiado-por-la-UE.jpg\",\"width\":756,\"height\":216,\"caption\":\"Programme AL-INVEST Verde\"},\"image\":{\"@id\":\"https:\\\/\\\/alinvest-verde.eu\\\/#\\\/schema\\\/logo\\\/image\\\/\"}}]}<\/script>\n<!-- \/ Yoast SEO plugin. -->","yoast_head_json":{"title":"Di\u00e1logos sobre a sustentabilidade e a rastreabilidade das cadeias de valor da carne de vaca e do couro - Programa AL-INVEST Verde","robots":{"index":"index","follow":"follow","max-snippet":"max-snippet:-1","max-image-preview":"max-image-preview:large","max-video-preview":"max-video-preview:-1"},"canonical":"https:\/\/alinvest-verde.eu\/pt_pt_ao90\/dialogues-on-the-sustainability-and-traceability-of-beef-and-leather-value-chains\/","og_locale":"pt_PT","og_type":"article","og_title":"Dialogues on the sustainability and traceability of beef and leather value chains - Programme AL-INVEST Verde","og_description":"Dialogues on the sustainability and traceability of beef and leather value chains \u00a0 \u00a0 The European Union, through the AL-INVEST Verde programme, and IPAM (Instituto de Pesquisa Ambiental da Amaz\u00f4nia) are pleased to invite you to the closing conference of the &#8220;Dialogues on the sustainability and traceability of beef and leather value chains&#8221;.\u00a0Join us at [&hellip;]","og_url":"https:\/\/alinvest-verde.eu\/pt_pt_ao90\/dialogues-on-the-sustainability-and-traceability-of-beef-and-leather-value-chains\/","og_site_name":"Programme AL-INVEST Verde","article_modified_time":"2022-09-19T12:37:04+00:00","og_image":[{"width":1374,"height":775,"url":"https:\/\/alinvest-verde.eu\/wp-content\/uploads\/2022\/08\/Twitter-con-QR-ENG.jpg","type":"image\/jpeg"}],"twitter_card":"summary_large_image","twitter_misc":{"Est. reading time":"2 minutos"},"schema":{"@context":"https:\/\/schema.org","@graph":[{"@type":"WebPage","@id":"https:\/\/alinvest-verde.eu\/dialogues-on-the-sustainability-and-traceability-of-beef-and-leather-value-chains\/","url":"https:\/\/alinvest-verde.eu\/dialogues-on-the-sustainability-and-traceability-of-beef-and-leather-value-chains\/","name":"Di\u00e1logos sobre a sustentabilidade e a rastreabilidade das cadeias de valor da carne de vaca e do couro - Programa AL-INVEST Verde","isPartOf":{"@id":"https:\/\/alinvest-verde.eu\/#website"},"primaryImageOfPage":{"@id":"https:\/\/alinvest-verde.eu\/dialogues-on-the-sustainability-and-traceability-of-beef-and-leather-value-chains\/#primaryimage"},"image":{"@id":"https:\/\/alinvest-verde.eu\/dialogues-on-the-sustainability-and-traceability-of-beef-and-leather-value-chains\/#primaryimage"},"thumbnailUrl":"https:\/\/alinvest-verde.eu\/wp-content\/uploads\/2022\/08\/Twitter-con-QR-ENG.jpg","datePublished":"2022-08-26T15:09:23+00:00","dateModified":"2022-09-19T12:37:04+00:00","breadcrumb":{"@id":"https:\/\/alinvest-verde.eu\/dialogues-on-the-sustainability-and-traceability-of-beef-and-leather-value-chains\/#breadcrumb"},"inLanguage":"pt-PT","potentialAction":[{"@type":"ReadAction","target":["https:\/\/alinvest-verde.eu\/dialogues-on-the-sustainability-and-traceability-of-beef-and-leather-value-chains\/"]}]},{"@type":"ImageObject","inLanguage":"pt-PT","@id":"https:\/\/alinvest-verde.eu\/dialogues-on-the-sustainability-and-traceability-of-beef-and-leather-value-chains\/#primaryimage","url":"https:\/\/alinvest-verde.eu\/wp-content\/uploads\/2022\/08\/Twitter-con-QR-ENG.jpg","contentUrl":"https:\/\/alinvest-verde.eu\/wp-content\/uploads\/2022\/08\/Twitter-con-QR-ENG.jpg","width":1374,"height":775},{"@type":"BreadcrumbList","@id":"https:\/\/alinvest-verde.eu\/dialogues-on-the-sustainability-and-traceability-of-beef-and-leather-value-chains\/#breadcrumb","itemListElement":[{"@type":"ListItem","position":1,"name":"Inicio","item":"https:\/\/alinvest-verde.eu\/"},{"@type":"ListItem","position":2,"name":"Dialogues on the sustainability and traceability of beef and leather value chains"}]},{"@type":"WebSite","@id":"https:\/\/alinvest-verde.eu\/#website","url":"https:\/\/alinvest-verde.eu\/","name":"Programa AL-INVEST Verde","description":"Construir alian\u00e7as com o sector privado na AL e promover o crescimento sustent\u00e1vel e a cria\u00e7\u00e3o de empregos, apoiando a transi\u00e7\u00e3o para uma economia de baixo carbono e eficiente em termos de recursos","publisher":{"@id":"https:\/\/alinvest-verde.eu\/#organization"},"potentialAction":[{"@type":"SearchAction","target":{"@type":"EntryPoint","urlTemplate":"https:\/\/alinvest-verde.eu\/?s={search_term_string}"},"query-input":{"@type":"PropertyValueSpecification","valueRequired":true,"valueName":"search_term_string"}}],"inLanguage":"pt-PT"},{"@type":"Organization","@id":"https:\/\/alinvest-verde.eu\/#organization","name":"Programa AL-INVEST Verde","url":"https:\/\/alinvest-verde.eu\/","logo":{"@type":"ImageObject","inLanguage":"pt-PT","@id":"https:\/\/alinvest-verde.eu\/#\/schema\/logo\/image\/","url":"https:\/\/alinvest-verde.eu\/wp-content\/uploads\/2022\/01\/cropped-logo-financiado-por-la-UE.jpg","contentUrl":"https:\/\/alinvest-verde.eu\/wp-content\/uploads\/2022\/01\/cropped-logo-financiado-por-la-UE.jpg","width":756,"height":216,"caption":"Programme AL-INVEST Verde"},"image":{"@id":"https:\/\/alinvest-verde.eu\/#\/schema\/logo\/image\/"}}]}},"_links":{"self":[{"href":"https:\/\/alinvest-verde.eu\/pt_pt_ao90\/wp-json\/wp\/v2\/pages\/3013","targetHints":{"allow":["GET"]}}],"collection":[{"href":"https:\/\/alinvest-verde.eu\/pt_pt_ao90\/wp-json\/wp\/v2\/pages"}],"about":[{"href":"https:\/\/alinvest-verde.eu\/pt_pt_ao90\/wp-json\/wp\/v2\/types\/page"}],"author":[{"embeddable":true,"href":"https:\/\/alinvest-verde.eu\/pt_pt_ao90\/wp-json\/wp\/v2\/users\/4"}],"replies":[{"embeddable":true,"href":"https:\/\/alinvest-verde.eu\/pt_pt_ao90\/wp-json\/wp\/v2\/comments?post=3013"}],"version-history":[{"count":187,"href":"https:\/\/alinvest-verde.eu\/pt_pt_ao90\/wp-json\/wp\/v2\/pages\/3013\/revisions"}],"predecessor-version":[{"id":3268,"href":"https:\/\/alinvest-verde.eu\/pt_pt_ao90\/wp-json\/wp\/v2\/pages\/3013\/revisions\/3268"}],"wp:featuredmedia":[{"embeddable":true,"href":"https:\/\/alinvest-verde.eu\/pt_pt_ao90\/wp-json\/wp\/v2\/media\/2992"}],"wp:attachment":[{"href":"https:\/\/alinvest-verde.eu\/pt_pt_ao90\/wp-json\/wp\/v2\/media?parent=3013"}],"curies":[{"name":"wp","href":"https:\/\/api.w.org\/{rel}","templated":true}]}}