{"id":16434,"date":"2024-11-15T08:56:25","date_gmt":"2024-11-15T07:56:25","guid":{"rendered":"https:\/\/alinvest-verde.eu\/?post_type=videos&#038;p=16434"},"modified":"2024-11-15T08:56:26","modified_gmt":"2024-11-15T07:56:26","slug":"cali-colombia-evento-paralelo-sobre-ganaderia-sostenible-en-la-cop16","status":"publish","type":"videos","link":"https:\/\/alinvest-verde.eu\/pt_pt_ao90\/videos\/cali-colombia-evento-paralelo-sobre-ganaderia-sostenible-en-la-cop16\/","title":{"rendered":"Cali, Col\u00f4mbia - Evento paralelo sobre pecu\u00e1ria sustent\u00e1vel na COP16"},"content":{"rendered":"<p class=\"wp-block-paragraph\">AL-INVEST Verde e a Delega\u00e7\u00e3o da Uni\u00e3o Europeia na Col\u00f4mbia organizaram na COP16 em Cali (Col\u00f4mbia) o evento \"Iniciativas multilaterais para promover a sustentabilidade da pecu\u00e1ria em \u00e1reas de alta biodiversidade na Am\u00e9rica Latina\".<\/p>","protected":false},"featured_media":0,"template":"","meta":[],"class_list":["post-16434","videos","type-videos","status-publish","hentry"],"yoast_head":"<!-- This site is optimized with the Yoast SEO plugin v28.4 - https:\/\/yoast.com\/product\/yoast-seo-wordpress\/ -->\n<title>Cali, Colombia \u2013 Evento paralelo sobre ganader\u00eda sostenible en la COP16 - Programme AL-INVEST Verde<\/title>\n<meta name=\"robots\" content=\"index, follow, max-snippet:-1, max-image-preview:large, max-video-preview:-1\" \/>\n<link rel=\"canonical\" href=\"https:\/\/alinvest-verde.eu\/pt_pt_ao90\/videos\/cali-colombia-evento-paralelo-sobre-ganaderia-sostenible-en-la-cop16\/\" \/>\n<meta property=\"og:locale\" content=\"pt_PT\" \/>\n<meta property=\"og:type\" content=\"article\" \/>\n<meta property=\"og:title\" content=\"Cali, Colombia \u2013 Evento paralelo sobre ganader\u00eda sostenible en la COP16 - Programme AL-INVEST Verde\" \/>\n<meta property=\"og:description\" content=\"AL-INVEST Verde y la Delegaci\u00f3n de la Uni\u00f3n Europea en Colombia organizaron en la COP16 en Cali (Colombia) el evento \u201cIniciativas multilaterales para promover la sostenibilidad de la ganader\u00eda en zonas de alta biodiversidad de Am\u00e9rica Latina\u201d.\" \/>\n<meta property=\"og:url\" content=\"https:\/\/alinvest-verde.eu\/pt_pt_ao90\/videos\/cali-colombia-evento-paralelo-sobre-ganaderia-sostenible-en-la-cop16\/\" \/>\n<meta property=\"og:site_name\" content=\"Programme AL-INVEST Verde\" \/>\n<meta property=\"article:modified_time\" content=\"2024-11-15T07:56:26+00:00\" \/>\n<meta property=\"og:image\" content=\"https:\/\/alinvest-verde.eu\/wp-content\/uploads\/2022\/05\/money-g931d55623_1920.jpg\" \/>\n\t<meta property=\"og:image:width\" content=\"1920\" \/>\n\t<meta property=\"og:image:height\" content=\"960\" \/>\n\t<meta property=\"og:image:type\" content=\"image\/jpeg\" \/>\n<meta name=\"twitter:card\" content=\"summary_large_image\" \/>\n<meta name=\"twitter:label1\" content=\"Est. reading time\" \/>\n\t<meta name=\"twitter:data1\" content=\"1 minuto\" \/>\n<script type=\"application\/ld+json\" class=\"yoast-schema-graph\">{\"@context\":\"https:\\\/\\\/schema.org\",\"@graph\":[{\"@type\":\"WebPage\",\"@id\":\"https:\\\/\\\/alinvest-verde.eu\\\/videos\\\/cali-colombia-evento-paralelo-sobre-ganaderia-sostenible-en-la-cop16\\\/\",\"url\":\"https:\\\/\\\/alinvest-verde.eu\\\/videos\\\/cali-colombia-evento-paralelo-sobre-ganaderia-sostenible-en-la-cop16\\\/\",\"name\":\"Cali, Colombia \u2013 Evento paralelo sobre ganader\u00eda sostenible en la COP16 - Programme AL-INVEST Verde\",\"isPartOf\":{\"@id\":\"https:\\\/\\\/alinvest-verde.eu\\\/#website\"},\"datePublished\":\"2024-11-15T07:56:25+00:00\",\"dateModified\":\"2024-11-15T07:56:26+00:00\",\"breadcrumb\":{\"@id\":\"https:\\\/\\\/alinvest-verde.eu\\\/videos\\\/cali-colombia-evento-paralelo-sobre-ganaderia-sostenible-en-la-cop16\\\/#breadcrumb\"},\"inLanguage\":\"pt-PT\",\"potentialAction\":[{\"@type\":\"ReadAction\",\"target\":[\"https:\\\/\\\/alinvest-verde.eu\\\/videos\\\/cali-colombia-evento-paralelo-sobre-ganaderia-sostenible-en-la-cop16\\\/\"]}]},{\"@type\":\"BreadcrumbList\",\"@id\":\"https:\\\/\\\/alinvest-verde.eu\\\/videos\\\/cali-colombia-evento-paralelo-sobre-ganaderia-sostenible-en-la-cop16\\\/#breadcrumb\",\"itemListElement\":[{\"@type\":\"ListItem\",\"position\":1,\"name\":\"Inicio\",\"item\":\"https:\\\/\\\/alinvest-verde.eu\\\/\"},{\"@type\":\"ListItem\",\"position\":2,\"name\":\"Cali, Colombia \u2013 Evento paralelo sobre ganader\u00eda sostenible en la COP16\"}]},{\"@type\":\"WebSite\",\"@id\":\"https:\\\/\\\/alinvest-verde.eu\\\/#website\",\"url\":\"https:\\\/\\\/alinvest-verde.eu\\\/\",\"name\":\"Programme AL-INVEST Verde\",\"description\":\"Building alliances with the private sector in LA and promote sustainable growth and jobs creation by supporting the transition towards a low-carbon, resource-efficient economy\",\"publisher\":{\"@id\":\"https:\\\/\\\/alinvest-verde.eu\\\/#organization\"},\"potentialAction\":[{\"@type\":\"SearchAction\",\"target\":{\"@type\":\"EntryPoint\",\"urlTemplate\":\"https:\\\/\\\/alinvest-verde.eu\\\/?s={search_term_string}\"},\"query-input\":{\"@type\":\"PropertyValueSpecification\",\"valueRequired\":true,\"valueName\":\"search_term_string\"}}],\"inLanguage\":\"pt-PT\"},{\"@type\":\"Organization\",\"@id\":\"https:\\\/\\\/alinvest-verde.eu\\\/#organization\",\"name\":\"Programme AL-INVEST Verde\",\"url\":\"https:\\\/\\\/alinvest-verde.eu\\\/\",\"logo\":{\"@type\":\"ImageObject\",\"inLanguage\":\"pt-PT\",\"@id\":\"https:\\\/\\\/alinvest-verde.eu\\\/#\\\/schema\\\/logo\\\/image\\\/\",\"url\":\"https:\\\/\\\/alinvest-verde.eu\\\/wp-content\\\/uploads\\\/2022\\\/01\\\/cropped-logo-financiado-por-la-UE.jpg\",\"contentUrl\":\"https:\\\/\\\/alinvest-verde.eu\\\/wp-content\\\/uploads\\\/2022\\\/01\\\/cropped-logo-financiado-por-la-UE.jpg\",\"width\":756,\"height\":216,\"caption\":\"Programme AL-INVEST Verde\"},\"image\":{\"@id\":\"https:\\\/\\\/alinvest-verde.eu\\\/#\\\/schema\\\/logo\\\/image\\\/\"}}]}<\/script>\n<!-- \/ Yoast SEO plugin. -->","yoast_head_json":{"title":"Cali, Col\u00f4mbia \u2013 Evento paralelo sobre pecu\u00e1ria sustent\u00e1vel na COP16 - Programa AL-INVEST Verde","robots":{"index":"index","follow":"follow","max-snippet":"max-snippet:-1","max-image-preview":"max-image-preview:large","max-video-preview":"max-video-preview:-1"},"canonical":"https:\/\/alinvest-verde.eu\/pt_pt_ao90\/videos\/cali-colombia-evento-paralelo-sobre-ganaderia-sostenible-en-la-cop16\/","og_locale":"pt_PT","og_type":"article","og_title":"Cali, Colombia \u2013 Evento paralelo sobre ganader\u00eda sostenible en la COP16 - Programme AL-INVEST Verde","og_description":"AL-INVEST Verde y la Delegaci\u00f3n de la Uni\u00f3n Europea en Colombia organizaron en la COP16 en Cali (Colombia) el evento \u201cIniciativas multilaterales para promover la sostenibilidad de la ganader\u00eda en zonas de alta biodiversidad de Am\u00e9rica Latina\u201d.","og_url":"https:\/\/alinvest-verde.eu\/pt_pt_ao90\/videos\/cali-colombia-evento-paralelo-sobre-ganaderia-sostenible-en-la-cop16\/","og_site_name":"Programme AL-INVEST Verde","article_modified_time":"2024-11-15T07:56:26+00:00","og_image":[{"width":1920,"height":960,"url":"https:\/\/alinvest-verde.eu\/wp-content\/uploads\/2022\/05\/money-g931d55623_1920.jpg","type":"image\/jpeg"}],"twitter_card":"summary_large_image","twitter_misc":{"Est. reading time":"1 minuto"},"schema":{"@context":"https:\/\/schema.org","@graph":[{"@type":"WebPage","@id":"https:\/\/alinvest-verde.eu\/videos\/cali-colombia-evento-paralelo-sobre-ganaderia-sostenible-en-la-cop16\/","url":"https:\/\/alinvest-verde.eu\/videos\/cali-colombia-evento-paralelo-sobre-ganaderia-sostenible-en-la-cop16\/","name":"Cali, Col\u00f4mbia \u2013 Evento paralelo sobre pecu\u00e1ria sustent\u00e1vel na COP16 - Programa AL-INVEST Verde","isPartOf":{"@id":"https:\/\/alinvest-verde.eu\/#website"},"datePublished":"2024-11-15T07:56:25+00:00","dateModified":"2024-11-15T07:56:26+00:00","breadcrumb":{"@id":"https:\/\/alinvest-verde.eu\/videos\/cali-colombia-evento-paralelo-sobre-ganaderia-sostenible-en-la-cop16\/#breadcrumb"},"inLanguage":"pt-PT","potentialAction":[{"@type":"ReadAction","target":["https:\/\/alinvest-verde.eu\/videos\/cali-colombia-evento-paralelo-sobre-ganaderia-sostenible-en-la-cop16\/"]}]},{"@type":"BreadcrumbList","@id":"https:\/\/alinvest-verde.eu\/videos\/cali-colombia-evento-paralelo-sobre-ganaderia-sostenible-en-la-cop16\/#breadcrumb","itemListElement":[{"@type":"ListItem","position":1,"name":"Inicio","item":"https:\/\/alinvest-verde.eu\/"},{"@type":"ListItem","position":2,"name":"Cali, Colombia \u2013 Evento paralelo sobre ganader\u00eda sostenible en la COP16"}]},{"@type":"WebSite","@id":"https:\/\/alinvest-verde.eu\/#website","url":"https:\/\/alinvest-verde.eu\/","name":"Programa AL-INVEST Verde","description":"Construir alian\u00e7as com o sector privado na AL e promover o crescimento sustent\u00e1vel e a cria\u00e7\u00e3o de empregos, apoiando a transi\u00e7\u00e3o para uma economia de baixo carbono e eficiente em termos de recursos","publisher":{"@id":"https:\/\/alinvest-verde.eu\/#organization"},"potentialAction":[{"@type":"SearchAction","target":{"@type":"EntryPoint","urlTemplate":"https:\/\/alinvest-verde.eu\/?s={search_term_string}"},"query-input":{"@type":"PropertyValueSpecification","valueRequired":true,"valueName":"search_term_string"}}],"inLanguage":"pt-PT"},{"@type":"Organization","@id":"https:\/\/alinvest-verde.eu\/#organization","name":"Programa AL-INVEST Verde","url":"https:\/\/alinvest-verde.eu\/","logo":{"@type":"ImageObject","inLanguage":"pt-PT","@id":"https:\/\/alinvest-verde.eu\/#\/schema\/logo\/image\/","url":"https:\/\/alinvest-verde.eu\/wp-content\/uploads\/2022\/01\/cropped-logo-financiado-por-la-UE.jpg","contentUrl":"https:\/\/alinvest-verde.eu\/wp-content\/uploads\/2022\/01\/cropped-logo-financiado-por-la-UE.jpg","width":756,"height":216,"caption":"Programme AL-INVEST Verde"},"image":{"@id":"https:\/\/alinvest-verde.eu\/#\/schema\/logo\/image\/"}}]}},"_links":{"self":[{"href":"https:\/\/alinvest-verde.eu\/pt_pt_ao90\/wp-json\/wp\/v2\/videos\/16434","targetHints":{"allow":["GET"]}}],"collection":[{"href":"https:\/\/alinvest-verde.eu\/pt_pt_ao90\/wp-json\/wp\/v2\/videos"}],"about":[{"href":"https:\/\/alinvest-verde.eu\/pt_pt_ao90\/wp-json\/wp\/v2\/types\/videos"}],"wp:attachment":[{"href":"https:\/\/alinvest-verde.eu\/pt_pt_ao90\/wp-json\/wp\/v2\/media?parent=16434"}],"curies":[{"name":"wp","href":"https:\/\/api.w.org\/{rel}","templated":true}]}}